{"id":87813,"date":"2025-10-15T22:30:53","date_gmt":"2025-10-15T21:30:53","guid":{"rendered":"https:\/\/www.tremblaydefrance.fr\/?page_id=87813"},"modified":"2025-10-17T18:43:12","modified_gmt":"2025-10-17T17:43:12","slug":"elementor-87813","status":"publish","type":"page","link":"https:\/\/www.tremblaydefrance.fr\/?page_id=87813","title":{"rendered":"Voyages"},"content":{"rendered":"\t\t<div data-elementor-type=\"wp-page\" data-elementor-id=\"87813\" class=\"elementor elementor-87813\">\n\t\t\t\t<div class=\"elementor-element elementor-element-6f34c0f7 e-flex e-con-boxed e-con e-parent\" data-id=\"6f34c0f7\" data-element_type=\"container\" data-e-type=\"container\">\n\t\t\t\t\t<div class=\"e-con-inner\">\n\t\t\t\t<div class=\"elementor-element elementor-element-16ec4335 elementor-widget elementor-widget-heading\" data-id=\"16ec4335\" data-element_type=\"widget\" data-e-type=\"widget\" data-widget_type=\"heading.default\">\n\t\t\t\t<div class=\"elementor-widget-container\">\n\t\t\t\t\t<h2 class=\"elementor-heading-title elementor-size-default\">Voyages<\/h2>\t\t\t\t<\/div>\n\t\t\t\t<\/div>\n\t\t\t\t<div class=\"elementor-element elementor-element-3c4e4770 elementor-widget elementor-widget-text-editor\" data-id=\"3c4e4770\" data-element_type=\"widget\" data-e-type=\"widget\" data-widget_type=\"text-editor.default\">\n\t\t\t\t<div class=\"elementor-widget-container\">\n\t\t\t\t\t\t\t\t\t<p>L&rsquo;Association des Tremblay de France organise avec ses adh\u00e9rents des voyages th\u00e9matiques exceptionnels vers des terres d&rsquo;\u00e9migration. Ces exp\u00e9ditions sont\u00a0 de v\u00e9ritables p\u00e8lerinages sur les pas de ses descendants.<\/p><p>Ces voyages pr\u00e9sentent un double objectif : une recherche culturelle approfondie et une rencontre chaleureuse avec les descendants locaux.<\/p><h3>Le Qu\u00e9bec : le berceau de la diaspora<\/h3><p>Le Qu\u00e9bec repr\u00e9sente une destination embl\u00e9matique pour notre association et le foyer principal de la descendance Tremblay en Am\u00e9rique. C&rsquo;est en arpentant les rues de Qu\u00e9bec, en visitant les archives de Montr\u00e9al et surtout, en se rendant dans la r\u00e9gion du Saguenay\u2013Lac-Saint-Jean, que les adh\u00e9rents per\u00e7oivent l&rsquo;h\u00e9ritage laiss\u00e9 par les pionniers.<\/p><p>Ces voyages organis\u00e9s par l&rsquo;association permettent de :<\/p><ul><li><p><b>S&rsquo;immerger dans la culture qu\u00e9b\u00e9coise<\/b> : visite de sites historiques majeurs, d\u00e9couverte de mus\u00e9es sp\u00e9cialis\u00e9s&#8230;<\/p><\/li><li><p><b>Rencontrer la grande famille des Tremblay d&rsquo;Am\u00e9rique<\/b> : des rencontres sont organis\u00e9es en partenariat avec l&rsquo;Association des Tremblay d&rsquo;Am\u00e9rique. Ces moments riches en \u00e9motion et en partage, permettent d&rsquo;\u00e9changer des r\u00e9cits de famille, de comparer des parcours et qui sait, de d\u00e9couvrir des cousins \u00e9loign\u00e9s.<\/p><\/li><li><p><b>Comprendre l&rsquo;impact de l&rsquo;\u00e9migration<\/b> : ces voyages permettent de d\u00e9couvrir le contexte de vie des colons, les d\u00e9fis qu&rsquo;ils ont relev\u00e9s et la mani\u00e8re dont ils ont fa\u00e7onn\u00e9 la Nouvelle-France.<\/p><\/li><\/ul>\t\t\t\t\t\t\t\t<\/div>\n\t\t\t\t<\/div>\n\t\t<div class=\"elementor-element elementor-element-3fd2608f e-grid e-con-full e-con e-child\" data-id=\"3fd2608f\" data-element_type=\"container\" data-e-type=\"container\">\n\t\t\t\t<div class=\"elementor-element elementor-element-5c7b11ee elementor-widget elementor-widget-image\" data-id=\"5c7b11ee\" data-element_type=\"widget\" data-e-type=\"widget\" data-widget_type=\"image.default\">\n\t\t\t\t<div class=\"elementor-widget-container\">\n\t\t\t\t\t\t\t\t\t\t\t\t\t\t\t<img fetchpriority=\"high\" decoding=\"async\" width=\"1000\" height=\"667\" src=\"https:\/\/www.tremblaydefrance.fr\/wp-content\/uploads\/2025\/10\/iStock_000002681910Large.webp\" class=\"attachment-2048x2048 size-2048x2048 wp-image-87609\" alt=\"\" srcset=\"https:\/\/www.tremblaydefrance.fr\/wp-content\/uploads\/2025\/10\/iStock_000002681910Large.webp 1000w, https:\/\/www.tremblaydefrance.fr\/wp-content\/uploads\/2025\/10\/iStock_000002681910Large-300x200.webp 300w, https:\/\/www.tremblaydefrance.fr\/wp-content\/uploads\/2025\/10\/iStock_000002681910Large-768x512.webp 768w\" sizes=\"(max-width: 1000px) 100vw, 1000px\" \/>\t\t\t\t\t\t\t\t\t\t\t\t\t\t\t<\/div>\n\t\t\t\t<\/div>\n\t\t\t\t<div class=\"elementor-element elementor-element-2d129c87 elementor-widget elementor-widget-image\" data-id=\"2d129c87\" data-element_type=\"widget\" data-e-type=\"widget\" data-widget_type=\"image.default\">\n\t\t\t\t<div class=\"elementor-widget-container\">\n\t\t\t\t\t\t\t\t\t\t\t\t\t\t\t<img decoding=\"async\" width=\"1024\" height=\"768\" src=\"https:\/\/www.tremblaydefrance.fr\/wp-content\/uploads\/2025\/10\/P1060790-1024x768.jpg\" class=\"attachment-large size-large wp-image-87611\" alt=\"\" srcset=\"https:\/\/www.tremblaydefrance.fr\/wp-content\/uploads\/2025\/10\/P1060790-1024x768.jpg 1024w, https:\/\/www.tremblaydefrance.fr\/wp-content\/uploads\/2025\/10\/P1060790-300x225.jpg 300w, https:\/\/www.tremblaydefrance.fr\/wp-content\/uploads\/2025\/10\/P1060790-768x576.jpg 768w, https:\/\/www.tremblaydefrance.fr\/wp-content\/uploads\/2025\/10\/P1060790-1536x1152.jpg 1536w, https:\/\/www.tremblaydefrance.fr\/wp-content\/uploads\/2025\/10\/P1060790-2048x1536.jpg 2048w\" sizes=\"(max-width: 1024px) 100vw, 1024px\" \/>\t\t\t\t\t\t\t\t\t\t\t\t\t\t\t<\/div>\n\t\t\t\t<\/div>\n\t\t\t\t<div class=\"elementor-element elementor-element-7d9936b4 elementor-widget elementor-widget-image\" data-id=\"7d9936b4\" data-element_type=\"widget\" data-e-type=\"widget\" data-widget_type=\"image.default\">\n\t\t\t\t<div class=\"elementor-widget-container\">\n\t\t\t\t\t\t\t\t\t\t\t\t\t\t\t<img decoding=\"async\" width=\"300\" height=\"168\" src=\"https:\/\/www.tremblaydefrance.fr\/wp-content\/uploads\/2025\/10\/slt.jpg\" class=\"attachment-2048x2048 size-2048x2048 wp-image-87608\" alt=\"\" \/>\t\t\t\t\t\t\t\t\t\t\t\t\t\t\t<\/div>\n\t\t\t\t<\/div>\n\t\t\t\t<\/div>\n\t\t\t\t<div class=\"elementor-element elementor-element-328a7fd6 elementor-widget elementor-widget-text-editor\" data-id=\"328a7fd6\" data-element_type=\"widget\" data-e-type=\"widget\" data-widget_type=\"text-editor.default\">\n\t\t\t\t<div class=\"elementor-widget-container\">\n\t\t\t\t\t\t\t\t\t<h3>La Louisiane : un \u00e9cho lointain de la francophonie<\/h3><p>La Louisiane, avec son histoire complexe et sa culture cr\u00e9ole et cajun, est une autre destination choisie par l&rsquo;association. Elle repr\u00e9sente l&rsquo;une des r\u00e9gions les plus fascinantes de la francophonie\u00a0 d&rsquo;Am\u00e9rique.<\/p><p>Plusieurs adh\u00e9rents ont eu le privil\u00e8ge de participer \u00e0 un voyage inoubliable au cours duquel ils ont pu :<\/p><ul><li><p><b>D\u00e9couvrir la culture cajun<\/b> : au-del\u00e0 des grandes villes, le voyage m\u00e8ne dans les bayous et dans des localit\u00e9s comme Lafayette, o\u00f9 l&rsquo;on est envo\u00fbt\u00e9 par la musique, la cuisine et le mode de vie des descendants d&rsquo;Acadiens.<\/p><\/li><li><p><b>\u00c9changer avec les communaut\u00e9s francophones<\/b> : au-del\u00e0 des variantes linguistiques, les rencontres avec les diff\u00e9rentes communaut\u00e9s auront permis de saisir leur attachement profond \u00e0 notre langue et de constater comment l&rsquo;h\u00e9ritage fran\u00e7ais a fusionn\u00e9 avec d&rsquo;autres influences.<\/p><\/li><\/ul>\t\t\t\t\t\t\t\t<\/div>\n\t\t\t\t<\/div>\n\t\t<div class=\"elementor-element elementor-element-2c1084f4 e-grid e-con-full e-con e-child\" data-id=\"2c1084f4\" data-element_type=\"container\" data-e-type=\"container\">\n\t\t\t\t<div class=\"elementor-element elementor-element-536c568f elementor-widget elementor-widget-image\" data-id=\"536c568f\" data-element_type=\"widget\" data-e-type=\"widget\" data-widget_type=\"image.default\">\n\t\t\t\t<div class=\"elementor-widget-container\">\n\t\t\t\t\t\t\t\t\t\t\t\t\t\t\t<img loading=\"lazy\" decoding=\"async\" width=\"1024\" height=\"768\" src=\"https:\/\/www.tremblaydefrance.fr\/wp-content\/uploads\/2025\/10\/P4100105-1024x768.jpg\" class=\"attachment-large size-large wp-image-87576\" alt=\"\" srcset=\"https:\/\/www.tremblaydefrance.fr\/wp-content\/uploads\/2025\/10\/P4100105-1024x768.jpg 1024w, https:\/\/www.tremblaydefrance.fr\/wp-content\/uploads\/2025\/10\/P4100105-300x225.jpg 300w, https:\/\/www.tremblaydefrance.fr\/wp-content\/uploads\/2025\/10\/P4100105-768x576.jpg 768w, https:\/\/www.tremblaydefrance.fr\/wp-content\/uploads\/2025\/10\/P4100105-1536x1152.jpg 1536w, https:\/\/www.tremblaydefrance.fr\/wp-content\/uploads\/2025\/10\/P4100105-2048x1536.jpg 2048w\" sizes=\"(max-width: 1024px) 100vw, 1024px\" \/>\t\t\t\t\t\t\t\t\t\t\t\t\t\t\t<\/div>\n\t\t\t\t<\/div>\n\t\t\t\t<div class=\"elementor-element elementor-element-4f39710a elementor-widget elementor-widget-image\" data-id=\"4f39710a\" data-element_type=\"widget\" data-e-type=\"widget\" data-widget_type=\"image.default\">\n\t\t\t\t<div class=\"elementor-widget-container\">\n\t\t\t\t\t\t\t\t\t\t\t\t\t\t\t<img loading=\"lazy\" decoding=\"async\" width=\"1024\" height=\"768\" src=\"https:\/\/www.tremblaydefrance.fr\/wp-content\/uploads\/2025\/10\/P410011-1024x768.jpg\" class=\"attachment-large size-large wp-image-87575\" alt=\"\" srcset=\"https:\/\/www.tremblaydefrance.fr\/wp-content\/uploads\/2025\/10\/P410011-1024x768.jpg 1024w, https:\/\/www.tremblaydefrance.fr\/wp-content\/uploads\/2025\/10\/P410011-300x225.jpg 300w, https:\/\/www.tremblaydefrance.fr\/wp-content\/uploads\/2025\/10\/P410011-768x576.jpg 768w, https:\/\/www.tremblaydefrance.fr\/wp-content\/uploads\/2025\/10\/P410011-1536x1152.jpg 1536w, https:\/\/www.tremblaydefrance.fr\/wp-content\/uploads\/2025\/10\/P410011.jpg 2048w\" sizes=\"(max-width: 1024px) 100vw, 1024px\" \/>\t\t\t\t\t\t\t\t\t\t\t\t\t\t\t<\/div>\n\t\t\t\t<\/div>\n\t\t\t\t<div class=\"elementor-element elementor-element-77559209 elementor-widget elementor-widget-image\" data-id=\"77559209\" data-element_type=\"widget\" data-e-type=\"widget\" data-widget_type=\"image.default\">\n\t\t\t\t<div class=\"elementor-widget-container\">\n\t\t\t\t\t\t\t\t\t\t\t\t\t\t\t<img loading=\"lazy\" decoding=\"async\" width=\"1024\" height=\"768\" src=\"https:\/\/www.tremblaydefrance.fr\/wp-content\/uploads\/2025\/10\/P4100085-1024x768.jpg\" class=\"attachment-large size-large wp-image-87577\" alt=\"\" srcset=\"https:\/\/www.tremblaydefrance.fr\/wp-content\/uploads\/2025\/10\/P4100085-1024x768.jpg 1024w, https:\/\/www.tremblaydefrance.fr\/wp-content\/uploads\/2025\/10\/P4100085-300x225.jpg 300w, https:\/\/www.tremblaydefrance.fr\/wp-content\/uploads\/2025\/10\/P4100085-768x576.jpg 768w, https:\/\/www.tremblaydefrance.fr\/wp-content\/uploads\/2025\/10\/P4100085-1536x1152.jpg 1536w, https:\/\/www.tremblaydefrance.fr\/wp-content\/uploads\/2025\/10\/P4100085-2048x1536.jpg 2048w\" sizes=\"(max-width: 1024px) 100vw, 1024px\" \/>\t\t\t\t\t\t\t\t\t\t\t\t\t\t\t<\/div>\n\t\t\t\t<\/div>\n\t\t\t\t<\/div>\n\t\t\t\t\t<\/div>\n\t\t\t\t<\/div>\n\t\t\t\t<\/div>\n\t\t","protected":false},"excerpt":{"rendered":"<p>Voyages L&rsquo;Association des Tremblay de France organise avec ses adh\u00e9rents des voyages th\u00e9matiques exceptionnels vers des terres d&rsquo;\u00e9migration. Ces exp\u00e9ditions sont\u00a0 de v\u00e9ritables p\u00e8lerinages sur les pas de ses descendants. Ces voyages pr\u00e9sentent un double objectif : une recherche culturelle&#8230;<\/p>\n","protected":false},"author":2,"featured_media":0,"parent":87725,"menu_order":0,"comment_status":"closed","ping_status":"closed","template":"elementor_header_footer","meta":{"footnotes":""},"class_list":["post-87813","page","type-page","status-publish","hentry"],"yoast_head":"<!-- This site is optimized with the Yoast SEO plugin v26.4 - https:\/\/yoast.com\/wordpress\/plugins\/seo\/ -->\n<title>Voyages - Tremblay de France<\/title>\n<meta name=\"description\" content=\"Voyages\" \/>\n<meta name=\"robots\" content=\"index, follow, max-snippet:-1, max-image-preview:large, max-video-preview:-1\" \/>\n<link rel=\"canonical\" href=\"https:\/\/www.tremblaydefrance.fr\/?page_id=87813\" \/>\n<meta property=\"og:locale\" content=\"fr_FR\" \/>\n<meta property=\"og:type\" content=\"article\" \/>\n<meta property=\"og:title\" content=\"Voyages - Tremblay de France\" \/>\n<meta property=\"og:description\" content=\"Voyages\" \/>\n<meta property=\"og:url\" content=\"https:\/\/www.tremblaydefrance.fr\/?page_id=87813\" \/>\n<meta property=\"article:publisher\" content=\"https:\/\/www.facebook.com\/profile.php?id=100091318592407\" \/>\n<meta property=\"article:modified_time\" content=\"2025-10-17T17:43:12+00:00\" \/>\n<meta property=\"og:image\" content=\"https:\/\/www.tremblaydefrance.fr\/wp-content\/uploads\/2025\/10\/iStock_000002681910Large.webp\" \/>\n\t<meta property=\"og:image:width\" content=\"1000\" \/>\n\t<meta property=\"og:image:height\" content=\"667\" \/>\n\t<meta property=\"og:image:type\" content=\"image\/webp\" \/>\n<meta name=\"twitter:card\" content=\"summary_large_image\" \/>\n<meta name=\"twitter:label1\" content=\"Dur\u00e9e de lecture estim\u00e9e\" \/>\n\t<meta name=\"twitter:data1\" content=\"2 minutes\" \/>\n<script type=\"application\/ld+json\" class=\"yoast-schema-graph\">{\"@context\":\"https:\/\/schema.org\",\"@graph\":[{\"@type\":\"WebPage\",\"@id\":\"https:\/\/www.tremblaydefrance.fr\/?page_id=87813\",\"url\":\"https:\/\/www.tremblaydefrance.fr\/?page_id=87813\",\"name\":\"Voyages - Tremblay de France\",\"isPartOf\":{\"@id\":\"https:\/\/www.tremblaydefrance.fr\/#website\"},\"primaryImageOfPage\":{\"@id\":\"https:\/\/www.tremblaydefrance.fr\/?page_id=87813#primaryimage\"},\"image\":{\"@id\":\"https:\/\/www.tremblaydefrance.fr\/?page_id=87813#primaryimage\"},\"thumbnailUrl\":\"https:\/\/www.tremblaydefrance.fr\/wp-content\/uploads\/2025\/10\/iStock_000002681910Large.webp\",\"datePublished\":\"2025-10-15T21:30:53+00:00\",\"dateModified\":\"2025-10-17T17:43:12+00:00\",\"description\":\"Voyages\",\"breadcrumb\":{\"@id\":\"https:\/\/www.tremblaydefrance.fr\/?page_id=87813#breadcrumb\"},\"inLanguage\":\"fr-FR\",\"potentialAction\":[{\"@type\":\"ReadAction\",\"target\":[\"https:\/\/www.tremblaydefrance.fr\/?page_id=87813\"]}]},{\"@type\":\"ImageObject\",\"inLanguage\":\"fr-FR\",\"@id\":\"https:\/\/www.tremblaydefrance.fr\/?page_id=87813#primaryimage\",\"url\":\"https:\/\/www.tremblaydefrance.fr\/wp-content\/uploads\/2025\/10\/iStock_000002681910Large.webp\",\"contentUrl\":\"https:\/\/www.tremblaydefrance.fr\/wp-content\/uploads\/2025\/10\/iStock_000002681910Large.webp\",\"width\":1000,\"height\":667},{\"@type\":\"BreadcrumbList\",\"@id\":\"https:\/\/www.tremblaydefrance.fr\/?page_id=87813#breadcrumb\",\"itemListElement\":[{\"@type\":\"ListItem\",\"position\":1,\"name\":\"Accueil\",\"item\":\"https:\/\/www.tremblaydefrance.fr\/\"},{\"@type\":\"ListItem\",\"position\":2,\"name\":\"Notre association\",\"item\":\"https:\/\/www.tremblaydefrance.fr\/?page_id=87725\"},{\"@type\":\"ListItem\",\"position\":3,\"name\":\"Voyages\"}]},{\"@type\":\"WebSite\",\"@id\":\"https:\/\/www.tremblaydefrance.fr\/#website\",\"url\":\"https:\/\/www.tremblaydefrance.fr\/\",\"name\":\"Association des Tremblay de France\",\"description\":\"ASSOCIATION DES TREMBLAY DE FRANCE\",\"publisher\":{\"@id\":\"https:\/\/www.tremblaydefrance.fr\/#organization\"},\"alternateName\":\"ATF\",\"potentialAction\":[{\"@type\":\"SearchAction\",\"target\":{\"@type\":\"EntryPoint\",\"urlTemplate\":\"https:\/\/www.tremblaydefrance.fr\/?s={search_term_string}\"},\"query-input\":{\"@type\":\"PropertyValueSpecification\",\"valueRequired\":true,\"valueName\":\"search_term_string\"}}],\"inLanguage\":\"fr-FR\"},{\"@type\":\"Organization\",\"@id\":\"https:\/\/www.tremblaydefrance.fr\/#organization\",\"name\":\"Association des Tremblay de France\",\"alternateName\":\"ATF\",\"url\":\"https:\/\/www.tremblaydefrance.fr\/\",\"logo\":{\"@type\":\"ImageObject\",\"inLanguage\":\"fr-FR\",\"@id\":\"https:\/\/www.tremblaydefrance.fr\/#\/schema\/logo\/image\/\",\"url\":\"https:\/\/www.tremblaydefrance.fr\/wp-content\/uploads\/2025\/10\/cropped-v266-20060023-A_arms_TEVSB.jpg\",\"contentUrl\":\"https:\/\/www.tremblaydefrance.fr\/wp-content\/uploads\/2025\/10\/cropped-v266-20060023-A_arms_TEVSB.jpg\",\"width\":484,\"height\":495,\"caption\":\"Association des Tremblay de France\"},\"image\":{\"@id\":\"https:\/\/www.tremblaydefrance.fr\/#\/schema\/logo\/image\/\"},\"sameAs\":[\"https:\/\/www.facebook.com\/profile.php?id=100091318592407\",\"https:\/\/www.instagram.com\/les_tremblay_de_france_atf\/\"]}]}<\/script>\n<!-- \/ Yoast SEO plugin. -->","yoast_head_json":{"title":"Voyages - Tremblay de France","description":"Voyages","robots":{"index":"index","follow":"follow","max-snippet":"max-snippet:-1","max-image-preview":"max-image-preview:large","max-video-preview":"max-video-preview:-1"},"canonical":"https:\/\/www.tremblaydefrance.fr\/?page_id=87813","og_locale":"fr_FR","og_type":"article","og_title":"Voyages - Tremblay de France","og_description":"Voyages","og_url":"https:\/\/www.tremblaydefrance.fr\/?page_id=87813","article_publisher":"https:\/\/www.facebook.com\/profile.php?id=100091318592407","article_modified_time":"2025-10-17T17:43:12+00:00","og_image":[{"width":1000,"height":667,"url":"https:\/\/www.tremblaydefrance.fr\/wp-content\/uploads\/2025\/10\/iStock_000002681910Large.webp","type":"image\/webp"}],"twitter_card":"summary_large_image","twitter_misc":{"Dur\u00e9e de lecture estim\u00e9e":"2 minutes"},"schema":{"@context":"https:\/\/schema.org","@graph":[{"@type":"WebPage","@id":"https:\/\/www.tremblaydefrance.fr\/?page_id=87813","url":"https:\/\/www.tremblaydefrance.fr\/?page_id=87813","name":"Voyages - Tremblay de France","isPartOf":{"@id":"https:\/\/www.tremblaydefrance.fr\/#website"},"primaryImageOfPage":{"@id":"https:\/\/www.tremblaydefrance.fr\/?page_id=87813#primaryimage"},"image":{"@id":"https:\/\/www.tremblaydefrance.fr\/?page_id=87813#primaryimage"},"thumbnailUrl":"https:\/\/www.tremblaydefrance.fr\/wp-content\/uploads\/2025\/10\/iStock_000002681910Large.webp","datePublished":"2025-10-15T21:30:53+00:00","dateModified":"2025-10-17T17:43:12+00:00","description":"Voyages","breadcrumb":{"@id":"https:\/\/www.tremblaydefrance.fr\/?page_id=87813#breadcrumb"},"inLanguage":"fr-FR","potentialAction":[{"@type":"ReadAction","target":["https:\/\/www.tremblaydefrance.fr\/?page_id=87813"]}]},{"@type":"ImageObject","inLanguage":"fr-FR","@id":"https:\/\/www.tremblaydefrance.fr\/?page_id=87813#primaryimage","url":"https:\/\/www.tremblaydefrance.fr\/wp-content\/uploads\/2025\/10\/iStock_000002681910Large.webp","contentUrl":"https:\/\/www.tremblaydefrance.fr\/wp-content\/uploads\/2025\/10\/iStock_000002681910Large.webp","width":1000,"height":667},{"@type":"BreadcrumbList","@id":"https:\/\/www.tremblaydefrance.fr\/?page_id=87813#breadcrumb","itemListElement":[{"@type":"ListItem","position":1,"name":"Accueil","item":"https:\/\/www.tremblaydefrance.fr\/"},{"@type":"ListItem","position":2,"name":"Notre association","item":"https:\/\/www.tremblaydefrance.fr\/?page_id=87725"},{"@type":"ListItem","position":3,"name":"Voyages"}]},{"@type":"WebSite","@id":"https:\/\/www.tremblaydefrance.fr\/#website","url":"https:\/\/www.tremblaydefrance.fr\/","name":"Association des Tremblay de France","description":"ASSOCIATION DES TREMBLAY DE FRANCE","publisher":{"@id":"https:\/\/www.tremblaydefrance.fr\/#organization"},"alternateName":"ATF","potentialAction":[{"@type":"SearchAction","target":{"@type":"EntryPoint","urlTemplate":"https:\/\/www.tremblaydefrance.fr\/?s={search_term_string}"},"query-input":{"@type":"PropertyValueSpecification","valueRequired":true,"valueName":"search_term_string"}}],"inLanguage":"fr-FR"},{"@type":"Organization","@id":"https:\/\/www.tremblaydefrance.fr\/#organization","name":"Association des Tremblay de France","alternateName":"ATF","url":"https:\/\/www.tremblaydefrance.fr\/","logo":{"@type":"ImageObject","inLanguage":"fr-FR","@id":"https:\/\/www.tremblaydefrance.fr\/#\/schema\/logo\/image\/","url":"https:\/\/www.tremblaydefrance.fr\/wp-content\/uploads\/2025\/10\/cropped-v266-20060023-A_arms_TEVSB.jpg","contentUrl":"https:\/\/www.tremblaydefrance.fr\/wp-content\/uploads\/2025\/10\/cropped-v266-20060023-A_arms_TEVSB.jpg","width":484,"height":495,"caption":"Association des Tremblay de France"},"image":{"@id":"https:\/\/www.tremblaydefrance.fr\/#\/schema\/logo\/image\/"},"sameAs":["https:\/\/www.facebook.com\/profile.php?id=100091318592407","https:\/\/www.instagram.com\/les_tremblay_de_france_atf\/"]}]}},"_links":{"self":[{"href":"https:\/\/www.tremblaydefrance.fr\/index.php?rest_route=\/wp\/v2\/pages\/87813","targetHints":{"allow":["GET"]}}],"collection":[{"href":"https:\/\/www.tremblaydefrance.fr\/index.php?rest_route=\/wp\/v2\/pages"}],"about":[{"href":"https:\/\/www.tremblaydefrance.fr\/index.php?rest_route=\/wp\/v2\/types\/page"}],"author":[{"embeddable":true,"href":"https:\/\/www.tremblaydefrance.fr\/index.php?rest_route=\/wp\/v2\/users\/2"}],"replies":[{"embeddable":true,"href":"https:\/\/www.tremblaydefrance.fr\/index.php?rest_route=%2Fwp%2Fv2%2Fcomments&post=87813"}],"version-history":[{"count":18,"href":"https:\/\/www.tremblaydefrance.fr\/index.php?rest_route=\/wp\/v2\/pages\/87813\/revisions"}],"predecessor-version":[{"id":87926,"href":"https:\/\/www.tremblaydefrance.fr\/index.php?rest_route=\/wp\/v2\/pages\/87813\/revisions\/87926"}],"up":[{"embeddable":true,"href":"https:\/\/www.tremblaydefrance.fr\/index.php?rest_route=\/wp\/v2\/pages\/87725"}],"wp:attachment":[{"href":"https:\/\/www.tremblaydefrance.fr\/index.php?rest_route=%2Fwp%2Fv2%2Fmedia&parent=87813"}],"curies":[{"name":"wp","href":"https:\/\/api.w.org\/{rel}","templated":true}]}}