{"id":87735,"date":"2025-10-15T20:57:56","date_gmt":"2025-10-15T19:57:56","guid":{"rendered":"https:\/\/www.tremblaydefrance.fr\/?page_id=87735"},"modified":"2025-10-15T22:04:33","modified_gmt":"2025-10-15T21:04:33","slug":"origine-du-nom","status":"publish","type":"page","link":"https:\/\/www.tremblaydefrance.fr\/?page_id=87735","title":{"rendered":"Patronyme et Histoire"},"content":{"rendered":"\t\t<div data-elementor-type=\"wp-page\" data-elementor-id=\"87735\" class=\"elementor elementor-87735\">\n\t\t\t\t<div class=\"elementor-element elementor-element-48d80d1 e-flex e-con-boxed e-con e-parent\" data-id=\"48d80d1\" data-element_type=\"container\" data-e-type=\"container\">\n\t\t\t\t\t<div class=\"e-con-inner\">\n\t\t\t\t<div class=\"elementor-element elementor-element-dcc1bc8 elementor-widget elementor-widget-heading\" data-id=\"dcc1bc8\" data-element_type=\"widget\" data-e-type=\"widget\" data-widget_type=\"heading.default\">\n\t\t\t\t<div class=\"elementor-widget-container\">\n\t\t\t\t\t<h2 class=\"elementor-heading-title elementor-size-default\">Origine du nom<\/h2>\t\t\t\t<\/div>\n\t\t\t\t<\/div>\n\t\t\t\t<div class=\"elementor-element elementor-element-68de9c6 elementor-widget elementor-widget-text-editor\" data-id=\"68de9c6\" data-element_type=\"widget\" data-e-type=\"widget\" data-widget_type=\"text-editor.default\">\n\t\t\t\t<div class=\"elementor-widget-container\">\n\t\t\t\t\t\t\t\t\t<p>Le nom Tremblay est un nom de famille d&rsquo;origine fran\u00e7aise de type toponymique, c&rsquo;est-\u00e0-dire qu&rsquo;il d\u00e9rive d&rsquo;un nom de lieu. Il provient de l&rsquo;ancien fran\u00e7ais <i>tremblay<\/i> (ou <i>tremblaie<\/i> dans la forme f\u00e9minine moderne) qui signifie \u00ab endroit o\u00f9 poussent des peupliers trembles \u00bb (<i>Populus tremula<\/i>). Il d\u00e9signait la personne originaire d&rsquo;un lieu-dit ou d&rsquo;un hameau nomm\u00e9 Le Tremblay, tr\u00e8s fr\u00e9quent dans la partie septentrionale de la France, notamment dans les r\u00e9gions de l&rsquo;Ouest et du Centre (comme le Perche, la Bretagne, l&rsquo;Anjou, etc.).<\/p>\t\t\t\t\t\t\t\t<\/div>\n\t\t\t\t<\/div>\n\t\t\t\t\t<\/div>\n\t\t\t\t<\/div>\n\t\t<div class=\"elementor-element elementor-element-9480552 e-grid e-con-full e-con e-parent\" data-id=\"9480552\" data-element_type=\"container\" data-e-type=\"container\">\n\t\t\t\t<div class=\"elementor-element elementor-element-01f30a0 elementor-widget elementor-widget-image\" data-id=\"01f30a0\" data-element_type=\"widget\" data-e-type=\"widget\" data-widget_type=\"image.default\">\n\t\t\t\t<div class=\"elementor-widget-container\">\n\t\t\t\t\t\t\t\t\t\t\t\t\t\t\t<img fetchpriority=\"high\" decoding=\"async\" width=\"1024\" height=\"768\" src=\"https:\/\/www.tremblaydefrance.fr\/wp-content\/uploads\/2025\/10\/WhatsApp_Image_2025_08_13_at_13_15_40__2_1755173309527-1024x768.jpeg\" class=\"attachment-large size-large wp-image-87745\" alt=\"\" srcset=\"https:\/\/www.tremblaydefrance.fr\/wp-content\/uploads\/2025\/10\/WhatsApp_Image_2025_08_13_at_13_15_40__2_1755173309527-1024x768.jpeg 1024w, https:\/\/www.tremblaydefrance.fr\/wp-content\/uploads\/2025\/10\/WhatsApp_Image_2025_08_13_at_13_15_40__2_1755173309527-300x225.jpeg 300w, https:\/\/www.tremblaydefrance.fr\/wp-content\/uploads\/2025\/10\/WhatsApp_Image_2025_08_13_at_13_15_40__2_1755173309527-768x576.jpeg 768w, https:\/\/www.tremblaydefrance.fr\/wp-content\/uploads\/2025\/10\/WhatsApp_Image_2025_08_13_at_13_15_40__2_1755173309527-1536x1152.jpeg 1536w, https:\/\/www.tremblaydefrance.fr\/wp-content\/uploads\/2025\/10\/WhatsApp_Image_2025_08_13_at_13_15_40__2_1755173309527.jpeg 2048w\" sizes=\"(max-width: 1024px) 100vw, 1024px\" \/>\t\t\t\t\t\t\t\t\t\t\t\t\t\t\t<\/div>\n\t\t\t\t<\/div>\n\t\t\t\t<div class=\"elementor-element elementor-element-a7d397d elementor-widget elementor-widget-image\" data-id=\"a7d397d\" data-element_type=\"widget\" data-e-type=\"widget\" data-widget_type=\"image.default\">\n\t\t\t\t<div class=\"elementor-widget-container\">\n\t\t\t\t\t\t\t\t\t\t\t\t\t\t\t<img decoding=\"async\" width=\"1536\" height=\"1028\" src=\"https:\/\/www.tremblaydefrance.fr\/wp-content\/uploads\/2025\/10\/populus-tremula-1536x1028.jpg\" class=\"attachment-1536x1536 size-1536x1536 wp-image-87747\" alt=\"\" srcset=\"https:\/\/www.tremblaydefrance.fr\/wp-content\/uploads\/2025\/10\/populus-tremula-1536x1028.jpg 1536w, https:\/\/www.tremblaydefrance.fr\/wp-content\/uploads\/2025\/10\/populus-tremula-300x201.jpg 300w, https:\/\/www.tremblaydefrance.fr\/wp-content\/uploads\/2025\/10\/populus-tremula-1024x686.jpg 1024w, https:\/\/www.tremblaydefrance.fr\/wp-content\/uploads\/2025\/10\/populus-tremula-768x514.jpg 768w, https:\/\/www.tremblaydefrance.fr\/wp-content\/uploads\/2025\/10\/populus-tremula.jpg 1613w\" sizes=\"(max-width: 1536px) 100vw, 1536px\" \/>\t\t\t\t\t\t\t\t\t\t\t\t\t\t\t<\/div>\n\t\t\t\t<\/div>\n\t\t\t\t<\/div>\n\t\t<div class=\"elementor-element elementor-element-d35f22f e-flex e-con-boxed e-con e-parent\" data-id=\"d35f22f\" data-element_type=\"container\" data-e-type=\"container\">\n\t\t\t\t\t<div class=\"e-con-inner\">\n\t\t\t\t<div class=\"elementor-element elementor-element-cf2bdc0 elementor-widget elementor-widget-text-editor\" data-id=\"cf2bdc0\" data-element_type=\"widget\" data-e-type=\"widget\" data-widget_type=\"text-editor.default\">\n\t\t\t\t<div class=\"elementor-widget-container\">\n\t\t\t\t\t\t\t\t\t<p>Il est impossible de comptabiliser pr\u00e9cis\u00e9ment tous les villages, lieux-dits et hameaux existants en France, comportant le nom Tremblay. Ils se mesurent par centaines sur l&rsquo;ensemble du territoire fran\u00e7ais.<\/p>\t\t\t\t\t\t\t\t<\/div>\n\t\t\t\t<\/div>\n\t\t\t\t\t<\/div>\n\t\t\t\t<\/div>\n\t\t<div class=\"elementor-element elementor-element-86afa8f e-con-full e-flex e-con e-parent\" data-id=\"86afa8f\" data-element_type=\"container\" data-e-type=\"container\">\n\t\t\t\t<div class=\"elementor-element elementor-element-fbbb588 elementor-widget elementor-widget-image\" data-id=\"fbbb588\" data-element_type=\"widget\" data-e-type=\"widget\" data-widget_type=\"image.default\">\n\t\t\t\t<div class=\"elementor-widget-container\">\n\t\t\t\t\t\t\t\t\t\t\t\t\t\t\t<img decoding=\"async\" width=\"597\" height=\"485\" src=\"https:\/\/www.tremblaydefrance.fr\/wp-content\/uploads\/2025\/10\/Capture-decran-2025-10-15-220330.png\" class=\"attachment-large size-large wp-image-87754\" alt=\"\" srcset=\"https:\/\/www.tremblaydefrance.fr\/wp-content\/uploads\/2025\/10\/Capture-decran-2025-10-15-220330.png 597w, https:\/\/www.tremblaydefrance.fr\/wp-content\/uploads\/2025\/10\/Capture-decran-2025-10-15-220330-300x244.png 300w\" sizes=\"(max-width: 597px) 100vw, 597px\" \/>\t\t\t\t\t\t\t\t\t\t\t\t\t\t\t<\/div>\n\t\t\t\t<\/div>\n\t\t\t\t<\/div>\n\t\t\t\t<\/div>\n\t\t","protected":false},"excerpt":{"rendered":"<p>Origine du nom Le nom Tremblay est un nom de famille d&rsquo;origine fran\u00e7aise de type toponymique, c&rsquo;est-\u00e0-dire qu&rsquo;il d\u00e9rive d&rsquo;un nom de lieu. Il provient de l&rsquo;ancien fran\u00e7ais tremblay (ou tremblaie dans la forme f\u00e9minine moderne) qui signifie \u00ab endroit&#8230;<\/p>\n","protected":false},"author":2,"featured_media":0,"parent":0,"menu_order":0,"comment_status":"closed","ping_status":"closed","template":"elementor_header_footer","meta":{"footnotes":""},"class_list":["post-87735","page","type-page","status-publish","hentry"],"yoast_head":"<!-- This site is optimized with the Yoast SEO plugin v26.4 - https:\/\/yoast.com\/wordpress\/plugins\/seo\/ -->\n<title>Patronyme et Histoire - Tremblay de France<\/title>\n<meta name=\"description\" content=\"Patronyme et Histoire\" \/>\n<meta name=\"robots\" content=\"index, follow, max-snippet:-1, max-image-preview:large, max-video-preview:-1\" \/>\n<link rel=\"canonical\" href=\"https:\/\/www.tremblaydefrance.fr\/?page_id=87735\" \/>\n<meta property=\"og:locale\" content=\"fr_FR\" \/>\n<meta property=\"og:type\" content=\"article\" \/>\n<meta property=\"og:title\" content=\"Patronyme et Histoire - Tremblay de France\" \/>\n<meta property=\"og:description\" content=\"Patronyme et Histoire\" \/>\n<meta property=\"og:url\" content=\"https:\/\/www.tremblaydefrance.fr\/?page_id=87735\" \/>\n<meta property=\"article:publisher\" content=\"https:\/\/www.facebook.com\/profile.php?id=100091318592407\" \/>\n<meta property=\"article:modified_time\" content=\"2025-10-15T21:04:33+00:00\" \/>\n<meta property=\"og:image\" content=\"https:\/\/www.tremblaydefrance.fr\/wp-content\/uploads\/2025\/10\/WhatsApp_Image_2025_08_13_at_13_15_40__2_1755173309527.jpeg\" \/>\n\t<meta property=\"og:image:width\" content=\"2048\" \/>\n\t<meta property=\"og:image:height\" content=\"1536\" \/>\n\t<meta property=\"og:image:type\" content=\"image\/jpeg\" \/>\n<meta name=\"twitter:card\" content=\"summary_large_image\" \/>\n<meta name=\"twitter:label1\" content=\"Dur\u00e9e de lecture estim\u00e9e\" \/>\n\t<meta name=\"twitter:data1\" content=\"1 minute\" \/>\n<script type=\"application\/ld+json\" class=\"yoast-schema-graph\">{\"@context\":\"https:\/\/schema.org\",\"@graph\":[{\"@type\":\"WebPage\",\"@id\":\"https:\/\/www.tremblaydefrance.fr\/?page_id=87735\",\"url\":\"https:\/\/www.tremblaydefrance.fr\/?page_id=87735\",\"name\":\"Patronyme et Histoire - Tremblay de France\",\"isPartOf\":{\"@id\":\"https:\/\/www.tremblaydefrance.fr\/#website\"},\"primaryImageOfPage\":{\"@id\":\"https:\/\/www.tremblaydefrance.fr\/?page_id=87735#primaryimage\"},\"image\":{\"@id\":\"https:\/\/www.tremblaydefrance.fr\/?page_id=87735#primaryimage\"},\"thumbnailUrl\":\"https:\/\/www.tremblaydefrance.fr\/wp-content\/uploads\/2025\/10\/WhatsApp_Image_2025_08_13_at_13_15_40__2_1755173309527-1024x768.jpeg\",\"datePublished\":\"2025-10-15T19:57:56+00:00\",\"dateModified\":\"2025-10-15T21:04:33+00:00\",\"description\":\"Patronyme et Histoire\",\"breadcrumb\":{\"@id\":\"https:\/\/www.tremblaydefrance.fr\/?page_id=87735#breadcrumb\"},\"inLanguage\":\"fr-FR\",\"potentialAction\":[{\"@type\":\"ReadAction\",\"target\":[\"https:\/\/www.tremblaydefrance.fr\/?page_id=87735\"]}]},{\"@type\":\"ImageObject\",\"inLanguage\":\"fr-FR\",\"@id\":\"https:\/\/www.tremblaydefrance.fr\/?page_id=87735#primaryimage\",\"url\":\"https:\/\/www.tremblaydefrance.fr\/wp-content\/uploads\/2025\/10\/WhatsApp_Image_2025_08_13_at_13_15_40__2_1755173309527.jpeg\",\"contentUrl\":\"https:\/\/www.tremblaydefrance.fr\/wp-content\/uploads\/2025\/10\/WhatsApp_Image_2025_08_13_at_13_15_40__2_1755173309527.jpeg\",\"width\":2048,\"height\":1536},{\"@type\":\"BreadcrumbList\",\"@id\":\"https:\/\/www.tremblaydefrance.fr\/?page_id=87735#breadcrumb\",\"itemListElement\":[{\"@type\":\"ListItem\",\"position\":1,\"name\":\"Accueil\",\"item\":\"https:\/\/www.tremblaydefrance.fr\/\"},{\"@type\":\"ListItem\",\"position\":2,\"name\":\"Patronyme et Histoire\"}]},{\"@type\":\"WebSite\",\"@id\":\"https:\/\/www.tremblaydefrance.fr\/#website\",\"url\":\"https:\/\/www.tremblaydefrance.fr\/\",\"name\":\"Association des Tremblay de France\",\"description\":\"ASSOCIATION DES TREMBLAY DE FRANCE\",\"publisher\":{\"@id\":\"https:\/\/www.tremblaydefrance.fr\/#organization\"},\"alternateName\":\"ATF\",\"potentialAction\":[{\"@type\":\"SearchAction\",\"target\":{\"@type\":\"EntryPoint\",\"urlTemplate\":\"https:\/\/www.tremblaydefrance.fr\/?s={search_term_string}\"},\"query-input\":{\"@type\":\"PropertyValueSpecification\",\"valueRequired\":true,\"valueName\":\"search_term_string\"}}],\"inLanguage\":\"fr-FR\"},{\"@type\":\"Organization\",\"@id\":\"https:\/\/www.tremblaydefrance.fr\/#organization\",\"name\":\"Association des Tremblay de France\",\"alternateName\":\"ATF\",\"url\":\"https:\/\/www.tremblaydefrance.fr\/\",\"logo\":{\"@type\":\"ImageObject\",\"inLanguage\":\"fr-FR\",\"@id\":\"https:\/\/www.tremblaydefrance.fr\/#\/schema\/logo\/image\/\",\"url\":\"https:\/\/www.tremblaydefrance.fr\/wp-content\/uploads\/2025\/10\/cropped-v266-20060023-A_arms_TEVSB.jpg\",\"contentUrl\":\"https:\/\/www.tremblaydefrance.fr\/wp-content\/uploads\/2025\/10\/cropped-v266-20060023-A_arms_TEVSB.jpg\",\"width\":484,\"height\":495,\"caption\":\"Association des Tremblay de France\"},\"image\":{\"@id\":\"https:\/\/www.tremblaydefrance.fr\/#\/schema\/logo\/image\/\"},\"sameAs\":[\"https:\/\/www.facebook.com\/profile.php?id=100091318592407\",\"https:\/\/www.instagram.com\/les_tremblay_de_france_atf\/\"]}]}<\/script>\n<!-- \/ Yoast SEO plugin. -->","yoast_head_json":{"title":"Patronyme et Histoire - Tremblay de France","description":"Patronyme et Histoire","robots":{"index":"index","follow":"follow","max-snippet":"max-snippet:-1","max-image-preview":"max-image-preview:large","max-video-preview":"max-video-preview:-1"},"canonical":"https:\/\/www.tremblaydefrance.fr\/?page_id=87735","og_locale":"fr_FR","og_type":"article","og_title":"Patronyme et Histoire - Tremblay de France","og_description":"Patronyme et Histoire","og_url":"https:\/\/www.tremblaydefrance.fr\/?page_id=87735","article_publisher":"https:\/\/www.facebook.com\/profile.php?id=100091318592407","article_modified_time":"2025-10-15T21:04:33+00:00","og_image":[{"width":2048,"height":1536,"url":"https:\/\/www.tremblaydefrance.fr\/wp-content\/uploads\/2025\/10\/WhatsApp_Image_2025_08_13_at_13_15_40__2_1755173309527.jpeg","type":"image\/jpeg"}],"twitter_card":"summary_large_image","twitter_misc":{"Dur\u00e9e de lecture estim\u00e9e":"1 minute"},"schema":{"@context":"https:\/\/schema.org","@graph":[{"@type":"WebPage","@id":"https:\/\/www.tremblaydefrance.fr\/?page_id=87735","url":"https:\/\/www.tremblaydefrance.fr\/?page_id=87735","name":"Patronyme et Histoire - Tremblay de France","isPartOf":{"@id":"https:\/\/www.tremblaydefrance.fr\/#website"},"primaryImageOfPage":{"@id":"https:\/\/www.tremblaydefrance.fr\/?page_id=87735#primaryimage"},"image":{"@id":"https:\/\/www.tremblaydefrance.fr\/?page_id=87735#primaryimage"},"thumbnailUrl":"https:\/\/www.tremblaydefrance.fr\/wp-content\/uploads\/2025\/10\/WhatsApp_Image_2025_08_13_at_13_15_40__2_1755173309527-1024x768.jpeg","datePublished":"2025-10-15T19:57:56+00:00","dateModified":"2025-10-15T21:04:33+00:00","description":"Patronyme et Histoire","breadcrumb":{"@id":"https:\/\/www.tremblaydefrance.fr\/?page_id=87735#breadcrumb"},"inLanguage":"fr-FR","potentialAction":[{"@type":"ReadAction","target":["https:\/\/www.tremblaydefrance.fr\/?page_id=87735"]}]},{"@type":"ImageObject","inLanguage":"fr-FR","@id":"https:\/\/www.tremblaydefrance.fr\/?page_id=87735#primaryimage","url":"https:\/\/www.tremblaydefrance.fr\/wp-content\/uploads\/2025\/10\/WhatsApp_Image_2025_08_13_at_13_15_40__2_1755173309527.jpeg","contentUrl":"https:\/\/www.tremblaydefrance.fr\/wp-content\/uploads\/2025\/10\/WhatsApp_Image_2025_08_13_at_13_15_40__2_1755173309527.jpeg","width":2048,"height":1536},{"@type":"BreadcrumbList","@id":"https:\/\/www.tremblaydefrance.fr\/?page_id=87735#breadcrumb","itemListElement":[{"@type":"ListItem","position":1,"name":"Accueil","item":"https:\/\/www.tremblaydefrance.fr\/"},{"@type":"ListItem","position":2,"name":"Patronyme et Histoire"}]},{"@type":"WebSite","@id":"https:\/\/www.tremblaydefrance.fr\/#website","url":"https:\/\/www.tremblaydefrance.fr\/","name":"Association des Tremblay de France","description":"ASSOCIATION DES TREMBLAY DE FRANCE","publisher":{"@id":"https:\/\/www.tremblaydefrance.fr\/#organization"},"alternateName":"ATF","potentialAction":[{"@type":"SearchAction","target":{"@type":"EntryPoint","urlTemplate":"https:\/\/www.tremblaydefrance.fr\/?s={search_term_string}"},"query-input":{"@type":"PropertyValueSpecification","valueRequired":true,"valueName":"search_term_string"}}],"inLanguage":"fr-FR"},{"@type":"Organization","@id":"https:\/\/www.tremblaydefrance.fr\/#organization","name":"Association des Tremblay de France","alternateName":"ATF","url":"https:\/\/www.tremblaydefrance.fr\/","logo":{"@type":"ImageObject","inLanguage":"fr-FR","@id":"https:\/\/www.tremblaydefrance.fr\/#\/schema\/logo\/image\/","url":"https:\/\/www.tremblaydefrance.fr\/wp-content\/uploads\/2025\/10\/cropped-v266-20060023-A_arms_TEVSB.jpg","contentUrl":"https:\/\/www.tremblaydefrance.fr\/wp-content\/uploads\/2025\/10\/cropped-v266-20060023-A_arms_TEVSB.jpg","width":484,"height":495,"caption":"Association des Tremblay de France"},"image":{"@id":"https:\/\/www.tremblaydefrance.fr\/#\/schema\/logo\/image\/"},"sameAs":["https:\/\/www.facebook.com\/profile.php?id=100091318592407","https:\/\/www.instagram.com\/les_tremblay_de_france_atf\/"]}]}},"_links":{"self":[{"href":"https:\/\/www.tremblaydefrance.fr\/index.php?rest_route=\/wp\/v2\/pages\/87735","targetHints":{"allow":["GET"]}}],"collection":[{"href":"https:\/\/www.tremblaydefrance.fr\/index.php?rest_route=\/wp\/v2\/pages"}],"about":[{"href":"https:\/\/www.tremblaydefrance.fr\/index.php?rest_route=\/wp\/v2\/types\/page"}],"author":[{"embeddable":true,"href":"https:\/\/www.tremblaydefrance.fr\/index.php?rest_route=\/wp\/v2\/users\/2"}],"replies":[{"embeddable":true,"href":"https:\/\/www.tremblaydefrance.fr\/index.php?rest_route=%2Fwp%2Fv2%2Fcomments&post=87735"}],"version-history":[{"count":14,"href":"https:\/\/www.tremblaydefrance.fr\/index.php?rest_route=\/wp\/v2\/pages\/87735\/revisions"}],"predecessor-version":[{"id":87929,"href":"https:\/\/www.tremblaydefrance.fr\/index.php?rest_route=\/wp\/v2\/pages\/87735\/revisions\/87929"}],"wp:attachment":[{"href":"https:\/\/www.tremblaydefrance.fr\/index.php?rest_route=%2Fwp%2Fv2%2Fmedia&parent=87735"}],"curies":[{"name":"wp","href":"https:\/\/api.w.org\/{rel}","templated":true}]}}