{"id":87725,"date":"2025-10-15T20:07:02","date_gmt":"2025-10-15T19:07:02","guid":{"rendered":"https:\/\/www.tremblaydefrance.fr\/?page_id=87725"},"modified":"2025-10-17T18:21:13","modified_gmt":"2025-10-17T17:21:13","slug":"notre-association","status":"publish","type":"page","link":"https:\/\/www.tremblaydefrance.fr\/?page_id=87725","title":{"rendered":"Notre association"},"content":{"rendered":"\t\t<div data-elementor-type=\"wp-page\" data-elementor-id=\"87725\" class=\"elementor elementor-87725\">\n\t\t\t\t<div class=\"elementor-element elementor-element-fb9ceb4 e-con-full e-flex e-con e-parent\" data-id=\"fb9ceb4\" data-element_type=\"container\" data-e-type=\"container\" data-settings=\"{&quot;background_background&quot;:&quot;classic&quot;}\">\n\t\t<div class=\"elementor-element elementor-element-1ea6df9 e-con-full e-flex e-con e-child\" data-id=\"1ea6df9\" data-element_type=\"container\" data-e-type=\"container\">\n\t\t\t\t<div class=\"elementor-element elementor-element-c1dddb8 elementor-widget elementor-widget-image\" data-id=\"c1dddb8\" data-element_type=\"widget\" data-e-type=\"widget\" data-widget_type=\"image.default\">\n\t\t\t\t<div class=\"elementor-widget-container\">\n\t\t\t\t\t\t\t\t\t\t\t\t\t\t\t<img fetchpriority=\"high\" decoding=\"async\" width=\"768\" height=\"1152\" src=\"https:\/\/www.tremblaydefrance.fr\/wp-content\/uploads\/2025\/10\/tremblay-2023-221-Avec-accentuation-Bruit-768x1152.jpg\" class=\"attachment-medium_large size-medium_large wp-image-87855\" alt=\"\" srcset=\"https:\/\/www.tremblaydefrance.fr\/wp-content\/uploads\/2025\/10\/tremblay-2023-221-Avec-accentuation-Bruit-768x1152.jpg 768w, https:\/\/www.tremblaydefrance.fr\/wp-content\/uploads\/2025\/10\/tremblay-2023-221-Avec-accentuation-Bruit-200x300.jpg 200w, https:\/\/www.tremblaydefrance.fr\/wp-content\/uploads\/2025\/10\/tremblay-2023-221-Avec-accentuation-Bruit-683x1024.jpg 683w, https:\/\/www.tremblaydefrance.fr\/wp-content\/uploads\/2025\/10\/tremblay-2023-221-Avec-accentuation-Bruit-1024x1536.jpg 1024w, https:\/\/www.tremblaydefrance.fr\/wp-content\/uploads\/2025\/10\/tremblay-2023-221-Avec-accentuation-Bruit-scaled.jpg 1707w\" sizes=\"(max-width: 768px) 100vw, 768px\" \/>\t\t\t\t\t\t\t\t\t\t\t\t\t\t\t<\/div>\n\t\t\t\t<\/div>\n\t\t\t\t<\/div>\n\t\t<div class=\"elementor-element elementor-element-bfba884 e-con-full e-flex e-con e-child\" data-id=\"bfba884\" data-element_type=\"container\" data-e-type=\"container\">\n\t\t<div class=\"elementor-element elementor-element-537e17f e-con-full e-flex e-con e-child\" data-id=\"537e17f\" data-element_type=\"container\" data-e-type=\"container\">\n\t\t\t\t<div class=\"elementor-element elementor-element-0442b48 elementor-widget elementor-widget-heading\" data-id=\"0442b48\" data-element_type=\"widget\" data-e-type=\"widget\" data-widget_type=\"heading.default\">\n\t\t\t\t<div class=\"elementor-widget-container\">\n\t\t\t\t\t<h2 class=\"elementor-heading-title elementor-size-default\">Le mot du Pr\u00e9sident<\/h2>\t\t\t\t<\/div>\n\t\t\t\t<\/div>\n\t\t\t\t<\/div>\n\t\t<div class=\"elementor-element elementor-element-aa37e48 e-con-full e-flex e-con e-child\" data-id=\"aa37e48\" data-element_type=\"container\" data-e-type=\"container\">\n\t\t\t\t<div class=\"elementor-element elementor-element-5f85762 elementor-widget__width-initial elementor-widget elementor-widget-text-editor\" data-id=\"5f85762\" data-element_type=\"widget\" data-e-type=\"widget\" data-widget_type=\"text-editor.default\">\n\t\t\t\t<div class=\"elementor-widget-container\">\n\t\t\t\t\t\t\t\t\t<p>Chers amis de l&rsquo;Association des Tremblay de France, chers passionn\u00e9s d&rsquo;histoire et de g\u00e9n\u00e9alogie.<\/p><p>Je souhaite vous adresser mes plus sinc\u00e8res remerciements, \u00e0 vous, nos adh\u00e9rents fid\u00e8les, pour votre engagement constant. C&rsquo;est gr\u00e2ce \u00e0 votre participation active, \u00e0 votre solidarit\u00e9 et \u00e0 votre enthousiasme lors de nos rassemblements et de nos recherches que notre groupe est devenu ce qu&rsquo;il est : un lieu convivial o\u00f9 les liens familiaux, au sens large, se resserrent.<\/p><p>Vos contributions \u2014 que ce soit en partageant une archive pr\u00e9cieuse, en organisant un \u00e9v\u00e9nement local ou simplement en \u00e9tant pr\u00e9sent \u2014 sont la preuve que l\u2019histoire des Tremblay est bien vivante. Vous \u00eates les gardiens de cette m\u00e9moire et nous vous en sommes profond\u00e9ment reconnaissants.<\/p><p>\u00c0 ceux qui, portant le nom de Tremblay (et toutes ses variantes)\u00a0 ou ayant des liens avec cette lign\u00e9e, h\u00e9sitent encore \u00e0 nous rejoindre : n&rsquo;attendez plus !<\/p><p>Avec mes salutations les plus chaleureuses et amicales.<\/p><p style=\"padding-left: 360px;\">Yves TREMBLAY<\/p>\t\t\t\t\t\t\t\t<\/div>\n\t\t\t\t<\/div>\n\t\t\t\t<\/div>\n\t\t\t\t<\/div>\n\t\t\t\t<\/div>\n\t\t<div class=\"elementor-element elementor-element-d7f2ea8 e-flex e-con-boxed e-con e-parent\" data-id=\"d7f2ea8\" data-element_type=\"container\" data-e-type=\"container\">\n\t\t\t\t\t<div class=\"e-con-inner\">\n\t\t\t\t<div class=\"elementor-element elementor-element-92c4454 elementor-widget-divider--view-line elementor-widget elementor-widget-divider\" data-id=\"92c4454\" data-element_type=\"widget\" data-e-type=\"widget\" data-widget_type=\"divider.default\">\n\t\t\t\t<div class=\"elementor-widget-container\">\n\t\t\t\t\t\t\t<div class=\"elementor-divider\">\n\t\t\t<span class=\"elementor-divider-separator\">\n\t\t\t\t\t\t<\/span>\n\t\t<\/div>\n\t\t\t\t\t\t<\/div>\n\t\t\t\t<\/div>\n\t\t\t\t\t<\/div>\n\t\t\t\t<\/div>\n\t\t<div class=\"elementor-element elementor-element-5a546d1 e-flex e-con-boxed e-con e-parent\" data-id=\"5a546d1\" data-element_type=\"container\" data-e-type=\"container\">\n\t\t\t\t\t<div class=\"e-con-inner\">\n\t\t\t\t<div class=\"elementor-element elementor-element-251096d elementor-widget elementor-widget-heading\" data-id=\"251096d\" data-element_type=\"widget\" data-e-type=\"widget\" data-widget_type=\"heading.default\">\n\t\t\t\t<div class=\"elementor-widget-container\">\n\t\t\t\t\t<h2 class=\"elementor-heading-title elementor-size-default\">Notre Association<\/h2>\t\t\t\t<\/div>\n\t\t\t\t<\/div>\n\t\t\t\t<div class=\"elementor-element elementor-element-98b6e34 elementor-widget elementor-widget-text-editor\" data-id=\"98b6e34\" data-element_type=\"widget\" data-e-type=\"widget\" data-widget_type=\"text-editor.default\">\n\t\t\t\t<div class=\"elementor-widget-container\">\n\t\t\t\t\t\t\t\t\t<p>Apr\u00e8s plusieurs ann\u00e9es d&rsquo;existence sous l&rsquo;aile de L&rsquo;A.T.A, l&rsquo;Association des Tremblay de France est cr\u00e9\u00e9e en 1991. Ses objectifs sont :<\/p><ul><li>Rechercher toutes les personnes portant le nom TREMBLAY et les orthographes voisines (les personnes portant le nom ACHON sont associ\u00e9es \u00e0 cette recherche).<\/li><li>Organiser des rencontres nationales et internationales de personnes r\u00e9pondant \u00e0 ces crit\u00e8res.<\/li><li>Assurer des liaisons continues entre les personnes par des correspondances, des rencontres, des voyages ou des \u00e9v\u00e9nements divers.<\/li><\/ul><p>L&rsquo;association regroupe depuis plusieurs ann\u00e9es environ quatre-vingt-dix adh\u00e9rents issus non seulement de toute la France, mais aussi de l&rsquo;\u00e9tranger. Elle est compos\u00e9e d&rsquo;un bureau s&rsquo;effor\u00e7ant de mettre en pratique les objectifs fix\u00e9s :<\/p><ul><li>Organiser une Assembl\u00e9e G\u00e9n\u00e9rale permettant d&rsquo;approfondir les relations entre adh\u00e9rents et faisant \u00e9galement office d&rsquo;\u00e9v\u00e9nement touristique et culturel.<\/li><li>Garantir la circulation d&rsquo;une information riche au travers notamment de la diffusion plusieurs fois par an d&rsquo;un bulletin d&rsquo;information.<\/li><li>Repr\u00e9senter l&rsquo;association dans le cadre de manifestations culturelles, historiques et g\u00e9n\u00e9alogiques.<\/li><li>Organiser des voyages.<\/li><\/ul><div class=\"avatar-gutter ng-tns-c740541935-19 ng-star-inserted\"><div class=\"bard-avatar ng-tns-c3885662880-20\">\u00a0<\/div><\/div><div class=\"response-container-content ng-tns-c740541935-19\"><div class=\"response-content ng-tns-c740541935-19\"><div id=\"model-response-message-contentr_ff0b2abb0e27c7fd\" class=\"markdown markdown-main-panel enable-updated-hr-color\" dir=\"ltr\"><h3>Un groupe convivial<\/h3><p>L&rsquo;Association des Tremblay de France n&rsquo;est pas seulement une organisation g\u00e9n\u00e9alogique ou historique. Elle est devenue un v\u00e9ritable lieu de rencontres o\u00f9 la chaleur humaine et le plaisir d&rsquo;\u00eatre ensemble sont primordiaux.<\/p><p>Les membres partagent bien plus que leur nom de famille commun. Ils \u00e9changent des anecdotes, des histoires familiales, des conseils de recherche et tissent des liens d&rsquo;amiti\u00e9 durables, faisant de chaque rencontre un moment de partage joyeux et de red\u00e9couverte des racines communes.<\/p><\/div><h3>Un groupe engag\u00e9<\/h3><p>L&rsquo;Association des Tremblay de France est proactive et d\u00e9termin\u00e9e \u00e0 faire vivre son histoire et son patrimoine, tout en assurant sa p\u00e9rennit\u00e9. Elle s&rsquo;engage activement dans la pr\u00e9servation de la m\u00e9moire et du patrimoine li\u00e9 au nom Tremblay.<\/p><p>Son engagement est aussi de transmettre cette histoire et cette culture aux g\u00e9n\u00e9rations futures, en agissant comme passeur de m\u00e9moire \u00e9clair\u00e9 et dynamique.<\/p><\/div><\/div>\t\t\t\t\t\t\t\t<\/div>\n\t\t\t\t<\/div>\n\t\t\t\t\t<\/div>\n\t\t\t\t<\/div>\n\t\t<div class=\"elementor-element elementor-element-11c5d4a e-grid e-con-boxed e-con e-parent\" data-id=\"11c5d4a\" data-element_type=\"container\" data-e-type=\"container\">\n\t\t\t\t\t<div class=\"e-con-inner\">\n\t\t\t\t<div class=\"elementor-element elementor-element-a24a171 elementor-widget elementor-widget-image\" data-id=\"a24a171\" data-element_type=\"widget\" data-e-type=\"widget\" data-widget_type=\"image.default\">\n\t\t\t\t<div class=\"elementor-widget-container\">\n\t\t\t\t\t\t\t\t\t\t\t\t\t\t\t<img decoding=\"async\" width=\"1024\" height=\"682\" src=\"https:\/\/www.tremblaydefrance.fr\/wp-content\/uploads\/2025\/10\/tremblay-2023-3-1024x682.jpg\" class=\"attachment-large size-large wp-image-87838\" alt=\"\" srcset=\"https:\/\/www.tremblaydefrance.fr\/wp-content\/uploads\/2025\/10\/tremblay-2023-3-1024x682.jpg 1024w, https:\/\/www.tremblaydefrance.fr\/wp-content\/uploads\/2025\/10\/tremblay-2023-3-300x200.jpg 300w, https:\/\/www.tremblaydefrance.fr\/wp-content\/uploads\/2025\/10\/tremblay-2023-3-768x512.jpg 768w, https:\/\/www.tremblaydefrance.fr\/wp-content\/uploads\/2025\/10\/tremblay-2023-3-1536x1023.jpg 1536w, https:\/\/www.tremblaydefrance.fr\/wp-content\/uploads\/2025\/10\/tremblay-2023-3-2048x1364.jpg 2048w\" sizes=\"(max-width: 1024px) 100vw, 1024px\" \/>\t\t\t\t\t\t\t\t\t\t\t\t\t\t\t<\/div>\n\t\t\t\t<\/div>\n\t\t\t\t<div class=\"elementor-element elementor-element-195fa43 elementor-widget elementor-widget-image\" data-id=\"195fa43\" data-element_type=\"widget\" data-e-type=\"widget\" data-widget_type=\"image.default\">\n\t\t\t\t<div class=\"elementor-widget-container\">\n\t\t\t\t\t\t\t\t\t\t\t\t\t\t\t<img decoding=\"async\" width=\"1024\" height=\"680\" src=\"https:\/\/www.tremblaydefrance.fr\/wp-content\/uploads\/2025\/10\/DSC_0089-1024x680.jpg\" class=\"attachment-large size-large wp-image-87840\" alt=\"\" srcset=\"https:\/\/www.tremblaydefrance.fr\/wp-content\/uploads\/2025\/10\/DSC_0089-1024x680.jpg 1024w, https:\/\/www.tremblaydefrance.fr\/wp-content\/uploads\/2025\/10\/DSC_0089-300x199.jpg 300w, https:\/\/www.tremblaydefrance.fr\/wp-content\/uploads\/2025\/10\/DSC_0089-768x510.jpg 768w, https:\/\/www.tremblaydefrance.fr\/wp-content\/uploads\/2025\/10\/DSC_0089-1536x1020.jpg 1536w, https:\/\/www.tremblaydefrance.fr\/wp-content\/uploads\/2025\/10\/DSC_0089-2048x1360.jpg 2048w\" sizes=\"(max-width: 1024px) 100vw, 1024px\" \/>\t\t\t\t\t\t\t\t\t\t\t\t\t\t\t<\/div>\n\t\t\t\t<\/div>\n\t\t\t\t\t<\/div>\n\t\t\t\t<\/div>\n\t\t\t\t<\/div>\n\t\t","protected":false},"excerpt":{"rendered":"<p>Le mot du Pr\u00e9sident Chers amis de l&rsquo;Association des Tremblay de France, chers passionn\u00e9s d&rsquo;histoire et de g\u00e9n\u00e9alogie. Je souhaite vous adresser mes plus sinc\u00e8res remerciements, \u00e0 vous, nos adh\u00e9rents fid\u00e8les, pour votre engagement constant. C&rsquo;est gr\u00e2ce \u00e0 votre participation&#8230;<\/p>\n","protected":false},"author":2,"featured_media":0,"parent":0,"menu_order":0,"comment_status":"closed","ping_status":"closed","template":"elementor_header_footer","meta":{"footnotes":""},"class_list":["post-87725","page","type-page","status-publish","hentry"],"yoast_head":"<!-- This site is optimized with the Yoast SEO plugin v26.4 - https:\/\/yoast.com\/wordpress\/plugins\/seo\/ -->\n<title>Notre association - Tremblay de France<\/title>\n<meta name=\"description\" content=\"Notre association\" \/>\n<meta name=\"robots\" content=\"index, follow, max-snippet:-1, max-image-preview:large, max-video-preview:-1\" \/>\n<link rel=\"canonical\" href=\"https:\/\/www.tremblaydefrance.fr\/?page_id=87725\" \/>\n<meta property=\"og:locale\" content=\"fr_FR\" \/>\n<meta property=\"og:type\" content=\"article\" \/>\n<meta property=\"og:title\" content=\"Notre association - Tremblay de France\" \/>\n<meta property=\"og:description\" content=\"Notre association\" \/>\n<meta property=\"og:url\" content=\"https:\/\/www.tremblaydefrance.fr\/?page_id=87725\" \/>\n<meta property=\"article:publisher\" content=\"https:\/\/www.facebook.com\/profile.php?id=100091318592407\" \/>\n<meta property=\"article:modified_time\" content=\"2025-10-17T17:21:13+00:00\" \/>\n<meta property=\"og:image\" content=\"https:\/\/www.tremblaydefrance.fr\/wp-content\/uploads\/2025\/10\/tremblay-2023-221-Avec-accentuation-Bruit-scaled.jpg\" \/>\n\t<meta property=\"og:image:width\" content=\"1707\" \/>\n\t<meta property=\"og:image:height\" content=\"2560\" \/>\n\t<meta property=\"og:image:type\" content=\"image\/jpeg\" \/>\n<meta name=\"twitter:card\" content=\"summary_large_image\" \/>\n<meta name=\"twitter:label1\" content=\"Dur\u00e9e de lecture estim\u00e9e\" \/>\n\t<meta name=\"twitter:data1\" content=\"2 minutes\" \/>\n<script type=\"application\/ld+json\" class=\"yoast-schema-graph\">{\"@context\":\"https:\/\/schema.org\",\"@graph\":[{\"@type\":\"WebPage\",\"@id\":\"https:\/\/www.tremblaydefrance.fr\/?page_id=87725\",\"url\":\"https:\/\/www.tremblaydefrance.fr\/?page_id=87725\",\"name\":\"Notre association - Tremblay de France\",\"isPartOf\":{\"@id\":\"https:\/\/www.tremblaydefrance.fr\/#website\"},\"primaryImageOfPage\":{\"@id\":\"https:\/\/www.tremblaydefrance.fr\/?page_id=87725#primaryimage\"},\"image\":{\"@id\":\"https:\/\/www.tremblaydefrance.fr\/?page_id=87725#primaryimage\"},\"thumbnailUrl\":\"https:\/\/www.tremblaydefrance.fr\/wp-content\/uploads\/2025\/10\/tremblay-2023-221-Avec-accentuation-Bruit-768x1152.jpg\",\"datePublished\":\"2025-10-15T19:07:02+00:00\",\"dateModified\":\"2025-10-17T17:21:13+00:00\",\"description\":\"Notre association\",\"breadcrumb\":{\"@id\":\"https:\/\/www.tremblaydefrance.fr\/?page_id=87725#breadcrumb\"},\"inLanguage\":\"fr-FR\",\"potentialAction\":[{\"@type\":\"ReadAction\",\"target\":[\"https:\/\/www.tremblaydefrance.fr\/?page_id=87725\"]}]},{\"@type\":\"ImageObject\",\"inLanguage\":\"fr-FR\",\"@id\":\"https:\/\/www.tremblaydefrance.fr\/?page_id=87725#primaryimage\",\"url\":\"https:\/\/www.tremblaydefrance.fr\/wp-content\/uploads\/2025\/10\/tremblay-2023-221-Avec-accentuation-Bruit-scaled.jpg\",\"contentUrl\":\"https:\/\/www.tremblaydefrance.fr\/wp-content\/uploads\/2025\/10\/tremblay-2023-221-Avec-accentuation-Bruit-scaled.jpg\",\"width\":1707,\"height\":2560,\"caption\":\"r\u00e9union tremblay de france et du qu\u00e9bec \u00e0 Randonnais Orne communaut\u00e9 du descandant pierre tramblay parti de randonnais\"},{\"@type\":\"BreadcrumbList\",\"@id\":\"https:\/\/www.tremblaydefrance.fr\/?page_id=87725#breadcrumb\",\"itemListElement\":[{\"@type\":\"ListItem\",\"position\":1,\"name\":\"Accueil\",\"item\":\"https:\/\/www.tremblaydefrance.fr\/\"},{\"@type\":\"ListItem\",\"position\":2,\"name\":\"Notre association\"}]},{\"@type\":\"WebSite\",\"@id\":\"https:\/\/www.tremblaydefrance.fr\/#website\",\"url\":\"https:\/\/www.tremblaydefrance.fr\/\",\"name\":\"Association des Tremblay de France\",\"description\":\"ASSOCIATION DES TREMBLAY DE FRANCE\",\"publisher\":{\"@id\":\"https:\/\/www.tremblaydefrance.fr\/#organization\"},\"alternateName\":\"ATF\",\"potentialAction\":[{\"@type\":\"SearchAction\",\"target\":{\"@type\":\"EntryPoint\",\"urlTemplate\":\"https:\/\/www.tremblaydefrance.fr\/?s={search_term_string}\"},\"query-input\":{\"@type\":\"PropertyValueSpecification\",\"valueRequired\":true,\"valueName\":\"search_term_string\"}}],\"inLanguage\":\"fr-FR\"},{\"@type\":\"Organization\",\"@id\":\"https:\/\/www.tremblaydefrance.fr\/#organization\",\"name\":\"Association des Tremblay de France\",\"alternateName\":\"ATF\",\"url\":\"https:\/\/www.tremblaydefrance.fr\/\",\"logo\":{\"@type\":\"ImageObject\",\"inLanguage\":\"fr-FR\",\"@id\":\"https:\/\/www.tremblaydefrance.fr\/#\/schema\/logo\/image\/\",\"url\":\"https:\/\/www.tremblaydefrance.fr\/wp-content\/uploads\/2025\/10\/cropped-v266-20060023-A_arms_TEVSB.jpg\",\"contentUrl\":\"https:\/\/www.tremblaydefrance.fr\/wp-content\/uploads\/2025\/10\/cropped-v266-20060023-A_arms_TEVSB.jpg\",\"width\":484,\"height\":495,\"caption\":\"Association des Tremblay de France\"},\"image\":{\"@id\":\"https:\/\/www.tremblaydefrance.fr\/#\/schema\/logo\/image\/\"},\"sameAs\":[\"https:\/\/www.facebook.com\/profile.php?id=100091318592407\",\"https:\/\/www.instagram.com\/les_tremblay_de_france_atf\/\"]}]}<\/script>\n<!-- \/ Yoast SEO plugin. -->","yoast_head_json":{"title":"Notre association - Tremblay de France","description":"Notre association","robots":{"index":"index","follow":"follow","max-snippet":"max-snippet:-1","max-image-preview":"max-image-preview:large","max-video-preview":"max-video-preview:-1"},"canonical":"https:\/\/www.tremblaydefrance.fr\/?page_id=87725","og_locale":"fr_FR","og_type":"article","og_title":"Notre association - Tremblay de France","og_description":"Notre association","og_url":"https:\/\/www.tremblaydefrance.fr\/?page_id=87725","article_publisher":"https:\/\/www.facebook.com\/profile.php?id=100091318592407","article_modified_time":"2025-10-17T17:21:13+00:00","og_image":[{"width":1707,"height":2560,"url":"https:\/\/www.tremblaydefrance.fr\/wp-content\/uploads\/2025\/10\/tremblay-2023-221-Avec-accentuation-Bruit-scaled.jpg","type":"image\/jpeg"}],"twitter_card":"summary_large_image","twitter_misc":{"Dur\u00e9e de lecture estim\u00e9e":"2 minutes"},"schema":{"@context":"https:\/\/schema.org","@graph":[{"@type":"WebPage","@id":"https:\/\/www.tremblaydefrance.fr\/?page_id=87725","url":"https:\/\/www.tremblaydefrance.fr\/?page_id=87725","name":"Notre association - Tremblay de France","isPartOf":{"@id":"https:\/\/www.tremblaydefrance.fr\/#website"},"primaryImageOfPage":{"@id":"https:\/\/www.tremblaydefrance.fr\/?page_id=87725#primaryimage"},"image":{"@id":"https:\/\/www.tremblaydefrance.fr\/?page_id=87725#primaryimage"},"thumbnailUrl":"https:\/\/www.tremblaydefrance.fr\/wp-content\/uploads\/2025\/10\/tremblay-2023-221-Avec-accentuation-Bruit-768x1152.jpg","datePublished":"2025-10-15T19:07:02+00:00","dateModified":"2025-10-17T17:21:13+00:00","description":"Notre association","breadcrumb":{"@id":"https:\/\/www.tremblaydefrance.fr\/?page_id=87725#breadcrumb"},"inLanguage":"fr-FR","potentialAction":[{"@type":"ReadAction","target":["https:\/\/www.tremblaydefrance.fr\/?page_id=87725"]}]},{"@type":"ImageObject","inLanguage":"fr-FR","@id":"https:\/\/www.tremblaydefrance.fr\/?page_id=87725#primaryimage","url":"https:\/\/www.tremblaydefrance.fr\/wp-content\/uploads\/2025\/10\/tremblay-2023-221-Avec-accentuation-Bruit-scaled.jpg","contentUrl":"https:\/\/www.tremblaydefrance.fr\/wp-content\/uploads\/2025\/10\/tremblay-2023-221-Avec-accentuation-Bruit-scaled.jpg","width":1707,"height":2560,"caption":"r\u00e9union tremblay de france et du qu\u00e9bec \u00e0 Randonnais Orne communaut\u00e9 du descandant pierre tramblay parti de randonnais"},{"@type":"BreadcrumbList","@id":"https:\/\/www.tremblaydefrance.fr\/?page_id=87725#breadcrumb","itemListElement":[{"@type":"ListItem","position":1,"name":"Accueil","item":"https:\/\/www.tremblaydefrance.fr\/"},{"@type":"ListItem","position":2,"name":"Notre association"}]},{"@type":"WebSite","@id":"https:\/\/www.tremblaydefrance.fr\/#website","url":"https:\/\/www.tremblaydefrance.fr\/","name":"Association des Tremblay de France","description":"ASSOCIATION DES TREMBLAY DE FRANCE","publisher":{"@id":"https:\/\/www.tremblaydefrance.fr\/#organization"},"alternateName":"ATF","potentialAction":[{"@type":"SearchAction","target":{"@type":"EntryPoint","urlTemplate":"https:\/\/www.tremblaydefrance.fr\/?s={search_term_string}"},"query-input":{"@type":"PropertyValueSpecification","valueRequired":true,"valueName":"search_term_string"}}],"inLanguage":"fr-FR"},{"@type":"Organization","@id":"https:\/\/www.tremblaydefrance.fr\/#organization","name":"Association des Tremblay de France","alternateName":"ATF","url":"https:\/\/www.tremblaydefrance.fr\/","logo":{"@type":"ImageObject","inLanguage":"fr-FR","@id":"https:\/\/www.tremblaydefrance.fr\/#\/schema\/logo\/image\/","url":"https:\/\/www.tremblaydefrance.fr\/wp-content\/uploads\/2025\/10\/cropped-v266-20060023-A_arms_TEVSB.jpg","contentUrl":"https:\/\/www.tremblaydefrance.fr\/wp-content\/uploads\/2025\/10\/cropped-v266-20060023-A_arms_TEVSB.jpg","width":484,"height":495,"caption":"Association des Tremblay de France"},"image":{"@id":"https:\/\/www.tremblaydefrance.fr\/#\/schema\/logo\/image\/"},"sameAs":["https:\/\/www.facebook.com\/profile.php?id=100091318592407","https:\/\/www.instagram.com\/les_tremblay_de_france_atf\/"]}]}},"_links":{"self":[{"href":"https:\/\/www.tremblaydefrance.fr\/index.php?rest_route=\/wp\/v2\/pages\/87725","targetHints":{"allow":["GET"]}}],"collection":[{"href":"https:\/\/www.tremblaydefrance.fr\/index.php?rest_route=\/wp\/v2\/pages"}],"about":[{"href":"https:\/\/www.tremblaydefrance.fr\/index.php?rest_route=\/wp\/v2\/types\/page"}],"author":[{"embeddable":true,"href":"https:\/\/www.tremblaydefrance.fr\/index.php?rest_route=\/wp\/v2\/users\/2"}],"replies":[{"embeddable":true,"href":"https:\/\/www.tremblaydefrance.fr\/index.php?rest_route=%2Fwp%2Fv2%2Fcomments&post=87725"}],"version-history":[{"count":22,"href":"https:\/\/www.tremblaydefrance.fr\/index.php?rest_route=\/wp\/v2\/pages\/87725\/revisions"}],"predecessor-version":[{"id":87906,"href":"https:\/\/www.tremblaydefrance.fr\/index.php?rest_route=\/wp\/v2\/pages\/87725\/revisions\/87906"}],"wp:attachment":[{"href":"https:\/\/www.tremblaydefrance.fr\/index.php?rest_route=%2Fwp%2Fv2%2Fmedia&parent=87725"}],"curies":[{"name":"wp","href":"https:\/\/api.w.org\/{rel}","templated":true}]}}