{"id":87693,"date":"2025-10-14T22:08:56","date_gmt":"2025-10-14T21:08:56","guid":{"rendered":"https:\/\/www.tremblaydefrance.fr\/?page_id=87693"},"modified":"2025-10-17T19:07:47","modified_gmt":"2025-10-17T18:07:47","slug":"patronyme","status":"publish","type":"page","link":"https:\/\/www.tremblaydefrance.fr\/?page_id=87693","title":{"rendered":"Pierre et Ozanne"},"content":{"rendered":"\t\t<div data-elementor-type=\"wp-page\" data-elementor-id=\"87693\" class=\"elementor elementor-87693\">\n\t\t\t\t<div class=\"elementor-element elementor-element-087555f e-flex e-con-boxed e-con e-parent\" data-id=\"087555f\" data-element_type=\"container\" data-e-type=\"container\">\n\t\t\t\t\t<div class=\"e-con-inner\">\n\t\t\t\t<div class=\"elementor-element elementor-element-fe9dde0 elementor-widget elementor-widget-heading\" data-id=\"fe9dde0\" data-element_type=\"widget\" data-e-type=\"widget\" data-widget_type=\"heading.default\">\n\t\t\t\t<div class=\"elementor-widget-container\">\n\t\t\t\t\t<h2 class=\"elementor-heading-title elementor-size-default\">\nPierre Tremblay, enfant du Perche<\/h2>\t\t\t\t<\/div>\n\t\t\t\t<\/div>\n\t\t\t\t<div class=\"elementor-element elementor-element-0015632 elementor-widget elementor-widget-text-editor\" data-id=\"0015632\" data-element_type=\"widget\" data-e-type=\"widget\" data-widget_type=\"text-editor.default\">\n\t\t\t\t<div class=\"elementor-widget-container\">\n\t\t\t\t\t\t\t\t\t<p>N\u00e9 vers 1626 \u00e0 Randonnai, une petite commune du Perche, Pierre Tremblay grandit dans une famille d&rsquo;agriculteurs. Ses parents, Philibert Tremblay et Jeanne Coignet, s&rsquo;\u00e9taient mari\u00e9s en 1623. Son p\u00e8re, Philibert, \u00e9tait cultivateur \u00e0 la ferme \u00ab\u00a0La Filonni\u00e8re\u00a0\u00bb o\u00f9 il meurt en 1642.<\/p><p>L&rsquo;appel du large et l&rsquo;aventure attirent rapidement le jeune Pierre. Sensible aux discours des agents recruteurs pour la Nouvelle-France, il signe, le 9 avril 1647, un contrat d&rsquo;engagement de 36 mois avec No\u00ebl Juchereau. En juin de la m\u00eame ann\u00e9e, Pierre quitte sa maison familiale, la Filonni\u00e8re, accompagn\u00e9 de sa m\u00e8re, de son jeune fr\u00e8re Guillaume et de voisins. Le 6 juin, il prend la mer \u00e0 bord de <em>La Marguerite<\/em> au port de La Rochelle. Quittant sa m\u00e8re-patrie, il scrute les horizons du Nouveau-Monde ne sachant pas encore qu&rsquo;il allait devenir l&rsquo;homme-souche d&rsquo;une innombrable post\u00e9rit\u00e9.<\/p><p>Il d\u00e9barque \u00e0 Qu\u00e9bec le 6 ao\u00fbt 1647. Il affronte la dure r\u00e9alit\u00e9 de l&rsquo;exil en travaillant pour No\u00ebl Juchereau de la Compagnie des Cent Associ\u00e9s, ainsi qu\u2019au magasin de la Communaut\u00e9 des Habitants.<\/p>\t\t\t\t\t\t\t\t<\/div>\n\t\t\t\t<\/div>\n\t\t\t\t\t<\/div>\n\t\t\t\t<\/div>\n\t\t<div class=\"elementor-element elementor-element-08a607d e-con-full e-flex e-con e-parent\" data-id=\"08a607d\" data-element_type=\"container\" data-e-type=\"container\">\n\t\t\t\t<div class=\"elementor-element elementor-element-6de0ae1 elementor-widget elementor-widget-image\" data-id=\"6de0ae1\" data-element_type=\"widget\" data-e-type=\"widget\" data-widget_type=\"image.default\">\n\t\t\t\t<div class=\"elementor-widget-container\">\n\t\t\t\t\t\t\t\t\t\t\t\t<figure class=\"wp-caption\">\n\t\t\t\t\t\t\t\t\t\t<img fetchpriority=\"high\" decoding=\"async\" width=\"1024\" height=\"644\" src=\"https:\/\/www.tremblaydefrance.fr\/wp-content\/uploads\/2025\/10\/PierreTremblayetOzanne-Anne-Achon-1024x644.webp\" class=\"attachment-large size-large wp-image-87773\" alt=\"\" srcset=\"https:\/\/www.tremblaydefrance.fr\/wp-content\/uploads\/2025\/10\/PierreTremblayetOzanne-Anne-Achon-1024x644.webp 1024w, https:\/\/www.tremblaydefrance.fr\/wp-content\/uploads\/2025\/10\/PierreTremblayetOzanne-Anne-Achon-300x189.webp 300w, https:\/\/www.tremblaydefrance.fr\/wp-content\/uploads\/2025\/10\/PierreTremblayetOzanne-Anne-Achon-768x483.webp 768w, https:\/\/www.tremblaydefrance.fr\/wp-content\/uploads\/2025\/10\/PierreTremblayetOzanne-Anne-Achon.webp 1400w\" sizes=\"(max-width: 1024px) 100vw, 1024px\" \/>\t\t\t\t\t\t\t\t\t\t\t<figcaption class=\"widget-image-caption wp-caption-text\">\u00ab\u2009Vue du port de La Rochelle\u2009\u00bb - peinture de Joseph Vernet - 1762<\/figcaption>\n\t\t\t\t\t\t\t\t\t\t<\/figure>\n\t\t\t\t\t\t\t\t\t<\/div>\n\t\t\t\t<\/div>\n\t\t\t\t<\/div>\n\t\t<div class=\"elementor-element elementor-element-3c8573d e-con-full e-flex e-con e-parent\" data-id=\"3c8573d\" data-element_type=\"container\" data-e-type=\"container\">\n\t\t\t\t<div class=\"elementor-element elementor-element-066a4a2 elementor-widget elementor-widget-heading\" data-id=\"066a4a2\" data-element_type=\"widget\" data-e-type=\"widget\" data-widget_type=\"heading.default\">\n\t\t\t\t<div class=\"elementor-widget-container\">\n\t\t\t\t\t<h2 class=\"elementor-heading-title elementor-size-default\">Ozanne Achon, fille d'Aunis<\/h2>\t\t\t\t<\/div>\n\t\t\t\t<\/div>\n\t\t\t\t<div class=\"elementor-element elementor-element-4a4ff6a elementor-widget elementor-widget-text-editor\" data-id=\"4a4ff6a\" data-element_type=\"widget\" data-e-type=\"widget\" data-widget_type=\"text-editor.default\">\n\t\t\t\t<div class=\"elementor-widget-container\">\n\t\t\t\t\t\t\t\t\t<p>Ozanne Achon est n\u00e9e le 18 juillet 1633 \u00e0 Savarit, un hameau pr\u00e8s de Chambon, dans le dioc\u00e8se de La Rochelle. Fille de Jean Achon et d&rsquo;H\u00e9l\u00e8ne Regnault, tous deux issus d&rsquo;un milieu modeste (probablement journaliers ou m\u00e9tayers), elle est baptis\u00e9e le jour m\u00eame de sa naissance en l&rsquo;\u00e9glise Notre-Dame-de-l&rsquo;Assomption.<\/p><p>D\u00e8s l&rsquo;\u00e2ge de douze ans, en 1645, Ozanne s&rsquo;installe au Prieur\u00e9 de la paroisse de Puyravault. Quelques ann\u00e9es plus tard, elle fait \u00e0 son tour la travers\u00e9e vers la Nouvelle-France. Elle arrive \u00e0 Qu\u00e9bec le 21 juin 1657 \u00e0 bord du navire <em>Le Taureau<\/em>, en compagnie d&rsquo;un groupe de dix-huit jeunes filles.<\/p>\t\t\t\t\t\t\t\t<\/div>\n\t\t\t\t<\/div>\n\t\t\t\t<div class=\"elementor-element elementor-element-5c809d6 elementor-widget elementor-widget-image\" data-id=\"5c809d6\" data-element_type=\"widget\" data-e-type=\"widget\" data-widget_type=\"image.default\">\n\t\t\t\t<div class=\"elementor-widget-container\">\n\t\t\t\t\t\t\t\t\t\t\t\t<figure class=\"wp-caption\">\n\t\t\t\t\t\t\t\t\t\t<img decoding=\"async\" width=\"768\" height=\"672\" src=\"https:\/\/www.tremblaydefrance.fr\/wp-content\/uploads\/2025\/10\/PierreTremblayandOzanne_Anne_Achon-768x672.webp\" class=\"attachment-medium_large size-medium_large wp-image-87775\" alt=\"\" srcset=\"https:\/\/www.tremblaydefrance.fr\/wp-content\/uploads\/2025\/10\/PierreTremblayandOzanne_Anne_Achon-768x672.webp 768w, https:\/\/www.tremblaydefrance.fr\/wp-content\/uploads\/2025\/10\/PierreTremblayandOzanne_Anne_Achon-300x262.webp 300w, https:\/\/www.tremblaydefrance.fr\/wp-content\/uploads\/2025\/10\/PierreTremblayandOzanne_Anne_Achon-1024x896.webp 1024w, https:\/\/www.tremblaydefrance.fr\/wp-content\/uploads\/2025\/10\/PierreTremblayandOzanne_Anne_Achon.webp 1500w\" sizes=\"(max-width: 768px) 100vw, 768px\" \/>\t\t\t\t\t\t\t\t\t\t\t<figcaption class=\"widget-image-caption wp-caption-text\">Signatures sur le contrat de mariage de Pierre et  d'Ozanne en 1657<\/figcaption>\n\t\t\t\t\t\t\t\t\t\t<\/figure>\n\t\t\t\t\t\t\t\t\t<\/div>\n\t\t\t\t<\/div>\n\t\t\t\t<\/div>\n\t\t<div class=\"elementor-element elementor-element-53a9a50 e-con-full e-flex e-con e-parent\" data-id=\"53a9a50\" data-element_type=\"container\" data-e-type=\"container\">\n\t\t\t\t<div class=\"elementor-element elementor-element-e9f45f8 elementor-widget elementor-widget-heading\" data-id=\"e9f45f8\" data-element_type=\"widget\" data-e-type=\"widget\" data-widget_type=\"heading.default\">\n\t\t\t\t<div class=\"elementor-widget-container\">\n\t\t\t\t\t<h2 class=\"elementor-heading-title elementor-size-default\">Nouvelle-France<\/h2>\t\t\t\t<\/div>\n\t\t\t\t<\/div>\n\t\t\t\t<div class=\"elementor-element elementor-element-6d7d969 elementor-widget elementor-widget-text-editor\" data-id=\"6d7d969\" data-element_type=\"widget\" data-e-type=\"widget\" data-widget_type=\"text-editor.default\">\n\t\t\t\t<div class=\"elementor-widget-container\">\n\t\t\t\t\t\t\t\t\t<p>C&rsquo;est \u00e0 l&rsquo;automne 1657 que les destins de Pierre et Ozanne se croisent. Apr\u00e8s avoir achev\u00e9 son contrat d&rsquo;engagement, Pierre, qui travaillait alors sur la C\u00f4te-de-Beaupr\u00e9, rencontre Ozanne. Les deux migrants, originaires de deux petites provinces fran\u00e7aises, scellent leur union devant le notaire Ma\u00eetre Aubert le 19 septembre 1657. La c\u00e9r\u00e9monie religieuse est c\u00e9l\u00e9br\u00e9e le 2 octobre 1657 en l\u2019\u00e9glise Notre-Dame de Qu\u00e9bec.<\/p><p>Apr\u00e8s leur mariage, les jeunes \u00e9poux s&rsquo;installent sur la C\u00f4te-de-Beaupr\u00e9 o\u00f9 Pierre travaille comme m\u00e9tayer. Rapidement, Pierre cherche \u00e0 s&rsquo;\u00e9tablir sur sa propre terre. Le 4 avril 1659, il re\u00e7oit en concession une terre \u00e0 l\u2019Ange-Gardien, sur la C\u00f4te-de-Beaupr\u00e9, o\u00f9 la petite famille b\u00e2tit son foyer.<\/p><p class=\"\">Le couple aura au moins 12\u00a0enfants\u00a0:<\/p><ul><li style=\"list-style-type: none;\"><ul><li style=\"list-style-type: none;\"><ul><li style=\"list-style-type: none;\"><ul><li style=\"list-style-type: none;\"><ul><li style=\"list-style-type: none;\"><ul><li style=\"list-style-type: none;\"><ul><li style=\"list-style-type: none;\"><ul data-rte-list=\"default\"><li><p class=\"\">Marie Madeleine (1658\u20131736)<\/p><\/li><li><p class=\"\">[anonyme] (1659\u20131659)<\/p><\/li><li><p class=\"\">Pierre (1660\u20131736)<\/p><\/li><li><p class=\"\">Michel (1662\u20131727)<\/p><\/li><li><p class=\"\">Jacques (1664\u20131741)<\/p><\/li><li><p class=\"\">Marguerite (1665\u20131694)<\/p><\/li><li><p class=\"\">Louis (1667\u2013\u00a0?)<\/p><\/li><li><p class=\"\">Louise (1669\u2013\u00a0?)<\/p><\/li><li><p class=\"\">Marie Jeanne (ca. 1671\u20131711)<\/p><\/li><li><p class=\"\">Marie Anne (1673\u20131713)<\/p><\/li><li><p class=\"\">Jean (1675\u20131684)<\/p><\/li><li><p class=\"\">Marie Doroth\u00e9e (1677\u20131711)<\/p><\/li><\/ul><\/li><\/ul><\/li><\/ul><\/li><\/ul><\/li><\/ul><\/li><\/ul><\/li><\/ul><\/li><\/ul><p>Les Tremblay participent activement \u00e0 la construction de la colonie. En 1678, Pierre est embauch\u00e9 par Mgr Fran\u00e7ois de Laval, premier \u00e9v\u00eaque de la Nouvelle-France pour une dur\u00e9e de cinq ans. Il est charg\u00e9 de mettre en valeur des terres conc\u00e9d\u00e9es \u00e0 la Baie Saint-Paul, s&rsquo;engageant notamment \u00e0 d\u00e9fricher, cultiver et construire. Pierre s&rsquo;y rend avec ses fils a\u00een\u00e9s, tandis qu&rsquo;Ozanne s&rsquo;occupe de la terre de l&rsquo;Ange-Gardien avec les plus jeunes.<\/p><p>En 1681, devant le succ\u00e8s et les perspectives d\u2019avenir \u00e0 la Baie-Saint-Paul, Pierre Tremblay prend la r\u00e9solution d&rsquo;y emmener Ozanne et le reste de leurs enfants. Par la suite, ils s&rsquo;\u00e9tabliront \u00e0 la C\u00f4te Saint-Fran\u00e7ois-Xavier (Petite-Rivi\u00e8re-Saint-Fran\u00e7ois), sur le lot de leur fils Michel.<\/p><p>Le d\u00e9c\u00e8s de Pierre Tremblay est un point d&rsquo;interrogation pour les g\u00e9n\u00e9alogistes. Contrairement \u00e0 beaucoup d&rsquo;anc\u00eatres souches de la Nouvelle-France, son acte de s\u00e9pulture n&rsquo;a jamais \u00e9t\u00e9 retrouv\u00e9 dans les registres officiels.<\/p><p>Les historiens et g\u00e9n\u00e9alogistes ont pu d\u00e9finir la p\u00e9riode de son d\u00e9c\u00e8s gr\u00e2ce \u00e0 des documents notari\u00e9s ult\u00e9rieurs :<\/p><ul><li>\u00a0Derni\u00e8re mention vivante : le 14 avril 1687, Pierre Tremblay est pr\u00e9sent et assiste au mariage de sa fille Marguerite.<\/li><li>Premi\u00e8re mention comme d\u00e9c\u00e9d\u00e9 : Ozanne Achon se d\u00e9clare veuve lors du contrat de mariage de sa fille Louise le 5 novembre 1689.<\/li><\/ul><p>Pierre Tremblay est donc d\u00e9c\u00e9d\u00e9 entre le 14 avril 1687 et le 5 novembre 1689. Le contexte sugg\u00e8re qu&rsquo;il est probablement d\u00e9c\u00e9d\u00e9 au cours de l&rsquo;hiver 1688 ou en 1689.<\/p><p>\u00c0 l&rsquo;inverse de son \u00e9poux, la fin de vie d&rsquo;Ozanne Achon est bien trac\u00e9e. Elle s\u2019\u00e9teint aux approches de No\u00ebl 1707, \u00e0 l\u2019\u00e2ge de 75 ans, apr\u00e8s cinquante ann\u00e9es pass\u00e9es en Nouvelle-France. Ses fun\u00e9railles ont eu lieu \u00e0 l&rsquo;\u00e9glise de l&rsquo;Ange-Gardien le 24 d\u00e9cembre 1707. Elle est inhum\u00e9e sous le nom d&rsquo;Anne Tremblay, veuve de Pierre Tremblay.<\/p>\t\t\t\t\t\t\t\t<\/div>\n\t\t\t\t<\/div>\n\t\t\t\t<div class=\"elementor-element elementor-element-1ef67dc elementor-widget elementor-widget-heading\" data-id=\"1ef67dc\" data-element_type=\"widget\" data-e-type=\"widget\" data-widget_type=\"heading.default\">\n\t\t\t\t<div class=\"elementor-widget-container\">\n\t\t\t\t\t<h2 class=\"elementor-heading-title elementor-size-default\">Expansion du patronyme<\/h2>\t\t\t\t<\/div>\n\t\t\t\t<\/div>\n\t\t\t\t<div class=\"elementor-element elementor-element-e78a712 elementor-widget elementor-widget-text-editor\" data-id=\"e78a712\" data-element_type=\"widget\" data-e-type=\"widget\" data-widget_type=\"text-editor.default\">\n\t\t\t\t<div class=\"elementor-widget-container\">\n\t\t\t\t\t\t\t\t\t<p>L&rsquo;installation \u00e0 la Baie-Saint-Paul et aux \u00c9boulements, dans la r\u00e9gion de Charlevoix a cr\u00e9\u00e9 une base territoriale forte favorisant la concentration et la croissance rapide de la famille Tremblay.<\/p><p>Le v\u00e9ritable impact de Pierre et Ozanne se mesure par la prolif\u00e9ration de leur nom. Gr\u00e2ce \u00e0 la forte natalit\u00e9 et \u00e0 la survie des enfants, un ph\u00e9nom\u00e8ne appel\u00e9 la \u00ab revanche des berceaux \u00bb par les historiens, le nom Tremblay s&rsquo;est multipli\u00e9 de mani\u00e8re exponentielle. Aujourd&rsquo;hui, Tremblay est le nom de famille le plus port\u00e9 au Qu\u00e9bec et par extension, il repr\u00e9sente le nom francophone d&rsquo;Am\u00e9rique du Nord le plus fr\u00e9quent.<\/p><p>Le nom Tremblay s&rsquo;est maintenu avec une grande fid\u00e9lit\u00e9, mais on peut trouver des variantes orthographiques mineures dans les registres anciens ou dans les branches am\u00e9ricanis\u00e9es. Ces deux migrants du Perche et d&rsquo;Aunis sont devenus les anc\u00eatres de centaines de milliers de personnes, un t\u00e9moignage vivant de la fondation de la Nouvelle-France. Les principales variantes observ\u00e9es sont :<\/p><ul><li style=\"list-style-type: none;\"><ul><li style=\"list-style-type: none;\"><ul><li>Tremblais<\/li><li>Tremblet<\/li><li>Trembley<\/li><li>Trembl\u00e9 (notamment dans le recensement de 1666, montrant une ancienne forme).<\/li><li>Tremblaye<\/li><\/ul><\/li><\/ul><\/li><\/ul><p>Dans les communaut\u00e9s francophones des \u00c9tats-Unis (particuli\u00e8rement en Nouvelle-Angleterre et en Louisiane), o\u00f9 les mariages et les enregistrements civils \u00e9taient souvent faits en anglais, le nom a subi une <b>am\u00e9ricanisation<\/b> des orthographes. Les variantes courantes incluent :<\/p><ul><li style=\"list-style-type: none;\"><ul><li style=\"list-style-type: none;\"><ul><li>Trombley<\/li><li>Trombly<\/li><li>Trembly<\/li><li>Tromblee<\/li><\/ul><\/li><\/ul><\/li><\/ul>\t\t\t\t\t\t\t\t<\/div>\n\t\t\t\t<\/div>\n\t\t\t\t<\/div>\n\t\t\t\t<\/div>\n\t\t","protected":false},"excerpt":{"rendered":"<p>Pierre Tremblay, enfant du Perche N\u00e9 vers 1626 \u00e0 Randonnai, une petite commune du Perche, Pierre Tremblay grandit dans une famille d&rsquo;agriculteurs. Ses parents, Philibert Tremblay et Jeanne Coignet, s&rsquo;\u00e9taient mari\u00e9s en 1623. Son p\u00e8re, Philibert, \u00e9tait cultivateur \u00e0 la&#8230;<\/p>\n","protected":false},"author":2,"featured_media":0,"parent":87735,"menu_order":0,"comment_status":"closed","ping_status":"closed","template":"elementor_header_footer","meta":{"footnotes":""},"class_list":["post-87693","page","type-page","status-publish","hentry"],"yoast_head":"<!-- This site is optimized with the Yoast SEO plugin v26.4 - https:\/\/yoast.com\/wordpress\/plugins\/seo\/ -->\n<title>Pierre et Ozanne - Tremblay de France<\/title>\n<meta name=\"description\" content=\"Pierre et Ozanne\" \/>\n<meta name=\"robots\" content=\"index, follow, max-snippet:-1, max-image-preview:large, max-video-preview:-1\" \/>\n<link rel=\"canonical\" href=\"https:\/\/www.tremblaydefrance.fr\/?page_id=87693\" \/>\n<meta property=\"og:locale\" content=\"fr_FR\" \/>\n<meta property=\"og:type\" content=\"article\" \/>\n<meta property=\"og:title\" content=\"Pierre et Ozanne - Tremblay de France\" \/>\n<meta property=\"og:description\" content=\"Pierre et Ozanne\" \/>\n<meta property=\"og:url\" content=\"https:\/\/www.tremblaydefrance.fr\/?page_id=87693\" \/>\n<meta property=\"article:publisher\" content=\"https:\/\/www.facebook.com\/profile.php?id=100091318592407\" \/>\n<meta property=\"article:modified_time\" content=\"2025-10-17T18:07:47+00:00\" \/>\n<meta property=\"og:image\" content=\"https:\/\/www.tremblaydefrance.fr\/wp-content\/uploads\/2025\/10\/PierreTremblayetOzanne-Anne-Achon.webp\" \/>\n\t<meta property=\"og:image:width\" content=\"1400\" \/>\n\t<meta property=\"og:image:height\" content=\"881\" \/>\n\t<meta property=\"og:image:type\" content=\"image\/webp\" \/>\n<meta name=\"twitter:card\" content=\"summary_large_image\" \/>\n<meta name=\"twitter:label1\" content=\"Dur\u00e9e de lecture estim\u00e9e\" \/>\n\t<meta name=\"twitter:data1\" content=\"5 minutes\" \/>\n<script type=\"application\/ld+json\" class=\"yoast-schema-graph\">{\"@context\":\"https:\/\/schema.org\",\"@graph\":[{\"@type\":\"WebPage\",\"@id\":\"https:\/\/www.tremblaydefrance.fr\/?page_id=87693\",\"url\":\"https:\/\/www.tremblaydefrance.fr\/?page_id=87693\",\"name\":\"Pierre et Ozanne - Tremblay de France\",\"isPartOf\":{\"@id\":\"https:\/\/www.tremblaydefrance.fr\/#website\"},\"primaryImageOfPage\":{\"@id\":\"https:\/\/www.tremblaydefrance.fr\/?page_id=87693#primaryimage\"},\"image\":{\"@id\":\"https:\/\/www.tremblaydefrance.fr\/?page_id=87693#primaryimage\"},\"thumbnailUrl\":\"https:\/\/www.tremblaydefrance.fr\/wp-content\/uploads\/2025\/10\/PierreTremblayetOzanne-Anne-Achon-1024x644.webp\",\"datePublished\":\"2025-10-14T21:08:56+00:00\",\"dateModified\":\"2025-10-17T18:07:47+00:00\",\"description\":\"Pierre et Ozanne\",\"breadcrumb\":{\"@id\":\"https:\/\/www.tremblaydefrance.fr\/?page_id=87693#breadcrumb\"},\"inLanguage\":\"fr-FR\",\"potentialAction\":[{\"@type\":\"ReadAction\",\"target\":[\"https:\/\/www.tremblaydefrance.fr\/?page_id=87693\"]}]},{\"@type\":\"ImageObject\",\"inLanguage\":\"fr-FR\",\"@id\":\"https:\/\/www.tremblaydefrance.fr\/?page_id=87693#primaryimage\",\"url\":\"https:\/\/www.tremblaydefrance.fr\/wp-content\/uploads\/2025\/10\/PierreTremblayetOzanne-Anne-Achon.webp\",\"contentUrl\":\"https:\/\/www.tremblaydefrance.fr\/wp-content\/uploads\/2025\/10\/PierreTremblayetOzanne-Anne-Achon.webp\",\"width\":1400,\"height\":881},{\"@type\":\"BreadcrumbList\",\"@id\":\"https:\/\/www.tremblaydefrance.fr\/?page_id=87693#breadcrumb\",\"itemListElement\":[{\"@type\":\"ListItem\",\"position\":1,\"name\":\"Accueil\",\"item\":\"https:\/\/www.tremblaydefrance.fr\/\"},{\"@type\":\"ListItem\",\"position\":2,\"name\":\"Patronyme et Histoire\",\"item\":\"https:\/\/www.tremblaydefrance.fr\/?page_id=87735\"},{\"@type\":\"ListItem\",\"position\":3,\"name\":\"Pierre et Ozanne\"}]},{\"@type\":\"WebSite\",\"@id\":\"https:\/\/www.tremblaydefrance.fr\/#website\",\"url\":\"https:\/\/www.tremblaydefrance.fr\/\",\"name\":\"Association des Tremblay de France\",\"description\":\"ASSOCIATION DES TREMBLAY DE FRANCE\",\"publisher\":{\"@id\":\"https:\/\/www.tremblaydefrance.fr\/#organization\"},\"alternateName\":\"ATF\",\"potentialAction\":[{\"@type\":\"SearchAction\",\"target\":{\"@type\":\"EntryPoint\",\"urlTemplate\":\"https:\/\/www.tremblaydefrance.fr\/?s={search_term_string}\"},\"query-input\":{\"@type\":\"PropertyValueSpecification\",\"valueRequired\":true,\"valueName\":\"search_term_string\"}}],\"inLanguage\":\"fr-FR\"},{\"@type\":\"Organization\",\"@id\":\"https:\/\/www.tremblaydefrance.fr\/#organization\",\"name\":\"Association des Tremblay de France\",\"alternateName\":\"ATF\",\"url\":\"https:\/\/www.tremblaydefrance.fr\/\",\"logo\":{\"@type\":\"ImageObject\",\"inLanguage\":\"fr-FR\",\"@id\":\"https:\/\/www.tremblaydefrance.fr\/#\/schema\/logo\/image\/\",\"url\":\"https:\/\/www.tremblaydefrance.fr\/wp-content\/uploads\/2025\/10\/cropped-v266-20060023-A_arms_TEVSB.jpg\",\"contentUrl\":\"https:\/\/www.tremblaydefrance.fr\/wp-content\/uploads\/2025\/10\/cropped-v266-20060023-A_arms_TEVSB.jpg\",\"width\":484,\"height\":495,\"caption\":\"Association des Tremblay de France\"},\"image\":{\"@id\":\"https:\/\/www.tremblaydefrance.fr\/#\/schema\/logo\/image\/\"},\"sameAs\":[\"https:\/\/www.facebook.com\/profile.php?id=100091318592407\",\"https:\/\/www.instagram.com\/les_tremblay_de_france_atf\/\"]}]}<\/script>\n<!-- \/ Yoast SEO plugin. -->","yoast_head_json":{"title":"Pierre et Ozanne - Tremblay de France","description":"Pierre et Ozanne","robots":{"index":"index","follow":"follow","max-snippet":"max-snippet:-1","max-image-preview":"max-image-preview:large","max-video-preview":"max-video-preview:-1"},"canonical":"https:\/\/www.tremblaydefrance.fr\/?page_id=87693","og_locale":"fr_FR","og_type":"article","og_title":"Pierre et Ozanne - Tremblay de France","og_description":"Pierre et Ozanne","og_url":"https:\/\/www.tremblaydefrance.fr\/?page_id=87693","article_publisher":"https:\/\/www.facebook.com\/profile.php?id=100091318592407","article_modified_time":"2025-10-17T18:07:47+00:00","og_image":[{"width":1400,"height":881,"url":"https:\/\/www.tremblaydefrance.fr\/wp-content\/uploads\/2025\/10\/PierreTremblayetOzanne-Anne-Achon.webp","type":"image\/webp"}],"twitter_card":"summary_large_image","twitter_misc":{"Dur\u00e9e de lecture estim\u00e9e":"5 minutes"},"schema":{"@context":"https:\/\/schema.org","@graph":[{"@type":"WebPage","@id":"https:\/\/www.tremblaydefrance.fr\/?page_id=87693","url":"https:\/\/www.tremblaydefrance.fr\/?page_id=87693","name":"Pierre et Ozanne - Tremblay de France","isPartOf":{"@id":"https:\/\/www.tremblaydefrance.fr\/#website"},"primaryImageOfPage":{"@id":"https:\/\/www.tremblaydefrance.fr\/?page_id=87693#primaryimage"},"image":{"@id":"https:\/\/www.tremblaydefrance.fr\/?page_id=87693#primaryimage"},"thumbnailUrl":"https:\/\/www.tremblaydefrance.fr\/wp-content\/uploads\/2025\/10\/PierreTremblayetOzanne-Anne-Achon-1024x644.webp","datePublished":"2025-10-14T21:08:56+00:00","dateModified":"2025-10-17T18:07:47+00:00","description":"Pierre et Ozanne","breadcrumb":{"@id":"https:\/\/www.tremblaydefrance.fr\/?page_id=87693#breadcrumb"},"inLanguage":"fr-FR","potentialAction":[{"@type":"ReadAction","target":["https:\/\/www.tremblaydefrance.fr\/?page_id=87693"]}]},{"@type":"ImageObject","inLanguage":"fr-FR","@id":"https:\/\/www.tremblaydefrance.fr\/?page_id=87693#primaryimage","url":"https:\/\/www.tremblaydefrance.fr\/wp-content\/uploads\/2025\/10\/PierreTremblayetOzanne-Anne-Achon.webp","contentUrl":"https:\/\/www.tremblaydefrance.fr\/wp-content\/uploads\/2025\/10\/PierreTremblayetOzanne-Anne-Achon.webp","width":1400,"height":881},{"@type":"BreadcrumbList","@id":"https:\/\/www.tremblaydefrance.fr\/?page_id=87693#breadcrumb","itemListElement":[{"@type":"ListItem","position":1,"name":"Accueil","item":"https:\/\/www.tremblaydefrance.fr\/"},{"@type":"ListItem","position":2,"name":"Patronyme et Histoire","item":"https:\/\/www.tremblaydefrance.fr\/?page_id=87735"},{"@type":"ListItem","position":3,"name":"Pierre et Ozanne"}]},{"@type":"WebSite","@id":"https:\/\/www.tremblaydefrance.fr\/#website","url":"https:\/\/www.tremblaydefrance.fr\/","name":"Association des Tremblay de France","description":"ASSOCIATION DES TREMBLAY DE FRANCE","publisher":{"@id":"https:\/\/www.tremblaydefrance.fr\/#organization"},"alternateName":"ATF","potentialAction":[{"@type":"SearchAction","target":{"@type":"EntryPoint","urlTemplate":"https:\/\/www.tremblaydefrance.fr\/?s={search_term_string}"},"query-input":{"@type":"PropertyValueSpecification","valueRequired":true,"valueName":"search_term_string"}}],"inLanguage":"fr-FR"},{"@type":"Organization","@id":"https:\/\/www.tremblaydefrance.fr\/#organization","name":"Association des Tremblay de France","alternateName":"ATF","url":"https:\/\/www.tremblaydefrance.fr\/","logo":{"@type":"ImageObject","inLanguage":"fr-FR","@id":"https:\/\/www.tremblaydefrance.fr\/#\/schema\/logo\/image\/","url":"https:\/\/www.tremblaydefrance.fr\/wp-content\/uploads\/2025\/10\/cropped-v266-20060023-A_arms_TEVSB.jpg","contentUrl":"https:\/\/www.tremblaydefrance.fr\/wp-content\/uploads\/2025\/10\/cropped-v266-20060023-A_arms_TEVSB.jpg","width":484,"height":495,"caption":"Association des Tremblay de France"},"image":{"@id":"https:\/\/www.tremblaydefrance.fr\/#\/schema\/logo\/image\/"},"sameAs":["https:\/\/www.facebook.com\/profile.php?id=100091318592407","https:\/\/www.instagram.com\/les_tremblay_de_france_atf\/"]}]}},"_links":{"self":[{"href":"https:\/\/www.tremblaydefrance.fr\/index.php?rest_route=\/wp\/v2\/pages\/87693","targetHints":{"allow":["GET"]}}],"collection":[{"href":"https:\/\/www.tremblaydefrance.fr\/index.php?rest_route=\/wp\/v2\/pages"}],"about":[{"href":"https:\/\/www.tremblaydefrance.fr\/index.php?rest_route=\/wp\/v2\/types\/page"}],"author":[{"embeddable":true,"href":"https:\/\/www.tremblaydefrance.fr\/index.php?rest_route=\/wp\/v2\/users\/2"}],"replies":[{"embeddable":true,"href":"https:\/\/www.tremblaydefrance.fr\/index.php?rest_route=%2Fwp%2Fv2%2Fcomments&post=87693"}],"version-history":[{"count":30,"href":"https:\/\/www.tremblaydefrance.fr\/index.php?rest_route=\/wp\/v2\/pages\/87693\/revisions"}],"predecessor-version":[{"id":87942,"href":"https:\/\/www.tremblaydefrance.fr\/index.php?rest_route=\/wp\/v2\/pages\/87693\/revisions\/87942"}],"up":[{"embeddable":true,"href":"https:\/\/www.tremblaydefrance.fr\/index.php?rest_route=\/wp\/v2\/pages\/87735"}],"wp:attachment":[{"href":"https:\/\/www.tremblaydefrance.fr\/index.php?rest_route=%2Fwp%2Fv2%2Fmedia&parent=87693"}],"curies":[{"name":"wp","href":"https:\/\/api.w.org\/{rel}","templated":true}]}}