{"id":87652,"date":"2025-10-14T20:56:15","date_gmt":"2025-10-14T19:56:15","guid":{"rendered":"https:\/\/www.tremblaydefrance.fr\/?page_id=87652"},"modified":"2025-12-07T20:44:23","modified_gmt":"2025-12-07T19:44:23","slug":"accueil","status":"publish","type":"page","link":"https:\/\/www.tremblaydefrance.fr\/","title":{"rendered":"Accueil"},"content":{"rendered":"\t\t<div data-elementor-type=\"wp-page\" data-elementor-id=\"87652\" class=\"elementor elementor-87652\">\n\t\t\t\t<div class=\"elementor-element elementor-element-34413c6 e-flex e-con-boxed e-con e-parent\" data-id=\"34413c6\" data-element_type=\"container\" data-e-type=\"container\">\n\t\t\t\t\t<div class=\"e-con-inner\">\n\t\t\t\t<div class=\"elementor-element elementor-element-61be780 elementor-widget elementor-widget-text-editor\" data-id=\"61be780\" data-element_type=\"widget\" data-e-type=\"widget\" data-widget_type=\"text-editor.default\">\n\t\t\t\t<div class=\"elementor-widget-container\">\n\t\t\t\t\t\t\t\t\t<p>Bienvenue \u00e0 tous,<\/p><p>Depuis plus de trente cinq ans, l&rsquo;Association des Tremblay de France r\u00e9unit des personnes li\u00e9es de mani\u00e8re directe ou indirecte au patronyme TREMBLAY et \u00e0 toutes ses d\u00e9clinaisons. Ce groupe a su tisser des liens fraternels et des relations conviviales autour de valeurs communes : comprendre ses origines, s&rsquo;ouvrir \u00e0 l&rsquo;histoire et \u00e0 la culture.<\/p>\t\t\t\t\t\t\t\t<\/div>\n\t\t\t\t<\/div>\n\t\t\t\t\t<\/div>\n\t\t\t\t<\/div>\n\t\t<div class=\"elementor-element elementor-element-cf4b637 e-flex e-con-boxed e-con e-parent\" data-id=\"cf4b637\" data-element_type=\"container\" data-e-type=\"container\">\n\t\t\t\t\t<div class=\"e-con-inner\">\n\t\t\t\t<div class=\"elementor-element elementor-element-1687f6e elementor-widget elementor-widget-heading\" data-id=\"1687f6e\" data-element_type=\"widget\" data-e-type=\"widget\" data-widget_type=\"heading.default\">\n\t\t\t\t<div class=\"elementor-widget-container\">\n\t\t\t\t\t<h2 class=\"elementor-heading-title elementor-size-default\">Actualit\u00e9s<\/h2>\t\t\t\t<\/div>\n\t\t\t\t<\/div>\n\t\t\t\t\t<\/div>\n\t\t\t\t<\/div>\n\t\t<div class=\"elementor-element elementor-element-5bcced6 e-flex e-con-boxed e-con e-parent\" data-id=\"5bcced6\" data-element_type=\"container\" data-e-type=\"container\">\n\t\t\t\t\t<div class=\"e-con-inner\">\n\t\t<div class=\"elementor-element elementor-element-438d0ed e-con-full e-flex e-con e-child\" data-id=\"438d0ed\" data-element_type=\"container\" data-e-type=\"container\" data-settings=\"{&quot;background_background&quot;:&quot;classic&quot;}\">\n\t\t\t\t<div class=\"elementor-element elementor-element-96635c0 elementor-widget elementor-widget-heading\" data-id=\"96635c0\" data-element_type=\"widget\" data-e-type=\"widget\" data-widget_type=\"heading.default\">\n\t\t\t\t<div class=\"elementor-widget-container\">\n\t\t\t\t\t<h2 class=\"elementor-heading-title elementor-size-default\">Assembl\u00e9e G\u00e9n\u00e9rale 2026<\/h2>\t\t\t\t<\/div>\n\t\t\t\t<\/div>\n\t\t\t\t<div class=\"elementor-element elementor-element-bf6d38b elementor-widget elementor-widget-text-editor\" data-id=\"bf6d38b\" data-element_type=\"widget\" data-e-type=\"widget\" data-widget_type=\"text-editor.default\">\n\t\t\t\t<div class=\"elementor-widget-container\">\n\t\t\t\t\t\t\t\t\t<p>20\u00e8me anniversaire des Mus\u00e9ales<\/p><p>400\u00e8me anniversaire de Pierre Tremblay<\/p>\t\t\t\t\t\t\t\t<\/div>\n\t\t\t\t<\/div>\n\t\t<div class=\"elementor-element elementor-element-269de94 e-con-full e-flex e-con e-child\" data-id=\"269de94\" data-element_type=\"container\" data-e-type=\"container\">\n\t\t\t\t<div class=\"elementor-element elementor-element-be3ab13 elementor-widget elementor-widget-heading\" data-id=\"be3ab13\" data-element_type=\"widget\" data-e-type=\"widget\" data-widget_type=\"heading.default\">\n\t\t\t\t<div class=\"elementor-widget-container\">\n\t\t\t\t\t<h2 class=\"elementor-heading-title elementor-size-default\"><a href=\"https:\/\/www.tremblaydefrance.fr\/?page_id=87992\" target=\"_blank\">Consultez les logements disponibles<\/a><\/h2>\t\t\t\t<\/div>\n\t\t\t\t<\/div>\n\t\t\t\t<\/div>\n\t\t\t\t<\/div>\n\t\t\t\t\t<\/div>\n\t\t\t\t<\/div>\n\t\t<div class=\"elementor-element elementor-element-856468b e-grid e-con-boxed e-con e-parent\" data-id=\"856468b\" data-element_type=\"container\" data-e-type=\"container\">\n\t\t\t\t\t<div class=\"e-con-inner\">\n\t\t\t\t<div class=\"elementor-element elementor-element-fbae026 elementor-widget elementor-widget-text-editor\" data-id=\"fbae026\" data-element_type=\"widget\" data-e-type=\"widget\" data-widget_type=\"text-editor.default\">\n\t\t\t\t<div class=\"elementor-widget-container\">\n\t\t\t\t\t\t\t\t\t<p style=\"text-align: center;\"><strong>\u00ab\u00a0Traces Nouvelle-France\u00a0\u00bb<\/strong><\/p><p data-path-to-node=\"1\">La base de donn\u00e9es <b>\u00ab Traces Nouvelle-France \u00bb<\/b> a \u00e9t\u00e9 officiellement lanc\u00e9e le 1er octobre 2025 pour permettre de retrouver les lieux et les personnages fran\u00e7ais partis fonder la Nouvelle-France (Qu\u00e9bec, Acadie, Louisiane) entre le <span class=\"math-inline\" data-math=\"XV^e\"><span class=\"katex\"><span class=\"katex-html\" aria-hidden=\"true\"><span class=\"base\"><span class=\"mord mathnormal\">X<\/span><span class=\"mord\"><span class=\"mord mathnormal\">V<\/span><span class=\"msupsub\"><span class=\"vlist-t\"><span class=\"vlist-r\"><span class=\"vlist\"><span class=\"\"><span class=\"sizing reset-size6 size3 mtight\"><span class=\"mord mathnormal mtight\">e<\/span><\/span><\/span><\/span><\/span><\/span><\/span><\/span><\/span><\/span><\/span><\/span> et le <span class=\"math-inline\" data-math=\"XVIII^e\"><span class=\"katex\"><span class=\"katex-html\" aria-hidden=\"true\"><span class=\"base\"><span class=\"mord mathnormal\">X<\/span><span class=\"mord mathnormal\">V<\/span><span class=\"mord mathnormal\">II<\/span><span class=\"mord\"><span class=\"mord mathnormal\">I<\/span><span class=\"msupsub\"><span class=\"vlist-t\"><span class=\"vlist-r\"><span class=\"vlist\"><span class=\"\"><span class=\"sizing reset-size6 size3 mtight\"><span class=\"mord mathnormal mtight\">e<\/span><\/span><\/span><\/span><\/span><\/span><\/span><\/span><\/span><\/span><\/span><\/span> si\u00e8cle.<\/p><p data-path-to-node=\"2\">R\u00e9sultat de dix ans de travail collectif du r\u00e9seau France-Qu\u00e9bec Francophonie, cette ressource croise diverses sources d&rsquo;archives pour inventorier les sites et les origines des pionniers.<\/p><p data-path-to-node=\"3\">Elle vise \u00e0 rendre l&rsquo;histoire commune de la Nouvelle-France plus attractive pour le grand public, notamment pour la g\u00e9n\u00e9alogie et le tourisme de m\u00e9moire, en f\u00e9d\u00e9rant les acteurs locaux autour d&rsquo;une strat\u00e9gie touristique appel\u00e9e <b>\u00ab Destination Nouvelle-France \u00bb<\/b>.<\/p>\t\t\t\t\t\t\t\t<\/div>\n\t\t\t\t<\/div>\n\t\t\t\t<div class=\"elementor-element elementor-element-53401c3 elementor-widget elementor-widget-image\" data-id=\"53401c3\" data-element_type=\"widget\" data-e-type=\"widget\" data-widget_type=\"image.default\">\n\t\t\t\t<div class=\"elementor-widget-container\">\n\t\t\t\t\t\t\t\t\t\t\t\t\t\t\t\t<a href=\"https:\/\/traces-nouvelle-france.vercel.app\/explorer-donnees\">\n\t\t\t\t\t\t\t<img fetchpriority=\"high\" decoding=\"async\" width=\"370\" height=\"337\" src=\"https:\/\/www.tremblaydefrance.fr\/wp-content\/uploads\/2025\/11\/Image-01-370x337-1.jpg\" class=\"attachment-2048x2048 size-2048x2048 wp-image-87973\" alt=\"\" srcset=\"https:\/\/www.tremblaydefrance.fr\/wp-content\/uploads\/2025\/11\/Image-01-370x337-1.jpg 370w, https:\/\/www.tremblaydefrance.fr\/wp-content\/uploads\/2025\/11\/Image-01-370x337-1-300x273.jpg 300w\" sizes=\"(max-width: 370px) 100vw, 370px\" \/>\t\t\t\t\t\t\t\t<\/a>\n\t\t\t\t\t\t\t\t\t\t\t\t\t\t\t<\/div>\n\t\t\t\t<\/div>\n\t\t\t\t\t<\/div>\n\t\t\t\t<\/div>\n\t\t<div class=\"elementor-element elementor-element-d127cc1 e-con-full e-flex e-con e-parent\" data-id=\"d127cc1\" data-element_type=\"container\" data-e-type=\"container\">\n\t\t<div class=\"elementor-element elementor-element-16a70a4 e-con-full e-flex e-con e-child\" data-id=\"16a70a4\" data-element_type=\"container\" data-e-type=\"container\">\n\t\t\t\t<div class=\"elementor-element elementor-element-5391aad elementor-widget elementor-widget-text-editor\" data-id=\"5391aad\" data-element_type=\"widget\" data-e-type=\"widget\" data-widget_type=\"text-editor.default\">\n\t\t\t\t<div class=\"elementor-widget-container\">\n\t\t\t\t\t\t\t\t\t<p style=\"text-align: center;\">Retrouvez-nous sur Facebook et Instagram<\/p>\t\t\t\t\t\t\t\t<\/div>\n\t\t\t\t<\/div>\n\t\t\t\t<div class=\"elementor-element elementor-element-3082bc7 elementor-shape-rounded elementor-grid-0 e-grid-align-center elementor-widget elementor-widget-social-icons\" data-id=\"3082bc7\" data-element_type=\"widget\" data-e-type=\"widget\" data-widget_type=\"social-icons.default\">\n\t\t\t\t<div class=\"elementor-widget-container\">\n\t\t\t\t\t\t\t<div class=\"elementor-social-icons-wrapper elementor-grid\" role=\"list\">\n\t\t\t\t\t\t\t<span class=\"elementor-grid-item\" role=\"listitem\">\n\t\t\t\t\t<a class=\"elementor-icon elementor-social-icon elementor-social-icon-facebook elementor-repeater-item-1066aeb\" href=\"https:\/\/www.facebook.com\/profile.php?id=100091318592407\" target=\"_blank\">\n\t\t\t\t\t\t<span class=\"elementor-screen-only\">Facebook<\/span>\n\t\t\t\t\t\t<svg aria-hidden=\"true\" class=\"e-font-icon-svg e-fab-facebook\" viewBox=\"0 0 512 512\" xmlns=\"http:\/\/www.w3.org\/2000\/svg\"><path d=\"M504 256C504 119 393 8 256 8S8 119 8 256c0 123.78 90.69 226.38 209.25 245V327.69h-63V256h63v-54.64c0-62.15 37-96.48 93.67-96.48 27.14 0 55.52 4.84 55.52 4.84v61h-31.28c-30.8 0-40.41 19.12-40.41 38.73V256h68.78l-11 71.69h-57.78V501C413.31 482.38 504 379.78 504 256z\"><\/path><\/svg>\t\t\t\t\t<\/a>\n\t\t\t\t<\/span>\n\t\t\t\t\t\t\t<span class=\"elementor-grid-item\" role=\"listitem\">\n\t\t\t\t\t<a class=\"elementor-icon elementor-social-icon elementor-social-icon-instagram elementor-repeater-item-af0bbe3\" href=\"https:\/\/www.instagram.com\/les_tremblay_de_france_atf\/\" target=\"_blank\">\n\t\t\t\t\t\t<span class=\"elementor-screen-only\">Instagram<\/span>\n\t\t\t\t\t\t<svg aria-hidden=\"true\" class=\"e-font-icon-svg e-fab-instagram\" viewBox=\"0 0 448 512\" xmlns=\"http:\/\/www.w3.org\/2000\/svg\"><path d=\"M224.1 141c-63.6 0-114.9 51.3-114.9 114.9s51.3 114.9 114.9 114.9S339 319.5 339 255.9 287.7 141 224.1 141zm0 189.6c-41.1 0-74.7-33.5-74.7-74.7s33.5-74.7 74.7-74.7 74.7 33.5 74.7 74.7-33.6 74.7-74.7 74.7zm146.4-194.3c0 14.9-12 26.8-26.8 26.8-14.9 0-26.8-12-26.8-26.8s12-26.8 26.8-26.8 26.8 12 26.8 26.8zm76.1 27.2c-1.7-35.9-9.9-67.7-36.2-93.9-26.2-26.2-58-34.4-93.9-36.2-37-2.1-147.9-2.1-184.9 0-35.8 1.7-67.6 9.9-93.9 36.1s-34.4 58-36.2 93.9c-2.1 37-2.1 147.9 0 184.9 1.7 35.9 9.9 67.7 36.2 93.9s58 34.4 93.9 36.2c37 2.1 147.9 2.1 184.9 0 35.9-1.7 67.7-9.9 93.9-36.2 26.2-26.2 34.4-58 36.2-93.9 2.1-37 2.1-147.8 0-184.8zM398.8 388c-7.8 19.6-22.9 34.7-42.6 42.6-29.5 11.7-99.5 9-132.1 9s-102.7 2.6-132.1-9c-19.6-7.8-34.7-22.9-42.6-42.6-11.7-29.5-9-99.5-9-132.1s-2.6-102.7 9-132.1c7.8-19.6 22.9-34.7 42.6-42.6 29.5-11.7 99.5-9 132.1-9s102.7-2.6 132.1 9c19.6 7.8 34.7 22.9 42.6 42.6 11.7 29.5 9 99.5 9 132.1s2.7 102.7-9 132.1z\"><\/path><\/svg>\t\t\t\t\t<\/a>\n\t\t\t\t<\/span>\n\t\t\t\t\t<\/div>\n\t\t\t\t\t\t<\/div>\n\t\t\t\t<\/div>\n\t\t\t\t<\/div>\n\t\t\t\t<\/div>\n\t\t\t\t<\/div>\n\t\t","protected":false},"excerpt":{"rendered":"<p>Bienvenue \u00e0 tous, Depuis plus de trente cinq ans, l&rsquo;Association des Tremblay de France r\u00e9unit des personnes li\u00e9es de mani\u00e8re directe ou indirecte au patronyme TREMBLAY et \u00e0 toutes ses d\u00e9clinaisons. Ce groupe a su tisser des liens fraternels et&#8230;<\/p>\n","protected":false},"author":2,"featured_media":0,"parent":0,"menu_order":0,"comment_status":"closed","ping_status":"closed","template":"elementor_header_footer","meta":{"footnotes":""},"class_list":["post-87652","page","type-page","status-publish","hentry"],"yoast_head":"<!-- This site is optimized with the Yoast SEO plugin v26.4 - https:\/\/yoast.com\/wordpress\/plugins\/seo\/ -->\n<title>Accueil - Tremblay de France<\/title>\n<meta name=\"description\" content=\"Accueil\" \/>\n<meta name=\"robots\" content=\"index, follow, max-snippet:-1, max-image-preview:large, max-video-preview:-1\" \/>\n<link rel=\"canonical\" href=\"https:\/\/www.tremblaydefrance.fr\/\" \/>\n<meta property=\"og:locale\" content=\"fr_FR\" \/>\n<meta property=\"og:type\" content=\"article\" \/>\n<meta property=\"og:title\" content=\"Accueil - Tremblay de France\" \/>\n<meta property=\"og:description\" content=\"Accueil\" \/>\n<meta property=\"og:url\" content=\"https:\/\/www.tremblaydefrance.fr\/\" \/>\n<meta property=\"article:publisher\" content=\"https:\/\/www.facebook.com\/profile.php?id=100091318592407\" \/>\n<meta property=\"article:modified_time\" content=\"2025-12-07T19:44:23+00:00\" \/>\n<meta property=\"og:image\" content=\"https:\/\/www.tremblaydefrance.fr\/wp-content\/uploads\/2025\/11\/Image-01-370x337-1.jpg\" \/>\n\t<meta property=\"og:image:width\" content=\"370\" \/>\n\t<meta property=\"og:image:height\" content=\"337\" \/>\n\t<meta property=\"og:image:type\" content=\"image\/jpeg\" \/>\n<meta name=\"twitter:card\" content=\"summary_large_image\" \/>\n<meta name=\"twitter:label1\" content=\"Dur\u00e9e de lecture estim\u00e9e\" \/>\n\t<meta name=\"twitter:data1\" content=\"2 minutes\" \/>\n<script type=\"application\/ld+json\" class=\"yoast-schema-graph\">{\"@context\":\"https:\/\/schema.org\",\"@graph\":[{\"@type\":\"WebPage\",\"@id\":\"https:\/\/www.tremblaydefrance.fr\/\",\"url\":\"https:\/\/www.tremblaydefrance.fr\/\",\"name\":\"Accueil - Tremblay de France\",\"isPartOf\":{\"@id\":\"https:\/\/www.tremblaydefrance.fr\/#website\"},\"primaryImageOfPage\":{\"@id\":\"https:\/\/www.tremblaydefrance.fr\/#primaryimage\"},\"image\":{\"@id\":\"https:\/\/www.tremblaydefrance.fr\/#primaryimage\"},\"thumbnailUrl\":\"https:\/\/www.tremblaydefrance.fr\/wp-content\/uploads\/2025\/11\/Image-01-370x337-1.jpg\",\"datePublished\":\"2025-10-14T19:56:15+00:00\",\"dateModified\":\"2025-12-07T19:44:23+00:00\",\"description\":\"Accueil\",\"breadcrumb\":{\"@id\":\"https:\/\/www.tremblaydefrance.fr\/#breadcrumb\"},\"inLanguage\":\"fr-FR\",\"potentialAction\":[{\"@type\":\"ReadAction\",\"target\":[\"https:\/\/www.tremblaydefrance.fr\/\"]}]},{\"@type\":\"ImageObject\",\"inLanguage\":\"fr-FR\",\"@id\":\"https:\/\/www.tremblaydefrance.fr\/#primaryimage\",\"url\":\"https:\/\/www.tremblaydefrance.fr\/wp-content\/uploads\/2025\/11\/Image-01-370x337-1.jpg\",\"contentUrl\":\"https:\/\/www.tremblaydefrance.fr\/wp-content\/uploads\/2025\/11\/Image-01-370x337-1.jpg\",\"width\":370,\"height\":337},{\"@type\":\"BreadcrumbList\",\"@id\":\"https:\/\/www.tremblaydefrance.fr\/#breadcrumb\",\"itemListElement\":[{\"@type\":\"ListItem\",\"position\":1,\"name\":\"Accueil\",\"item\":\"https:\/\/www.tremblaydefrance.fr\/\"},{\"@type\":\"ListItem\",\"position\":2,\"name\":\"Accueil\"}]},{\"@type\":\"WebSite\",\"@id\":\"https:\/\/www.tremblaydefrance.fr\/#website\",\"url\":\"https:\/\/www.tremblaydefrance.fr\/\",\"name\":\"Association des Tremblay de France\",\"description\":\"ASSOCIATION DES TREMBLAY DE FRANCE\",\"publisher\":{\"@id\":\"https:\/\/www.tremblaydefrance.fr\/#organization\"},\"alternateName\":\"ATF\",\"potentialAction\":[{\"@type\":\"SearchAction\",\"target\":{\"@type\":\"EntryPoint\",\"urlTemplate\":\"https:\/\/www.tremblaydefrance.fr\/?s={search_term_string}\"},\"query-input\":{\"@type\":\"PropertyValueSpecification\",\"valueRequired\":true,\"valueName\":\"search_term_string\"}}],\"inLanguage\":\"fr-FR\"},{\"@type\":\"Organization\",\"@id\":\"https:\/\/www.tremblaydefrance.fr\/#organization\",\"name\":\"Association des Tremblay de France\",\"alternateName\":\"ATF\",\"url\":\"https:\/\/www.tremblaydefrance.fr\/\",\"logo\":{\"@type\":\"ImageObject\",\"inLanguage\":\"fr-FR\",\"@id\":\"https:\/\/www.tremblaydefrance.fr\/#\/schema\/logo\/image\/\",\"url\":\"https:\/\/www.tremblaydefrance.fr\/wp-content\/uploads\/2025\/10\/cropped-v266-20060023-A_arms_TEVSB.jpg\",\"contentUrl\":\"https:\/\/www.tremblaydefrance.fr\/wp-content\/uploads\/2025\/10\/cropped-v266-20060023-A_arms_TEVSB.jpg\",\"width\":484,\"height\":495,\"caption\":\"Association des Tremblay de France\"},\"image\":{\"@id\":\"https:\/\/www.tremblaydefrance.fr\/#\/schema\/logo\/image\/\"},\"sameAs\":[\"https:\/\/www.facebook.com\/profile.php?id=100091318592407\",\"https:\/\/www.instagram.com\/les_tremblay_de_france_atf\/\"]}]}<\/script>\n<!-- \/ Yoast SEO plugin. -->","yoast_head_json":{"title":"Accueil - Tremblay de France","description":"Accueil","robots":{"index":"index","follow":"follow","max-snippet":"max-snippet:-1","max-image-preview":"max-image-preview:large","max-video-preview":"max-video-preview:-1"},"canonical":"https:\/\/www.tremblaydefrance.fr\/","og_locale":"fr_FR","og_type":"article","og_title":"Accueil - Tremblay de France","og_description":"Accueil","og_url":"https:\/\/www.tremblaydefrance.fr\/","article_publisher":"https:\/\/www.facebook.com\/profile.php?id=100091318592407","article_modified_time":"2025-12-07T19:44:23+00:00","og_image":[{"width":370,"height":337,"url":"https:\/\/www.tremblaydefrance.fr\/wp-content\/uploads\/2025\/11\/Image-01-370x337-1.jpg","type":"image\/jpeg"}],"twitter_card":"summary_large_image","twitter_misc":{"Dur\u00e9e de lecture estim\u00e9e":"2 minutes"},"schema":{"@context":"https:\/\/schema.org","@graph":[{"@type":"WebPage","@id":"https:\/\/www.tremblaydefrance.fr\/","url":"https:\/\/www.tremblaydefrance.fr\/","name":"Accueil - Tremblay de France","isPartOf":{"@id":"https:\/\/www.tremblaydefrance.fr\/#website"},"primaryImageOfPage":{"@id":"https:\/\/www.tremblaydefrance.fr\/#primaryimage"},"image":{"@id":"https:\/\/www.tremblaydefrance.fr\/#primaryimage"},"thumbnailUrl":"https:\/\/www.tremblaydefrance.fr\/wp-content\/uploads\/2025\/11\/Image-01-370x337-1.jpg","datePublished":"2025-10-14T19:56:15+00:00","dateModified":"2025-12-07T19:44:23+00:00","description":"Accueil","breadcrumb":{"@id":"https:\/\/www.tremblaydefrance.fr\/#breadcrumb"},"inLanguage":"fr-FR","potentialAction":[{"@type":"ReadAction","target":["https:\/\/www.tremblaydefrance.fr\/"]}]},{"@type":"ImageObject","inLanguage":"fr-FR","@id":"https:\/\/www.tremblaydefrance.fr\/#primaryimage","url":"https:\/\/www.tremblaydefrance.fr\/wp-content\/uploads\/2025\/11\/Image-01-370x337-1.jpg","contentUrl":"https:\/\/www.tremblaydefrance.fr\/wp-content\/uploads\/2025\/11\/Image-01-370x337-1.jpg","width":370,"height":337},{"@type":"BreadcrumbList","@id":"https:\/\/www.tremblaydefrance.fr\/#breadcrumb","itemListElement":[{"@type":"ListItem","position":1,"name":"Accueil","item":"https:\/\/www.tremblaydefrance.fr\/"},{"@type":"ListItem","position":2,"name":"Accueil"}]},{"@type":"WebSite","@id":"https:\/\/www.tremblaydefrance.fr\/#website","url":"https:\/\/www.tremblaydefrance.fr\/","name":"Association des Tremblay de France","description":"ASSOCIATION DES TREMBLAY DE FRANCE","publisher":{"@id":"https:\/\/www.tremblaydefrance.fr\/#organization"},"alternateName":"ATF","potentialAction":[{"@type":"SearchAction","target":{"@type":"EntryPoint","urlTemplate":"https:\/\/www.tremblaydefrance.fr\/?s={search_term_string}"},"query-input":{"@type":"PropertyValueSpecification","valueRequired":true,"valueName":"search_term_string"}}],"inLanguage":"fr-FR"},{"@type":"Organization","@id":"https:\/\/www.tremblaydefrance.fr\/#organization","name":"Association des Tremblay de France","alternateName":"ATF","url":"https:\/\/www.tremblaydefrance.fr\/","logo":{"@type":"ImageObject","inLanguage":"fr-FR","@id":"https:\/\/www.tremblaydefrance.fr\/#\/schema\/logo\/image\/","url":"https:\/\/www.tremblaydefrance.fr\/wp-content\/uploads\/2025\/10\/cropped-v266-20060023-A_arms_TEVSB.jpg","contentUrl":"https:\/\/www.tremblaydefrance.fr\/wp-content\/uploads\/2025\/10\/cropped-v266-20060023-A_arms_TEVSB.jpg","width":484,"height":495,"caption":"Association des Tremblay de France"},"image":{"@id":"https:\/\/www.tremblaydefrance.fr\/#\/schema\/logo\/image\/"},"sameAs":["https:\/\/www.facebook.com\/profile.php?id=100091318592407","https:\/\/www.instagram.com\/les_tremblay_de_france_atf\/"]}]}},"_links":{"self":[{"href":"https:\/\/www.tremblaydefrance.fr\/index.php?rest_route=\/wp\/v2\/pages\/87652","targetHints":{"allow":["GET"]}}],"collection":[{"href":"https:\/\/www.tremblaydefrance.fr\/index.php?rest_route=\/wp\/v2\/pages"}],"about":[{"href":"https:\/\/www.tremblaydefrance.fr\/index.php?rest_route=\/wp\/v2\/types\/page"}],"author":[{"embeddable":true,"href":"https:\/\/www.tremblaydefrance.fr\/index.php?rest_route=\/wp\/v2\/users\/2"}],"replies":[{"embeddable":true,"href":"https:\/\/www.tremblaydefrance.fr\/index.php?rest_route=%2Fwp%2Fv2%2Fcomments&post=87652"}],"version-history":[{"count":42,"href":"https:\/\/www.tremblaydefrance.fr\/index.php?rest_route=\/wp\/v2\/pages\/87652\/revisions"}],"predecessor-version":[{"id":88005,"href":"https:\/\/www.tremblaydefrance.fr\/index.php?rest_route=\/wp\/v2\/pages\/87652\/revisions\/88005"}],"wp:attachment":[{"href":"https:\/\/www.tremblaydefrance.fr\/index.php?rest_route=%2Fwp%2Fv2%2Fmedia&parent=87652"}],"curies":[{"name":"wp","href":"https:\/\/api.w.org\/{rel}","templated":true}]}}