{"id":87427,"date":"2025-03-30T18:58:56","date_gmt":"2025-03-30T17:58:56","guid":{"rendered":"https:\/\/www.tremblaydefrance.fr\/?page_id=87427"},"modified":"2025-10-17T19:24:38","modified_gmt":"2025-10-17T18:24:38","slug":"lieux-emblematiques","status":"publish","type":"page","link":"https:\/\/www.tremblaydefrance.fr\/?page_id=87427","title":{"rendered":"Lieux embl\u00e9matiques"},"content":{"rendered":"\t\t<div data-elementor-type=\"wp-post\" data-elementor-id=\"87427\" class=\"elementor elementor-87427\">\n\t\t\t\t<div class=\"elementor-element elementor-element-bad45d7 e-con-full e-flex e-con e-parent\" data-id=\"bad45d7\" data-element_type=\"container\" data-e-type=\"container\">\n\t\t\t\t<div class=\"elementor-element elementor-element-93dca51 elementor-widget elementor-widget-heading\" data-id=\"93dca51\" data-element_type=\"widget\" data-e-type=\"widget\" data-widget_type=\"heading.default\">\n\t\t\t\t<div class=\"elementor-widget-container\">\n\t\t\t\t\t<h2 class=\"elementor-heading-title elementor-size-default\">Les Mus\u00e9ales  de Tourouvre-au-Perche<\/h2>\t\t\t\t<\/div>\n\t\t\t\t<\/div>\n\t\t\t\t<div class=\"elementor-element elementor-element-1bb6e88 elementor-widget elementor-widget-text-editor\" data-id=\"1bb6e88\" data-element_type=\"widget\" data-e-type=\"widget\" data-widget_type=\"text-editor.default\">\n\t\t\t\t<div class=\"elementor-widget-container\">\n\t\t\t\t\t\t\t\t\t<p class=\"MsoNormal\"><span style=\"font-family: var( --e-global-typography-text-font-family ), Sans-serif; font-weight: var( --e-global-typography-text-font-weight ); font-size: 1em;\">Au c\u0153ur des Mus\u00e9ales de Tourouvre-au-Perche, un lieu de m\u00e9moire exceptionnel vous attend : le Mus\u00e9e de l&rsquo;\u00c9migration fran\u00e7aise au Canada. Ce mus\u00e9e raconte l&rsquo;histoire poignante des Percherons qui, d\u00e8s le XVIIe si\u00e8cle ont quitt\u00e9 leur Normandie natale pour s&rsquo;aventurer vers l&rsquo;inconnu, participant ainsi \u00e0 la fondation de la Nouvelle-France.<\/span><\/p><p class=\"MsoNormal\">Ce mus\u00e9e rev\u00eat une signification toute particuli\u00e8re pour les porteurs du nom TREMBLAY. Il les invite \u00e0 un voyage aux sources de leur propre histoire, sur les traces de ces anc\u00eatres qui ont brav\u00e9 l&rsquo;Oc\u00e9an pour construire une nouvelle vie. Imaginez-vous parcourir les salles d&rsquo;exposition, d\u00e9couvrant les r\u00e9cits de ces hommes et de ces femmes courageux, dont certains portaient peut-\u00eatre votre nom. Vous comprendrez mieux leurs motivations, les d\u00e9fis qu&rsquo;ils ont surmont\u00e9s et les espoirs qui les animaient.<\/p><p class=\"MsoNormal\">Ce mus\u00e9e n&rsquo;est pas seulement un lieu d&rsquo;exposition, c&rsquo;est un v\u00e9ritable lieu de m\u00e9moire o\u00f9 l&rsquo;\u00e9motion est palpable. En vous plongeant dans l&rsquo;histoire de ces \u00e9migrants, vous vous connecterez \u00e0 vos racines et vous comprendrez mieux les liens qui unissent encore aujourd&rsquo;hui les descendants de ces pionniers \u00e0 leur terre d&rsquo;origine. Vous d\u00e9couvrirez comment ces Percherons ont fa\u00e7onn\u00e9 une partie de l&rsquo;histoire du Canada, laissant un h\u00e9ritage culturel et familial qui perdure.<\/p><p class=\"MsoNormal\"><span style=\"color: var( --e-global-color-text ); font-family: var( --e-global-typography-text-font-family ), Sans-serif; text-align: var(--text-align); font-size: 1em;\">Ainsi, le Mus\u00e9e de l&rsquo;\u00c9migration fran\u00e7aise au Canada est une invitation \u00e0 un voyage personnel, une occasion unique de d\u00e9couvrir l&rsquo;histoire de votre famille et de vous reconnecter \u00e0 votre pass\u00e9. C&rsquo;est une exp\u00e9rience \u00e9mouvante et enrichissante qui vous laissera une empreinte durable.<\/span><\/p>\t\t\t\t\t\t\t\t<\/div>\n\t\t\t\t<\/div>\n\t\t<div class=\"elementor-element elementor-element-1569144 e-grid e-con-full e-con e-child\" data-id=\"1569144\" data-element_type=\"container\" data-e-type=\"container\">\n\t\t\t\t<div class=\"elementor-element elementor-element-c92085a elementor-widget elementor-widget-image\" data-id=\"c92085a\" data-element_type=\"widget\" data-e-type=\"widget\" data-widget_type=\"image.default\">\n\t\t\t\t<div class=\"elementor-widget-container\">\n\t\t\t\t\t\t\t\t\t\t\t\t\t\t\t<img fetchpriority=\"high\" decoding=\"async\" width=\"1024\" height=\"682\" src=\"https:\/\/www.tremblaydefrance.fr\/wp-content\/uploads\/2025\/03\/museales3-1024x682.png\" class=\"attachment-large size-large wp-image-87438\" alt=\"\" srcset=\"https:\/\/www.tremblaydefrance.fr\/wp-content\/uploads\/2025\/03\/museales3-1024x682.png 1024w, https:\/\/www.tremblaydefrance.fr\/wp-content\/uploads\/2025\/03\/museales3-300x200.png 300w, https:\/\/www.tremblaydefrance.fr\/wp-content\/uploads\/2025\/03\/museales3-768x511.png 768w, https:\/\/www.tremblaydefrance.fr\/wp-content\/uploads\/2025\/03\/museales3-1536x1022.png 1536w, https:\/\/www.tremblaydefrance.fr\/wp-content\/uploads\/2025\/03\/museales3.png 2048w\" sizes=\"(max-width: 1024px) 100vw, 1024px\" \/>\t\t\t\t\t\t\t\t\t\t\t\t\t\t\t<\/div>\n\t\t\t\t<\/div>\n\t\t\t\t<div class=\"elementor-element elementor-element-b5fab62 elementor-widget elementor-widget-image\" data-id=\"b5fab62\" data-element_type=\"widget\" data-e-type=\"widget\" data-widget_type=\"image.default\">\n\t\t\t\t<div class=\"elementor-widget-container\">\n\t\t\t\t\t\t\t\t\t\t\t\t\t\t\t<img decoding=\"async\" width=\"960\" height=\"638\" src=\"https:\/\/www.tremblaydefrance.fr\/wp-content\/uploads\/2025\/03\/museales1.png\" class=\"attachment-large size-large wp-image-87436\" alt=\"\" srcset=\"https:\/\/www.tremblaydefrance.fr\/wp-content\/uploads\/2025\/03\/museales1.png 960w, https:\/\/www.tremblaydefrance.fr\/wp-content\/uploads\/2025\/03\/museales1-300x199.png 300w, https:\/\/www.tremblaydefrance.fr\/wp-content\/uploads\/2025\/03\/museales1-768x510.png 768w\" sizes=\"(max-width: 960px) 100vw, 960px\" \/>\t\t\t\t\t\t\t\t\t\t\t\t\t\t\t<\/div>\n\t\t\t\t<\/div>\n\t\t\t\t<div class=\"elementor-element elementor-element-e4e4d72 elementor-widget elementor-widget-image\" data-id=\"e4e4d72\" data-element_type=\"widget\" data-e-type=\"widget\" data-widget_type=\"image.default\">\n\t\t\t\t<div class=\"elementor-widget-container\">\n\t\t\t\t\t\t\t\t\t\t\t\t\t\t\t<img decoding=\"async\" width=\"960\" height=\"638\" src=\"https:\/\/www.tremblaydefrance.fr\/wp-content\/uploads\/2025\/03\/museales1.png\" class=\"attachment-large size-large wp-image-87436\" alt=\"\" srcset=\"https:\/\/www.tremblaydefrance.fr\/wp-content\/uploads\/2025\/03\/museales1.png 960w, https:\/\/www.tremblaydefrance.fr\/wp-content\/uploads\/2025\/03\/museales1-300x199.png 300w, https:\/\/www.tremblaydefrance.fr\/wp-content\/uploads\/2025\/03\/museales1-768x510.png 768w\" sizes=\"(max-width: 960px) 100vw, 960px\" \/>\t\t\t\t\t\t\t\t\t\t\t\t\t\t\t<\/div>\n\t\t\t\t<\/div>\n\t\t\t\t<\/div>\n\t\t\t\t<\/div>\n\t\t<div class=\"elementor-element elementor-element-4c764c2 e-flex e-con-boxed e-con e-parent\" data-id=\"4c764c2\" data-element_type=\"container\" data-e-type=\"container\">\n\t\t\t\t\t<div class=\"e-con-inner\">\n\t\t\t\t<div class=\"elementor-element elementor-element-2b5ad62 elementor-widget elementor-widget-google_maps\" data-id=\"2b5ad62\" data-element_type=\"widget\" data-e-type=\"widget\" data-widget_type=\"google_maps.default\">\n\t\t\t\t<div class=\"elementor-widget-container\">\n\t\t\t\t\t\t\t<div class=\"elementor-custom-embed\">\n\t\t\t<iframe loading=\"lazy\"\n\t\t\t\t\tsrc=\"https:\/\/maps.google.com\/maps?q=Mus%C3%A9e%20de%20l%27%C3%A9migration%20fran%C3%A7aise%20au%20Canada&#038;t=m&#038;z=10&#038;output=embed&#038;iwloc=near\"\n\t\t\t\t\ttitle=\"Mus\u00e9e de l&#039;\u00e9migration fran\u00e7aise au Canada\"\n\t\t\t\t\taria-label=\"Mus\u00e9e de l&#039;\u00e9migration fran\u00e7aise au Canada\"\n\t\t\t><\/iframe>\n\t\t<\/div>\n\t\t\t\t\t\t<\/div>\n\t\t\t\t<\/div>\n\t\t\t\t\t<\/div>\n\t\t\t\t<\/div>\n\t\t<div class=\"elementor-element elementor-element-d2c940c e-flex e-con-boxed e-con e-parent\" data-id=\"d2c940c\" data-element_type=\"container\" data-e-type=\"container\">\n\t\t\t\t\t<div class=\"e-con-inner\">\n\t\t\t\t<div class=\"elementor-element elementor-element-207a1a9 elementor-widget elementor-widget-heading\" data-id=\"207a1a9\" data-element_type=\"widget\" data-e-type=\"widget\" data-widget_type=\"heading.default\">\n\t\t\t\t<div class=\"elementor-widget-container\">\n\t\t\t\t\t<h2 class=\"elementor-heading-title elementor-size-default\">Randonnai<\/h2>\t\t\t\t<\/div>\n\t\t\t\t<\/div>\n\t\t\t\t<div class=\"elementor-element elementor-element-5169157 elementor-widget elementor-widget-text-editor\" data-id=\"5169157\" data-element_type=\"widget\" data-e-type=\"widget\" data-widget_type=\"text-editor.default\">\n\t\t\t\t<div class=\"elementor-widget-container\">\n\t\t\t\t\t\t\t\t\t<p>Nich\u00e9 au c\u0153ur du Perche, le village de Randonnai offre une plong\u00e9e fascinante dans l&rsquo;histoire de Pierre Tremblay, l&rsquo;un des premiers migrants \u00e0 avoir quitt\u00e9 la France pour s&rsquo;\u00e9tablir au Canada. Son h\u00e9ritage y est encore palpable, faisant de Randonnai un lieu de p\u00e8lerinage pour les passionn\u00e9s d&rsquo;histoire et les descendants de ce pionnier.<\/p><p>Au c\u0153ur du paisible village, un lieu-dit r\u00e9sonne avec l&rsquo;\u00e9cho d&rsquo;un pass\u00e9 lointain : la Filonni\u00e8re. C&rsquo;est ici, dans cette campagne percheronne, que les racines de Pierre Tremblay plongent profond\u00e9ment. Imaginez une ferme, le foyer de Philibert Tremblay, laboureur, o\u00f9 le jeune Pierre grandit au rythme des saisons. Les documents d&rsquo;\u00e9poque confirment la pr\u00e9sence de la famille Tremblay \u00e0 la Filonni\u00e8re d\u00e8s le d\u00e9but du XVIIe si\u00e8cle, t\u00e9moignant d&rsquo;une vie ancr\u00e9e dans cette terre.<\/p><p><span style=\"color: var( --e-global-color-text ); font-family: var( --e-global-typography-text-font-family ), Sans-serif; font-weight: var( --e-global-typography-text-font-weight ); font-size: 1em;\">La Filonni\u00e8re n&rsquo;est pas seulement un lieu de naissance, c&rsquo;est le point de d\u00e9part d&rsquo;une destin\u00e9e extraordinaire. C&rsquo;est de cette ferme que Pierre Tremblay s&rsquo;\u00e9lance vers l&rsquo;inconnu, embarquant pour le Nouveau Monde. Ce d\u00e9part, charg\u00e9 d&rsquo;espoir et d&rsquo;incertitude, marque le d\u00e9but d&rsquo;une aventure qui fa\u00e7onnera l&rsquo;histoire de ses descendants. Une plaque comm\u00e9morative, discr\u00e8te et solennelle, marque l&#8217;emplacement de sa demeure, invitant les visiteurs \u00e0 un moment de recueillement. Ce lieu, empreint de souvenirs, est un point de rep\u00e8re essentiel pour les descendants de Pierre Tremblay, un lien tangible avec leurs origines fran\u00e7aises.<\/span><\/p>\t\t\t\t\t\t\t\t<\/div>\n\t\t\t\t<\/div>\n\t\t<div class=\"elementor-element elementor-element-29d7abd e-grid e-con-full e-con e-child\" data-id=\"29d7abd\" data-element_type=\"container\" data-e-type=\"container\">\n\t\t\t\t<div class=\"elementor-element elementor-element-f5e8dc3 elementor-widget elementor-widget-image\" data-id=\"f5e8dc3\" data-element_type=\"widget\" data-e-type=\"widget\" data-widget_type=\"image.default\">\n\t\t\t\t<div class=\"elementor-widget-container\">\n\t\t\t\t\t\t\t\t\t\t\t\t<figure class=\"wp-caption\">\n\t\t\t\t\t\t\t\t\t\t<img decoding=\"async\" src=\"https:\/\/www.tremblaydefrance.fr\/wp-content\/uploads\/2025\/03\/tremblay-2023-350.jpg\" class=\"attachment-full size-full wp-image-87458\" alt=\"\" \/>\t\t\t\t\t\t\t\t\t\t\t<figcaption class=\"widget-image-caption wp-caption-text\">La Filonni\u00e8re \u00e0 Randonnai (Fa\u00e7ade int\u00e9rieure)<\/figcaption>\n\t\t\t\t\t\t\t\t\t\t<\/figure>\n\t\t\t\t\t\t\t\t\t<\/div>\n\t\t\t\t<\/div>\n\t\t\t\t<div class=\"elementor-element elementor-element-3c6d58e elementor-widget elementor-widget-image\" data-id=\"3c6d58e\" data-element_type=\"widget\" data-e-type=\"widget\" data-widget_type=\"image.default\">\n\t\t\t\t<div class=\"elementor-widget-container\">\n\t\t\t\t\t\t\t\t\t\t\t\t<figure class=\"wp-caption\">\n\t\t\t\t\t\t\t\t\t\t<img decoding=\"async\" width=\"1024\" height=\"682\" src=\"https:\/\/www.tremblaydefrance.fr\/wp-content\/uploads\/2025\/03\/photos-C3-A9t-C3-A9-2013-267.jpg\" class=\"attachment-large size-large wp-image-87463\" alt=\"\" srcset=\"https:\/\/www.tremblaydefrance.fr\/wp-content\/uploads\/2025\/03\/photos-C3-A9t-C3-A9-2013-267.jpg 1024w, https:\/\/www.tremblaydefrance.fr\/wp-content\/uploads\/2025\/03\/photos-C3-A9t-C3-A9-2013-267-300x200.jpg 300w, https:\/\/www.tremblaydefrance.fr\/wp-content\/uploads\/2025\/03\/photos-C3-A9t-C3-A9-2013-267-768x512.jpg 768w\" sizes=\"(max-width: 1024px) 100vw, 1024px\" \/>\t\t\t\t\t\t\t\t\t\t\t<figcaption class=\"widget-image-caption wp-caption-text\">Plaque comm\u00e9morative<\/figcaption>\n\t\t\t\t\t\t\t\t\t\t<\/figure>\n\t\t\t\t\t\t\t\t\t<\/div>\n\t\t\t\t<\/div>\n\t\t\t\t<\/div>\n\t\t\t\t<div class=\"elementor-element elementor-element-2055ea8 elementor-widget__width-inherit elementor-widget elementor-widget-text-editor\" data-id=\"2055ea8\" data-element_type=\"widget\" data-e-type=\"widget\" data-widget_type=\"text-editor.default\">\n\t\t\t\t<div class=\"elementor-widget-container\">\n\t\t\t\t\t\t\t\t\t<p class=\"MsoNormal\">L&rsquo;\u00e9cole de Randonnai, lieu d&rsquo;apprentissage et de m\u00e9moire, abrite une fresque remarquable retra\u00e7ant le parcours de Pierre Tremblay, enfant du pays devenu pionnier en Nouvelle-France. Cette \u0153uvre artistique, r\u00e9alis\u00e9e par les \u00e9l\u00e8ves et des artistes locaux, offre un voyage visuel \u00e0 travers la vie de ce personnage embl\u00e9matique.<\/p><p class=\"MsoNormal\">La fresque d\u00e9peint les \u00e9tapes cl\u00e9s de l&rsquo;histoire de Pierre Tremblay : sa naissance \u00e0 Randonnai, son enfance dans le Perche, son d\u00e9part pour le Nouveau Monde et son installation au Canada. Les sc\u00e8nes color\u00e9es et d\u00e9taill\u00e9es permettent aux visiteurs de s&rsquo;immerger dans l&rsquo;\u00e9poque et de mieux comprendre le contexte de l&rsquo;\u00e9migration fran\u00e7aise vers le Canada.<\/p>\t\t\t\t\t\t\t\t<\/div>\n\t\t\t\t<\/div>\n\t\t\t\t<div class=\"elementor-element elementor-element-fdcc4d0 elementor-arrows-position-inside elementor-pagination-position-outside elementor-widget elementor-widget-image-carousel\" data-id=\"fdcc4d0\" data-element_type=\"widget\" data-e-type=\"widget\" data-settings=\"{&quot;slides_to_show&quot;:&quot;2&quot;,&quot;slides_to_scroll&quot;:&quot;1&quot;,&quot;autoplay_speed&quot;:2000,&quot;speed&quot;:2000,&quot;navigation&quot;:&quot;both&quot;,&quot;autoplay&quot;:&quot;yes&quot;,&quot;pause_on_hover&quot;:&quot;yes&quot;,&quot;pause_on_interaction&quot;:&quot;yes&quot;,&quot;infinite&quot;:&quot;yes&quot;}\" data-widget_type=\"image-carousel.default\">\n\t\t\t\t<div class=\"elementor-widget-container\">\n\t\t\t\t\t\t\t<div class=\"elementor-image-carousel-wrapper swiper\" role=\"region\" aria-roledescription=\"carousel\" aria-label=\"Carrousel d\u2019images\" dir=\"ltr\">\n\t\t\t<div class=\"elementor-image-carousel swiper-wrapper\" aria-live=\"off\">\n\t\t\t\t\t\t\t\t<div class=\"swiper-slide\" role=\"group\" aria-roledescription=\"slide\" aria-label=\"1 sur 7\"><figure class=\"swiper-slide-inner\"><img decoding=\"async\" class=\"swiper-slide-image\" src=\"https:\/\/www.tremblaydefrance.fr\/wp-content\/uploads\/2025\/03\/tremblay-2023-391-Avec-accentuation-Bruit-2048x1365.jpg\" alt=\"r\u00e9union tremblay de france et du qu\u00e9bec \u00e0 Randonnais Orne communaut\u00e9 du descandant pierre tramblay parti de randonnais\" \/><\/figure><\/div><div class=\"swiper-slide\" role=\"group\" aria-roledescription=\"slide\" aria-label=\"2 sur 7\"><figure class=\"swiper-slide-inner\"><img decoding=\"async\" class=\"swiper-slide-image\" src=\"https:\/\/www.tremblaydefrance.fr\/wp-content\/uploads\/2025\/03\/tremblay-2023-392-Avec-accentuation-Bruit-2048x1365.jpg\" alt=\"r\u00e9union tremblay de france et du qu\u00e9bec \u00e0 Randonnais Orne communaut\u00e9 du descandant pierre tramblay parti de randonnais\" \/><\/figure><\/div><div class=\"swiper-slide\" role=\"group\" aria-roledescription=\"slide\" aria-label=\"3 sur 7\"><figure class=\"swiper-slide-inner\"><img decoding=\"async\" class=\"swiper-slide-image\" src=\"https:\/\/www.tremblaydefrance.fr\/wp-content\/uploads\/2025\/03\/tremblay-2023-393-Avec-accentuation-Bruit-2048x1365.jpg\" alt=\"r\u00e9union tremblay de france et du qu\u00e9bec \u00e0 Randonnais Orne communaut\u00e9 du descandant pierre tramblay parti de randonnais\" \/><\/figure><\/div><div class=\"swiper-slide\" role=\"group\" aria-roledescription=\"slide\" aria-label=\"4 sur 7\"><figure class=\"swiper-slide-inner\"><img decoding=\"async\" class=\"swiper-slide-image\" src=\"https:\/\/www.tremblaydefrance.fr\/wp-content\/uploads\/2025\/03\/tremblay-2023-394-Avec-accentuation-Bruit-2048x1365.jpg\" alt=\"r\u00e9union tremblay de france et du qu\u00e9bec \u00e0 Randonnais Orne communaut\u00e9 du descandant pierre tramblay parti de randonnais\" \/><\/figure><\/div><div class=\"swiper-slide\" role=\"group\" aria-roledescription=\"slide\" aria-label=\"5 sur 7\"><figure class=\"swiper-slide-inner\"><img decoding=\"async\" class=\"swiper-slide-image\" src=\"https:\/\/www.tremblaydefrance.fr\/wp-content\/uploads\/2025\/03\/tremblay-2023-395-Avec-accentuation-Bruit-2048x1365.jpg\" alt=\"r\u00e9union tremblay de france et du qu\u00e9bec \u00e0 Randonnais Orne communaut\u00e9 du descandant pierre tramblay parti de randonnais\" \/><\/figure><\/div><div class=\"swiper-slide\" role=\"group\" aria-roledescription=\"slide\" aria-label=\"6 sur 7\"><figure class=\"swiper-slide-inner\"><img decoding=\"async\" class=\"swiper-slide-image\" src=\"https:\/\/www.tremblaydefrance.fr\/wp-content\/uploads\/2025\/03\/tremblay-2023-396-Avec-accentuation-Bruit-2048x1365.jpg\" alt=\"r\u00e9union tremblay de france et du qu\u00e9bec \u00e0 Randonnais Orne communaut\u00e9 du descandant pierre tramblay parti de randonnais\" \/><\/figure><\/div><div class=\"swiper-slide\" role=\"group\" aria-roledescription=\"slide\" aria-label=\"7 sur 7\"><figure class=\"swiper-slide-inner\"><img decoding=\"async\" class=\"swiper-slide-image\" src=\"https:\/\/www.tremblaydefrance.fr\/wp-content\/uploads\/2025\/03\/tremblay-2023-397-Avec-accentuation-Bruit-2048x1365.jpg\" alt=\"r\u00e9union tremblay de france et du qu\u00e9bec \u00e0 Randonnais Orne communaut\u00e9 du descandant pierre tramblay parti de randonnais\" \/><\/figure><\/div>\t\t\t<\/div>\n\t\t\t\t\t\t\t\t\t\t\t\t<div class=\"elementor-swiper-button elementor-swiper-button-prev\" role=\"button\" tabindex=\"0\">\n\t\t\t\t\t\t<svg aria-hidden=\"true\" class=\"e-font-icon-svg e-eicon-chevron-left\" viewBox=\"0 0 1000 1000\" xmlns=\"http:\/\/www.w3.org\/2000\/svg\"><path d=\"M646 125C629 125 613 133 604 142L308 442C296 454 292 471 292 487 292 504 296 521 308 533L604 854C617 867 629 875 646 875 663 875 679 871 692 858 704 846 713 829 713 812 713 796 708 779 692 767L438 487 692 225C700 217 708 204 708 187 708 171 704 154 692 142 675 129 663 125 646 125Z\"><\/path><\/svg>\t\t\t\t\t<\/div>\n\t\t\t\t\t<div class=\"elementor-swiper-button elementor-swiper-button-next\" role=\"button\" tabindex=\"0\">\n\t\t\t\t\t\t<svg aria-hidden=\"true\" class=\"e-font-icon-svg e-eicon-chevron-right\" viewBox=\"0 0 1000 1000\" xmlns=\"http:\/\/www.w3.org\/2000\/svg\"><path d=\"M696 533C708 521 713 504 713 487 713 471 708 454 696 446L400 146C388 133 375 125 354 125 338 125 325 129 313 142 300 154 292 171 292 187 292 204 296 221 308 233L563 492 304 771C292 783 288 800 288 817 288 833 296 850 308 863 321 871 338 875 354 875 371 875 388 867 400 854L696 533Z\"><\/path><\/svg>\t\t\t\t\t<\/div>\n\t\t\t\t\n\t\t\t\t\t\t\t\t\t<div class=\"swiper-pagination\"><\/div>\n\t\t\t\t\t\t\t\t\t<\/div>\n\t\t\t\t\t\t<\/div>\n\t\t\t\t<\/div>\n\t\t\t\t\t<\/div>\n\t\t\t\t<\/div>\n\t\t<div class=\"elementor-element elementor-element-1e36317 e-flex e-con-boxed e-con e-parent\" data-id=\"1e36317\" data-element_type=\"container\" data-e-type=\"container\">\n\t\t\t\t\t<div class=\"e-con-inner\">\n\t\t\t\t<div class=\"elementor-element elementor-element-e98e779 elementor-widget elementor-widget-google_maps\" data-id=\"e98e779\" data-element_type=\"widget\" data-e-type=\"widget\" data-widget_type=\"google_maps.default\">\n\t\t\t\t<div class=\"elementor-widget-container\">\n\t\t\t\t\t\t\t<div class=\"elementor-custom-embed\">\n\t\t\t<iframe loading=\"lazy\"\n\t\t\t\t\tsrc=\"https:\/\/maps.google.com\/maps?q=Randonnai&#038;t=m&#038;z=10&#038;output=embed&#038;iwloc=near\"\n\t\t\t\t\ttitle=\"Randonnai\"\n\t\t\t\t\taria-label=\"Randonnai\"\n\t\t\t><\/iframe>\n\t\t<\/div>\n\t\t\t\t\t\t<\/div>\n\t\t\t\t<\/div>\n\t\t\t\t\t<\/div>\n\t\t\t\t<\/div>\n\t\t<div class=\"elementor-element elementor-element-ef6f657 e-flex e-con-boxed e-con e-parent\" data-id=\"ef6f657\" data-element_type=\"container\" data-e-type=\"container\">\n\t\t\t\t\t<div class=\"e-con-inner\">\n\t\t\t\t<div class=\"elementor-element elementor-element-0cd8c7d elementor-widget elementor-widget-heading\" data-id=\"0cd8c7d\" data-element_type=\"widget\" data-e-type=\"widget\" data-widget_type=\"heading.default\">\n\t\t\t\t<div class=\"elementor-widget-container\">\n\t\t\t\t\t<h2 class=\"elementor-heading-title elementor-size-default\"> Chambon<\/h2>\t\t\t\t<\/div>\n\t\t\t\t<\/div>\n\t\t\t\t<div class=\"elementor-element elementor-element-8092e06 elementor-widget elementor-widget-text-editor\" data-id=\"8092e06\" data-element_type=\"widget\" data-e-type=\"widget\" data-widget_type=\"text-editor.default\">\n\t\t\t\t<div class=\"elementor-widget-container\">\n\t\t\t\t\t\t\t\t\t<p><strong><span style=\"font-family: 'Aptos',sans-serif; mso-ascii-theme-font: minor-latin; mso-hansi-theme-font: minor-latin; mso-bidi-font-family: 'Times New Roman'; mso-bidi-theme-font: minor-bidi; font-weight: normal;\">Ozanne Achon est n\u00e9e le 18 juillet 1633 \u00e0 Savarit, petit hameau situ\u00e9 \u00e0 environ deux kilom\u00e8tres du bourg de Chambon, dioc\u00e8se de La Rochelle. La place de l\u2019\u00c9glise Notre-Dame de Chambon est devenue Place Ozanne Achon.<\/span><\/strong><\/p>\t\t\t\t\t\t\t\t<\/div>\n\t\t\t\t<\/div>\n\t\t\t\t<div class=\"elementor-element elementor-element-3abba9c elementor-widget elementor-widget-image\" data-id=\"3abba9c\" data-element_type=\"widget\" data-e-type=\"widget\" data-widget_type=\"image.default\">\n\t\t\t\t<div class=\"elementor-widget-container\">\n\t\t\t\t\t\t\t\t\t\t\t\t<figure class=\"wp-caption\">\n\t\t\t\t\t\t\t\t\t\t<img loading=\"lazy\" decoding=\"async\" width=\"1024\" height=\"683\" src=\"https:\/\/www.tremblaydefrance.fr\/wp-content\/uploads\/2025\/10\/480_-_Eglise_Notre-Dame_de_lAssomption_-_Chambon-1024x683.jpg\" class=\"attachment-large size-large wp-image-87499\" alt=\"\" srcset=\"https:\/\/www.tremblaydefrance.fr\/wp-content\/uploads\/2025\/10\/480_-_Eglise_Notre-Dame_de_lAssomption_-_Chambon-1024x683.jpg 1024w, https:\/\/www.tremblaydefrance.fr\/wp-content\/uploads\/2025\/10\/480_-_Eglise_Notre-Dame_de_lAssomption_-_Chambon-300x200.jpg 300w, https:\/\/www.tremblaydefrance.fr\/wp-content\/uploads\/2025\/10\/480_-_Eglise_Notre-Dame_de_lAssomption_-_Chambon-768x512.jpg 768w, https:\/\/www.tremblaydefrance.fr\/wp-content\/uploads\/2025\/10\/480_-_Eglise_Notre-Dame_de_lAssomption_-_Chambon-1536x1024.jpg 1536w, https:\/\/www.tremblaydefrance.fr\/wp-content\/uploads\/2025\/10\/480_-_Eglise_Notre-Dame_de_lAssomption_-_Chambon-2048x1366.jpg 2048w\" sizes=\"(max-width: 1024px) 100vw, 1024px\" \/>\t\t\t\t\t\t\t\t\t\t\t<figcaption class=\"widget-image-caption wp-caption-text\">\u00c9glise Notre-Dame de l'Assomption \u00e0 Chambon<\/figcaption>\n\t\t\t\t\t\t\t\t\t\t<\/figure>\n\t\t\t\t\t\t\t\t\t<\/div>\n\t\t\t\t<\/div>\n\t\t\t\t\t<\/div>\n\t\t\t\t<\/div>\n\t\t<div class=\"elementor-element elementor-element-a2ddd17 e-flex e-con-boxed e-con e-parent\" data-id=\"a2ddd17\" data-element_type=\"container\" data-e-type=\"container\">\n\t\t\t\t\t<div class=\"e-con-inner\">\n\t\t<div class=\"elementor-element elementor-element-be17f28 e-con-full e-flex e-con e-child\" data-id=\"be17f28\" data-element_type=\"container\" data-e-type=\"container\">\n\t\t\t\t<div class=\"elementor-element elementor-element-fccd20c elementor-widget elementor-widget-heading\" data-id=\"fccd20c\" data-element_type=\"widget\" data-e-type=\"widget\" data-widget_type=\"heading.default\">\n\t\t\t\t<div class=\"elementor-widget-container\">\n\t\t\t\t\t<h2 class=\"elementor-heading-title elementor-size-default\">Puyravault<\/h2>\t\t\t\t<\/div>\n\t\t\t\t<\/div>\n\t\t\t\t<\/div>\n\t\t\t\t<div class=\"elementor-element elementor-element-94f23e0 elementor-widget elementor-widget-text-editor\" data-id=\"94f23e0\" data-element_type=\"widget\" data-e-type=\"widget\" data-widget_type=\"text-editor.default\">\n\t\t\t\t<div class=\"elementor-widget-container\">\n\t\t\t\t\t\t\t\t\t<p><strong><span style=\"font-family: 'Aptos',sans-serif; mso-ascii-theme-font: minor-latin; mso-hansi-theme-font: minor-latin; mso-bidi-font-family: 'Times New Roman'; mso-bidi-theme-font: minor-bidi; font-weight: normal;\">En 1645, \u00e0 l&rsquo;\u00e2ge de douze ans, Ozanne vint s&rsquo;installer avec ses parents, au Prieur\u00e9 de la paroisse de Puyravault. Le domaine englobait plusieurs b\u00e2timents dont un est encore pr\u00e9sent et a \u00e9t\u00e9 transform\u00e9 en maison d&rsquo;h\u00f4tes : <em>Le Clos la Garenne<\/em>.<\/span><\/strong><\/p>\t\t\t\t\t\t\t\t<\/div>\n\t\t\t\t<\/div>\n\t\t\t\t<div class=\"elementor-element elementor-element-283b3c3 elementor-widget elementor-widget-image\" data-id=\"283b3c3\" data-element_type=\"widget\" data-e-type=\"widget\" data-widget_type=\"image.default\">\n\t\t\t\t<div class=\"elementor-widget-container\">\n\t\t\t\t\t\t\t\t\t\t\t\t<figure class=\"wp-caption\">\n\t\t\t\t\t\t\t\t\t\t<img loading=\"lazy\" decoding=\"async\" width=\"1000\" height=\"560\" src=\"https:\/\/www.tremblaydefrance.fr\/wp-content\/uploads\/2025\/10\/download_w342uez.jpg\" class=\"attachment-large size-large wp-image-87485\" alt=\"\" srcset=\"https:\/\/www.tremblaydefrance.fr\/wp-content\/uploads\/2025\/10\/download_w342uez.jpg 1000w, https:\/\/www.tremblaydefrance.fr\/wp-content\/uploads\/2025\/10\/download_w342uez-300x168.jpg 300w, https:\/\/www.tremblaydefrance.fr\/wp-content\/uploads\/2025\/10\/download_w342uez-768x430.jpg 768w\" sizes=\"(max-width: 1000px) 100vw, 1000px\" \/>\t\t\t\t\t\t\t\t\t\t\t<figcaption class=\"widget-image-caption wp-caption-text\">Le Clos la Garenne \u00e0 Puyravault<\/figcaption>\n\t\t\t\t\t\t\t\t\t\t<\/figure>\n\t\t\t\t\t\t\t\t\t<\/div>\n\t\t\t\t<\/div>\n\t\t\t\t\t<\/div>\n\t\t\t\t<\/div>\n\t\t<div class=\"elementor-element elementor-element-91159d7 e-flex e-con-boxed e-con e-parent\" data-id=\"91159d7\" data-element_type=\"container\" data-e-type=\"container\">\n\t\t\t\t\t<div class=\"e-con-inner\">\n\t\t\t\t<div class=\"elementor-element elementor-element-e4adc0e elementor-widget elementor-widget-google_maps\" data-id=\"e4adc0e\" data-element_type=\"widget\" data-e-type=\"widget\" data-widget_type=\"google_maps.default\">\n\t\t\t\t<div class=\"elementor-widget-container\">\n\t\t\t\t\t\t\t<div class=\"elementor-custom-embed\">\n\t\t\t<iframe loading=\"lazy\"\n\t\t\t\t\tsrc=\"https:\/\/maps.google.com\/maps?q=Puyravault%20charentes&#038;t=m&#038;z=10&#038;output=embed&#038;iwloc=near\"\n\t\t\t\t\ttitle=\"Puyravault charentes\"\n\t\t\t\t\taria-label=\"Puyravault charentes\"\n\t\t\t><\/iframe>\n\t\t<\/div>\n\t\t\t\t\t\t<\/div>\n\t\t\t\t<\/div>\n\t\t\t\t\t<\/div>\n\t\t\t\t<\/div>\n\t\t<div class=\"elementor-element elementor-element-7539379 e-flex e-con-boxed e-con e-parent\" data-id=\"7539379\" data-element_type=\"container\" data-e-type=\"container\">\n\t\t\t\t\t<div class=\"e-con-inner\">\n\t\t\t\t<div class=\"elementor-element elementor-element-d244d9e elementor-widget elementor-widget-heading\" data-id=\"d244d9e\" data-element_type=\"widget\" data-e-type=\"widget\" data-widget_type=\"heading.default\">\n\t\t\t\t<div class=\"elementor-widget-container\">\n\t\t\t\t\t<h2 class=\"elementor-heading-title elementor-size-default\">La Rochelle<\/h2>\t\t\t\t<\/div>\n\t\t\t\t<\/div>\n\t\t\t\t<div class=\"elementor-element elementor-element-ecbcdef elementor-widget elementor-widget-text-editor\" data-id=\"ecbcdef\" data-element_type=\"widget\" data-e-type=\"widget\" data-widget_type=\"text-editor.default\">\n\t\t\t\t<div class=\"elementor-widget-container\">\n\t\t\t\t\t\t\t\t\t<p>D\u00e8s le XVIe si\u00e8cle, La Rochelle est l\u2019un des principaux ports fran\u00e7ais \u00e0 entretenir des relations commerciales avec l\u2019Am\u00e9rique du Nord, notamment \u00e0 travers la\u00a0 p\u00eache \u00e0 la morue sur les bancs de Terre-Neuve. Elle est au XVIIe si\u00e8cle le v\u00e9ritable \u00ab port canadien \u00bb du royaume. Les bateaux rochelais transportent les colons et les soldats qui peupleront la Nouvelle-France. Au retour, les cales sont charg\u00e9es de peaux et de fourrures qui sont ensuite export\u00e9es dans toute l\u2019Europe du Nord. Marchands et n\u00e9gociants rochelais sont au c\u0153ur d\u2019un vaste r\u00e9seau \u00e9conomique et financier.<\/p><p>Pierre Tremblay quitte le port de la Rochelle le 6 juin 1647 \u00e0 bord du bateau <em>La Marguerite<\/em> \u00e0 destination de la Nouvelle-France. Ozanne Achon effectuera le m\u00eame parcours en 1657.<\/p><p>Inaugur\u00e9 en 1982 et install\u00e9 dans le prestigieux H\u00f4tel Fleuriau (XVIIIe si\u00e8cle), le Mus\u00e9e du nouveau Monde est un lieu de passage incontournable pour tous ceux qui veulent d\u00e9couvrir et comprendre les relations que la France et les Am\u00e9riques ont entretenues au fil des si\u00e8cles. La Nouvelle-France est particuli\u00e8rement bien repr\u00e9sent\u00e9e au sein de collections qui se r\u00e9v\u00e8lent riches et vari\u00e9es.<\/p>\t\t\t\t\t\t\t\t<\/div>\n\t\t\t\t<\/div>\n\t\t\t\t<div class=\"elementor-element elementor-element-617e7df elementor-widget__width-initial elementor-widget elementor-widget-image\" data-id=\"617e7df\" data-element_type=\"widget\" data-e-type=\"widget\" data-widget_type=\"image.default\">\n\t\t\t\t<div class=\"elementor-widget-container\">\n\t\t\t\t\t\t\t\t\t\t\t\t<figure class=\"wp-caption\">\n\t\t\t\t\t\t\t\t\t\t<img loading=\"lazy\" decoding=\"async\" width=\"1024\" height=\"680\" src=\"https:\/\/www.tremblaydefrance.fr\/wp-content\/uploads\/2025\/10\/fr-1-1024x680.webp\" class=\"attachment-large size-large wp-image-87486\" alt=\"\" srcset=\"https:\/\/www.tremblaydefrance.fr\/wp-content\/uploads\/2025\/10\/fr-1-1024x680.webp 1024w, https:\/\/www.tremblaydefrance.fr\/wp-content\/uploads\/2025\/10\/fr-1-300x199.webp 300w, https:\/\/www.tremblaydefrance.fr\/wp-content\/uploads\/2025\/10\/fr-1-768x510.webp 768w, https:\/\/www.tremblaydefrance.fr\/wp-content\/uploads\/2025\/10\/fr-1.webp 1029w\" sizes=\"(max-width: 1024px) 100vw, 1024px\" \/>\t\t\t\t\t\t\t\t\t\t\t<figcaption class=\"widget-image-caption wp-caption-text\">Mus\u00e9e du Nouveau Monde de La Rochelle<\/figcaption>\n\t\t\t\t\t\t\t\t\t\t<\/figure>\n\t\t\t\t\t\t\t\t\t<\/div>\n\t\t\t\t<\/div>\n\t\t\t\t\t<\/div>\n\t\t\t\t<\/div>\n\t\t<div class=\"elementor-element elementor-element-390ac70 e-flex e-con-boxed e-con e-parent\" data-id=\"390ac70\" data-element_type=\"container\" data-e-type=\"container\">\n\t\t\t\t\t<div class=\"e-con-inner\">\n\t\t\t\t<div class=\"elementor-element elementor-element-5929a28 elementor-widget elementor-widget-google_maps\" data-id=\"5929a28\" data-element_type=\"widget\" data-e-type=\"widget\" data-widget_type=\"google_maps.default\">\n\t\t\t\t<div class=\"elementor-widget-container\">\n\t\t\t\t\t\t\t<div class=\"elementor-custom-embed\">\n\t\t\t<iframe loading=\"lazy\"\n\t\t\t\t\tsrc=\"https:\/\/maps.google.com\/maps?q=Port%20de%20La%20rochelle&#038;t=m&#038;z=13&#038;output=embed&#038;iwloc=near\"\n\t\t\t\t\ttitle=\"Port de La rochelle\"\n\t\t\t\t\taria-label=\"Port de La rochelle\"\n\t\t\t><\/iframe>\n\t\t<\/div>\n\t\t\t\t\t\t<\/div>\n\t\t\t\t<\/div>\n\t\t\t\t\t<\/div>\n\t\t\t\t<\/div>\n\t\t<div class=\"elementor-element elementor-element-3c24076 e-flex e-con-boxed e-con e-parent\" data-id=\"3c24076\" data-element_type=\"container\" data-e-type=\"container\">\n\t\t\t\t\t<div class=\"e-con-inner\">\n\t\t\t\t<div class=\"elementor-element elementor-element-7daa7ef elementor-widget elementor-widget-heading\" data-id=\"7daa7ef\" data-element_type=\"widget\" data-e-type=\"widget\" data-widget_type=\"heading.default\">\n\t\t\t\t<div class=\"elementor-widget-container\">\n\t\t\t\t\t<h2 class=\"elementor-heading-title elementor-size-default\">L'Ange-Gardien<\/h2>\t\t\t\t<\/div>\n\t\t\t\t<\/div>\n\t\t\t\t<div class=\"elementor-element elementor-element-8f79194 elementor-widget elementor-widget-text-editor\" data-id=\"8f79194\" data-element_type=\"widget\" data-e-type=\"widget\" data-widget_type=\"text-editor.default\">\n\t\t\t\t<div class=\"elementor-widget-container\">\n\t\t\t\t\t\t\t\t\t<p>L&rsquo;Ange-Gardien est une municipalit\u00e9 du Qu\u00e9bec d&rsquo;environ 4.000 habitants, situ\u00e9e dans la MRC (municipalit\u00e9 r\u00e9gionale de comt\u00e9) de La C\u00f4te-de-Beaupr\u00e9. Elle se trouve en bordure du fleuve Saint-Laurent et plus pr\u00e9cis\u00e9ment devant le chenal de l&rsquo;\u00cele d&rsquo;Orl\u00e9ans. D\u00e8s le milieu du XVIIe si\u00e8cle, sa topographie favorable \u00e0 l&rsquo;agriculture contribue \u00e0 l&rsquo;\u00e9tablissement de colons. Des fermes et des habitations sont construites avec un style typique de l&rsquo;ancienne architecture fran\u00e7aise.<\/p><p>En 1659 Pierre Tremblay re\u00e7oit en concession une terre d&rsquo;une superficie de deux arpents le long du fleuve Saint-Laurent. Il y r\u00e9sidera avec sa femme et ses enfants durant deux d\u00e9cennies. Un monument est \u00e9rig\u00e9 en l&rsquo;honneur de l&rsquo;acte de concession de cette terre.<\/p>\t\t\t\t\t\t\t\t<\/div>\n\t\t\t\t<\/div>\n\t\t\t\t<div class=\"elementor-element elementor-element-89a9b4a elementor-widget elementor-widget-image\" data-id=\"89a9b4a\" data-element_type=\"widget\" data-e-type=\"widget\" data-widget_type=\"image.default\">\n\t\t\t\t<div class=\"elementor-widget-container\">\n\t\t\t\t\t\t\t\t\t\t\t\t<figure class=\"wp-caption\">\n\t\t\t\t\t\t\t\t\t\t<img loading=\"lazy\" decoding=\"async\" width=\"777\" height=\"1024\" src=\"https:\/\/www.tremblaydefrance.fr\/wp-content\/uploads\/2025\/10\/Monument_de_l_acte_de_concession_a_Pierre_Tremblay-777x1024.jpg\" class=\"attachment-large size-large wp-image-87504\" alt=\"\" srcset=\"https:\/\/www.tremblaydefrance.fr\/wp-content\/uploads\/2025\/10\/Monument_de_l_acte_de_concession_a_Pierre_Tremblay-777x1024.jpg 777w, https:\/\/www.tremblaydefrance.fr\/wp-content\/uploads\/2025\/10\/Monument_de_l_acte_de_concession_a_Pierre_Tremblay-228x300.jpg 228w, https:\/\/www.tremblaydefrance.fr\/wp-content\/uploads\/2025\/10\/Monument_de_l_acte_de_concession_a_Pierre_Tremblay-768x1012.jpg 768w, https:\/\/www.tremblaydefrance.fr\/wp-content\/uploads\/2025\/10\/Monument_de_l_acte_de_concession_a_Pierre_Tremblay-1166x1536.jpg 1166w, https:\/\/www.tremblaydefrance.fr\/wp-content\/uploads\/2025\/10\/Monument_de_l_acte_de_concession_a_Pierre_Tremblay-1555x2048.jpg 1555w, https:\/\/www.tremblaydefrance.fr\/wp-content\/uploads\/2025\/10\/Monument_de_l_acte_de_concession_a_Pierre_Tremblay-scaled.jpg 1943w\" sizes=\"(max-width: 777px) 100vw, 777px\" \/>\t\t\t\t\t\t\t\t\t\t\t<figcaption class=\"widget-image-caption wp-caption-text\">Monument en hommage \u00e0 l'acte de concession de Pierre Tremblay<\/figcaption>\n\t\t\t\t\t\t\t\t\t\t<\/figure>\n\t\t\t\t\t\t\t\t\t<\/div>\n\t\t\t\t<\/div>\n\t\t\t\t\t<\/div>\n\t\t\t\t<\/div>\n\t\t<div class=\"elementor-element elementor-element-937941c e-flex e-con-boxed e-con e-parent\" data-id=\"937941c\" data-element_type=\"container\" data-e-type=\"container\">\n\t\t\t\t\t<div class=\"e-con-inner\">\n\t\t\t\t<div class=\"elementor-element elementor-element-54cf016 elementor-widget elementor-widget-google_maps\" data-id=\"54cf016\" data-element_type=\"widget\" data-e-type=\"widget\" data-widget_type=\"google_maps.default\">\n\t\t\t\t<div class=\"elementor-widget-container\">\n\t\t\t\t\t\t\t<div class=\"elementor-custom-embed\">\n\t\t\t<iframe loading=\"lazy\"\n\t\t\t\t\tsrc=\"https:\/\/maps.google.com\/maps?q=L%27ange%20gardien%20qu%C3%A9bec&#038;t=m&#038;z=10&#038;output=embed&#038;iwloc=near\"\n\t\t\t\t\ttitle=\"L&#039;ange gardien qu\u00e9bec\"\n\t\t\t\t\taria-label=\"L&#039;ange gardien qu\u00e9bec\"\n\t\t\t><\/iframe>\n\t\t<\/div>\n\t\t\t\t\t\t<\/div>\n\t\t\t\t<\/div>\n\t\t\t\t\t<\/div>\n\t\t\t\t<\/div>\n\t\t<div class=\"elementor-element elementor-element-5a75132 e-flex e-con-boxed e-con e-parent\" data-id=\"5a75132\" data-element_type=\"container\" data-e-type=\"container\">\n\t\t\t\t\t<div class=\"e-con-inner\">\n\t\t\t\t<div class=\"elementor-element elementor-element-a767822 elementor-widget elementor-widget-heading\" data-id=\"a767822\" data-element_type=\"widget\" data-e-type=\"widget\" data-widget_type=\"heading.default\">\n\t\t\t\t<div class=\"elementor-widget-container\">\n\t\t\t\t\t<h2 class=\"elementor-heading-title elementor-size-default\">Baie Saint-Paul<\/h2>\t\t\t\t<\/div>\n\t\t\t\t<\/div>\n\t\t\t\t<div class=\"elementor-element elementor-element-7264bc5 elementor-widget elementor-widget-text-editor\" data-id=\"7264bc5\" data-element_type=\"widget\" data-e-type=\"widget\" data-widget_type=\"text-editor.default\">\n\t\t\t\t<div class=\"elementor-widget-container\">\n\t\t\t\t\t\t\t\t\t<p>Baie-Saint-Paul est une ville canadienne au Qu\u00e9bec, chef-lieu de la MRC (municipalit\u00e9 r\u00e9gionale de comt\u00e9) de Charlevoix, dans la r\u00e9gion de la Capitale-Nationale. Situ\u00e9e \u00e0 l&#8217;embouchure de la rivi\u00e8re du Gouffre dans le fleuve Saint-Laurent, elle compte plus de 7 000 habitants.<\/p><p>Pierre Tremblay s&rsquo;\u00e9tablit en 1678 \u00e0 Baie Saint-Paul et se voit confier par l&rsquo;\u00e9v\u00eaque de Qu\u00e9bec, l&rsquo;exploitation d&rsquo;une ferme plus importante. Deux monuments comm\u00e9morent l&rsquo;engagement de la famille de Tremblay au sein de la communaut\u00e9.<\/p>\t\t\t\t\t\t\t\t<\/div>\n\t\t\t\t<\/div>\n\t\t\t\t\t<\/div>\n\t\t\t\t<\/div>\n\t\t<div class=\"elementor-element elementor-element-008d695 e-grid e-con-boxed e-con e-parent\" data-id=\"008d695\" data-element_type=\"container\" data-e-type=\"container\">\n\t\t\t\t\t<div class=\"e-con-inner\">\n\t\t\t\t<div class=\"elementor-element elementor-element-63f8736 elementor-widget elementor-widget-image\" data-id=\"63f8736\" data-element_type=\"widget\" data-e-type=\"widget\" data-widget_type=\"image.default\">\n\t\t\t\t<div class=\"elementor-widget-container\">\n\t\t\t\t\t\t\t\t\t\t\t\t<figure class=\"wp-caption\">\n\t\t\t\t\t\t\t\t\t\t<img loading=\"lazy\" decoding=\"async\" width=\"540\" height=\"800\" src=\"https:\/\/www.tremblaydefrance.fr\/wp-content\/uploads\/2025\/10\/tremblay-monument-baie-st-paul-achon.jpg\" class=\"attachment-large size-large wp-image-87509\" alt=\"\" srcset=\"https:\/\/www.tremblaydefrance.fr\/wp-content\/uploads\/2025\/10\/tremblay-monument-baie-st-paul-achon.jpg 540w, https:\/\/www.tremblaydefrance.fr\/wp-content\/uploads\/2025\/10\/tremblay-monument-baie-st-paul-achon-203x300.jpg 203w\" sizes=\"(max-width: 540px) 100vw, 540px\" \/>\t\t\t\t\t\t\t\t\t\t\t<figcaption class=\"widget-image-caption wp-caption-text\">Monument en hommage \u00e0 Ozanne Achon<\/figcaption>\n\t\t\t\t\t\t\t\t\t\t<\/figure>\n\t\t\t\t\t\t\t\t\t<\/div>\n\t\t\t\t<\/div>\n\t\t\t\t<div class=\"elementor-element elementor-element-5481587 elementor-widget elementor-widget-image\" data-id=\"5481587\" data-element_type=\"widget\" data-e-type=\"widget\" data-widget_type=\"image.default\">\n\t\t\t\t<div class=\"elementor-widget-container\">\n\t\t\t\t\t\t\t\t\t\t\t\t<figure class=\"wp-caption\">\n\t\t\t\t\t\t\t\t\t\t<img loading=\"lazy\" decoding=\"async\" width=\"800\" height=\"600\" src=\"https:\/\/www.tremblaydefrance.fr\/wp-content\/uploads\/2025\/10\/tremblay-monument-baie-st-paul2.jpg\" class=\"attachment-large size-large wp-image-87512\" alt=\"\" srcset=\"https:\/\/www.tremblaydefrance.fr\/wp-content\/uploads\/2025\/10\/tremblay-monument-baie-st-paul2.jpg 800w, https:\/\/www.tremblaydefrance.fr\/wp-content\/uploads\/2025\/10\/tremblay-monument-baie-st-paul2-300x225.jpg 300w, https:\/\/www.tremblaydefrance.fr\/wp-content\/uploads\/2025\/10\/tremblay-monument-baie-st-paul2-768x576.jpg 768w\" sizes=\"(max-width: 800px) 100vw, 800px\" \/>\t\t\t\t\t\t\t\t\t\t\t<figcaption class=\"widget-image-caption wp-caption-text\">Monument aux pionniers de Baie Saint-Paul<\/figcaption>\n\t\t\t\t\t\t\t\t\t\t<\/figure>\n\t\t\t\t\t\t\t\t\t<\/div>\n\t\t\t\t<\/div>\n\t\t\t\t\t<\/div>\n\t\t\t\t<\/div>\n\t\t<div class=\"elementor-element elementor-element-ac8a0a3 e-flex e-con-boxed e-con e-parent\" data-id=\"ac8a0a3\" data-element_type=\"container\" data-e-type=\"container\">\n\t\t\t\t\t<div class=\"e-con-inner\">\n\t\t\t\t<div class=\"elementor-element elementor-element-e1c56d1 elementor-widget elementor-widget-google_maps\" data-id=\"e1c56d1\" data-element_type=\"widget\" data-e-type=\"widget\" data-widget_type=\"google_maps.default\">\n\t\t\t\t<div class=\"elementor-widget-container\">\n\t\t\t\t\t\t\t<div class=\"elementor-custom-embed\">\n\t\t\t<iframe loading=\"lazy\"\n\t\t\t\t\tsrc=\"https:\/\/maps.google.com\/maps?q=Baie%20Saint-Paul%20qu%C3%A9bec&#038;t=m&#038;z=10&#038;output=embed&#038;iwloc=near\"\n\t\t\t\t\ttitle=\"Baie Saint-Paul qu\u00e9bec\"\n\t\t\t\t\taria-label=\"Baie Saint-Paul qu\u00e9bec\"\n\t\t\t><\/iframe>\n\t\t<\/div>\n\t\t\t\t\t\t<\/div>\n\t\t\t\t<\/div>\n\t\t\t\t\t<\/div>\n\t\t\t\t<\/div>\n\t\t\t\t<\/div>\n\t\t","protected":false},"excerpt":{"rendered":"<p>Les Mus\u00e9ales de Tourouvre-au-Perche Au c\u0153ur des Mus\u00e9ales de Tourouvre-au-Perche, un lieu de m\u00e9moire exceptionnel vous attend : le Mus\u00e9e de l&rsquo;\u00c9migration fran\u00e7aise au Canada. Ce mus\u00e9e raconte l&rsquo;histoire poignante des Percherons qui, d\u00e8s le XVIIe si\u00e8cle ont quitt\u00e9 leur&#8230;<\/p>\n","protected":false},"author":2,"featured_media":0,"parent":87735,"menu_order":0,"comment_status":"closed","ping_status":"closed","template":"elementor_header_footer","meta":{"footnotes":""},"class_list":["post-87427","page","type-page","status-publish","hentry"],"yoast_head":"<!-- This site is optimized with the Yoast SEO plugin v26.4 - https:\/\/yoast.com\/wordpress\/plugins\/seo\/ -->\n<title>Lieux embl\u00e9matiques - Tremblay de France<\/title>\n<meta name=\"description\" content=\"Lieux embl\u00e9matiques\" \/>\n<meta name=\"robots\" content=\"index, follow, max-snippet:-1, max-image-preview:large, max-video-preview:-1\" \/>\n<link rel=\"canonical\" href=\"https:\/\/www.tremblaydefrance.fr\/?page_id=87427\" \/>\n<meta property=\"og:locale\" content=\"fr_FR\" \/>\n<meta property=\"og:type\" content=\"article\" \/>\n<meta property=\"og:title\" content=\"Lieux embl\u00e9matiques - Tremblay de France\" \/>\n<meta property=\"og:description\" content=\"Lieux embl\u00e9matiques\" \/>\n<meta property=\"og:url\" content=\"https:\/\/www.tremblaydefrance.fr\/?page_id=87427\" \/>\n<meta property=\"article:publisher\" content=\"https:\/\/www.facebook.com\/profile.php?id=100091318592407\" \/>\n<meta property=\"article:modified_time\" content=\"2025-10-17T18:24:38+00:00\" \/>\n<meta property=\"og:image\" content=\"https:\/\/www.tremblaydefrance.fr\/wp-content\/uploads\/2025\/03\/museales3-1024x682.png\" \/>\n\t<meta property=\"og:image:width\" content=\"1024\" \/>\n\t<meta property=\"og:image:height\" content=\"682\" \/>\n\t<meta property=\"og:image:type\" content=\"image\/png\" \/>\n<meta name=\"twitter:card\" content=\"summary_large_image\" \/>\n<meta name=\"twitter:label1\" content=\"Dur\u00e9e de lecture estim\u00e9e\" \/>\n\t<meta name=\"twitter:data1\" content=\"6 minutes\" \/>\n<script type=\"application\/ld+json\" class=\"yoast-schema-graph\">{\"@context\":\"https:\/\/schema.org\",\"@graph\":[{\"@type\":\"WebPage\",\"@id\":\"https:\/\/www.tremblaydefrance.fr\/?page_id=87427\",\"url\":\"https:\/\/www.tremblaydefrance.fr\/?page_id=87427\",\"name\":\"Lieux embl\u00e9matiques - Tremblay de France\",\"isPartOf\":{\"@id\":\"https:\/\/www.tremblaydefrance.fr\/#website\"},\"primaryImageOfPage\":{\"@id\":\"https:\/\/www.tremblaydefrance.fr\/?page_id=87427#primaryimage\"},\"image\":{\"@id\":\"https:\/\/www.tremblaydefrance.fr\/?page_id=87427#primaryimage\"},\"thumbnailUrl\":\"https:\/\/www.tremblaydefrance.fr\/wp-content\/uploads\/2025\/03\/museales3-1024x682.png\",\"datePublished\":\"2025-03-30T17:58:56+00:00\",\"dateModified\":\"2025-10-17T18:24:38+00:00\",\"description\":\"Lieux embl\u00e9matiques\",\"breadcrumb\":{\"@id\":\"https:\/\/www.tremblaydefrance.fr\/?page_id=87427#breadcrumb\"},\"inLanguage\":\"fr-FR\",\"potentialAction\":[{\"@type\":\"ReadAction\",\"target\":[\"https:\/\/www.tremblaydefrance.fr\/?page_id=87427\"]}]},{\"@type\":\"ImageObject\",\"inLanguage\":\"fr-FR\",\"@id\":\"https:\/\/www.tremblaydefrance.fr\/?page_id=87427#primaryimage\",\"url\":\"https:\/\/www.tremblaydefrance.fr\/wp-content\/uploads\/2025\/03\/museales3.png\",\"contentUrl\":\"https:\/\/www.tremblaydefrance.fr\/wp-content\/uploads\/2025\/03\/museales3.png\",\"width\":2048,\"height\":1363},{\"@type\":\"BreadcrumbList\",\"@id\":\"https:\/\/www.tremblaydefrance.fr\/?page_id=87427#breadcrumb\",\"itemListElement\":[{\"@type\":\"ListItem\",\"position\":1,\"name\":\"Accueil\",\"item\":\"https:\/\/www.tremblaydefrance.fr\/\"},{\"@type\":\"ListItem\",\"position\":2,\"name\":\"Patronyme et Histoire\",\"item\":\"https:\/\/www.tremblaydefrance.fr\/?page_id=87735\"},{\"@type\":\"ListItem\",\"position\":3,\"name\":\"Lieux embl\u00e9matiques\"}]},{\"@type\":\"WebSite\",\"@id\":\"https:\/\/www.tremblaydefrance.fr\/#website\",\"url\":\"https:\/\/www.tremblaydefrance.fr\/\",\"name\":\"Association des Tremblay de France\",\"description\":\"ASSOCIATION DES TREMBLAY DE FRANCE\",\"publisher\":{\"@id\":\"https:\/\/www.tremblaydefrance.fr\/#organization\"},\"alternateName\":\"ATF\",\"potentialAction\":[{\"@type\":\"SearchAction\",\"target\":{\"@type\":\"EntryPoint\",\"urlTemplate\":\"https:\/\/www.tremblaydefrance.fr\/?s={search_term_string}\"},\"query-input\":{\"@type\":\"PropertyValueSpecification\",\"valueRequired\":true,\"valueName\":\"search_term_string\"}}],\"inLanguage\":\"fr-FR\"},{\"@type\":\"Organization\",\"@id\":\"https:\/\/www.tremblaydefrance.fr\/#organization\",\"name\":\"Association des Tremblay de France\",\"alternateName\":\"ATF\",\"url\":\"https:\/\/www.tremblaydefrance.fr\/\",\"logo\":{\"@type\":\"ImageObject\",\"inLanguage\":\"fr-FR\",\"@id\":\"https:\/\/www.tremblaydefrance.fr\/#\/schema\/logo\/image\/\",\"url\":\"https:\/\/www.tremblaydefrance.fr\/wp-content\/uploads\/2025\/10\/cropped-v266-20060023-A_arms_TEVSB.jpg\",\"contentUrl\":\"https:\/\/www.tremblaydefrance.fr\/wp-content\/uploads\/2025\/10\/cropped-v266-20060023-A_arms_TEVSB.jpg\",\"width\":484,\"height\":495,\"caption\":\"Association des Tremblay de France\"},\"image\":{\"@id\":\"https:\/\/www.tremblaydefrance.fr\/#\/schema\/logo\/image\/\"},\"sameAs\":[\"https:\/\/www.facebook.com\/profile.php?id=100091318592407\",\"https:\/\/www.instagram.com\/les_tremblay_de_france_atf\/\"]}]}<\/script>\n<!-- \/ Yoast SEO plugin. -->","yoast_head_json":{"title":"Lieux embl\u00e9matiques - Tremblay de France","description":"Lieux embl\u00e9matiques","robots":{"index":"index","follow":"follow","max-snippet":"max-snippet:-1","max-image-preview":"max-image-preview:large","max-video-preview":"max-video-preview:-1"},"canonical":"https:\/\/www.tremblaydefrance.fr\/?page_id=87427","og_locale":"fr_FR","og_type":"article","og_title":"Lieux embl\u00e9matiques - Tremblay de France","og_description":"Lieux embl\u00e9matiques","og_url":"https:\/\/www.tremblaydefrance.fr\/?page_id=87427","article_publisher":"https:\/\/www.facebook.com\/profile.php?id=100091318592407","article_modified_time":"2025-10-17T18:24:38+00:00","og_image":[{"width":1024,"height":682,"url":"https:\/\/www.tremblaydefrance.fr\/wp-content\/uploads\/2025\/03\/museales3-1024x682.png","type":"image\/png"}],"twitter_card":"summary_large_image","twitter_misc":{"Dur\u00e9e de lecture estim\u00e9e":"6 minutes"},"schema":{"@context":"https:\/\/schema.org","@graph":[{"@type":"WebPage","@id":"https:\/\/www.tremblaydefrance.fr\/?page_id=87427","url":"https:\/\/www.tremblaydefrance.fr\/?page_id=87427","name":"Lieux embl\u00e9matiques - Tremblay de France","isPartOf":{"@id":"https:\/\/www.tremblaydefrance.fr\/#website"},"primaryImageOfPage":{"@id":"https:\/\/www.tremblaydefrance.fr\/?page_id=87427#primaryimage"},"image":{"@id":"https:\/\/www.tremblaydefrance.fr\/?page_id=87427#primaryimage"},"thumbnailUrl":"https:\/\/www.tremblaydefrance.fr\/wp-content\/uploads\/2025\/03\/museales3-1024x682.png","datePublished":"2025-03-30T17:58:56+00:00","dateModified":"2025-10-17T18:24:38+00:00","description":"Lieux embl\u00e9matiques","breadcrumb":{"@id":"https:\/\/www.tremblaydefrance.fr\/?page_id=87427#breadcrumb"},"inLanguage":"fr-FR","potentialAction":[{"@type":"ReadAction","target":["https:\/\/www.tremblaydefrance.fr\/?page_id=87427"]}]},{"@type":"ImageObject","inLanguage":"fr-FR","@id":"https:\/\/www.tremblaydefrance.fr\/?page_id=87427#primaryimage","url":"https:\/\/www.tremblaydefrance.fr\/wp-content\/uploads\/2025\/03\/museales3.png","contentUrl":"https:\/\/www.tremblaydefrance.fr\/wp-content\/uploads\/2025\/03\/museales3.png","width":2048,"height":1363},{"@type":"BreadcrumbList","@id":"https:\/\/www.tremblaydefrance.fr\/?page_id=87427#breadcrumb","itemListElement":[{"@type":"ListItem","position":1,"name":"Accueil","item":"https:\/\/www.tremblaydefrance.fr\/"},{"@type":"ListItem","position":2,"name":"Patronyme et Histoire","item":"https:\/\/www.tremblaydefrance.fr\/?page_id=87735"},{"@type":"ListItem","position":3,"name":"Lieux embl\u00e9matiques"}]},{"@type":"WebSite","@id":"https:\/\/www.tremblaydefrance.fr\/#website","url":"https:\/\/www.tremblaydefrance.fr\/","name":"Association des Tremblay de France","description":"ASSOCIATION DES TREMBLAY DE FRANCE","publisher":{"@id":"https:\/\/www.tremblaydefrance.fr\/#organization"},"alternateName":"ATF","potentialAction":[{"@type":"SearchAction","target":{"@type":"EntryPoint","urlTemplate":"https:\/\/www.tremblaydefrance.fr\/?s={search_term_string}"},"query-input":{"@type":"PropertyValueSpecification","valueRequired":true,"valueName":"search_term_string"}}],"inLanguage":"fr-FR"},{"@type":"Organization","@id":"https:\/\/www.tremblaydefrance.fr\/#organization","name":"Association des Tremblay de France","alternateName":"ATF","url":"https:\/\/www.tremblaydefrance.fr\/","logo":{"@type":"ImageObject","inLanguage":"fr-FR","@id":"https:\/\/www.tremblaydefrance.fr\/#\/schema\/logo\/image\/","url":"https:\/\/www.tremblaydefrance.fr\/wp-content\/uploads\/2025\/10\/cropped-v266-20060023-A_arms_TEVSB.jpg","contentUrl":"https:\/\/www.tremblaydefrance.fr\/wp-content\/uploads\/2025\/10\/cropped-v266-20060023-A_arms_TEVSB.jpg","width":484,"height":495,"caption":"Association des Tremblay de France"},"image":{"@id":"https:\/\/www.tremblaydefrance.fr\/#\/schema\/logo\/image\/"},"sameAs":["https:\/\/www.facebook.com\/profile.php?id=100091318592407","https:\/\/www.instagram.com\/les_tremblay_de_france_atf\/"]}]}},"_links":{"self":[{"href":"https:\/\/www.tremblaydefrance.fr\/index.php?rest_route=\/wp\/v2\/pages\/87427","targetHints":{"allow":["GET"]}}],"collection":[{"href":"https:\/\/www.tremblaydefrance.fr\/index.php?rest_route=\/wp\/v2\/pages"}],"about":[{"href":"https:\/\/www.tremblaydefrance.fr\/index.php?rest_route=\/wp\/v2\/types\/page"}],"author":[{"embeddable":true,"href":"https:\/\/www.tremblaydefrance.fr\/index.php?rest_route=\/wp\/v2\/users\/2"}],"replies":[{"embeddable":true,"href":"https:\/\/www.tremblaydefrance.fr\/index.php?rest_route=%2Fwp%2Fv2%2Fcomments&post=87427"}],"version-history":[{"count":39,"href":"https:\/\/www.tremblaydefrance.fr\/index.php?rest_route=\/wp\/v2\/pages\/87427\/revisions"}],"predecessor-version":[{"id":87955,"href":"https:\/\/www.tremblaydefrance.fr\/index.php?rest_route=\/wp\/v2\/pages\/87427\/revisions\/87955"}],"up":[{"embeddable":true,"href":"https:\/\/www.tremblaydefrance.fr\/index.php?rest_route=\/wp\/v2\/pages\/87735"}],"wp:attachment":[{"href":"https:\/\/www.tremblaydefrance.fr\/index.php?rest_route=%2Fwp%2Fv2%2Fmedia&parent=87427"}],"curies":[{"name":"wp","href":"https:\/\/api.w.org\/{rel}","templated":true}]}}